{"id":46,"date":"2023-03-03T14:11:14","date_gmt":"2023-03-03T14:11:14","guid":{"rendered":"https:\/\/sigi-lueer.de\/?page_id=46"},"modified":"2024-12-23T17:51:00","modified_gmt":"2024-12-23T16:51:00","slug":"fotogaletrie","status":"publish","type":"page","link":"https:\/\/sigi-lueer.de\/?page_id=46","title":{"rendered":"FOTOGALERIE"},"content":{"rendered":"\n<p>Prolog: \u201eWie alles begann\u201c!<\/p>\n\n\n\n<figure class=\"wp-block-image aligncenter size-large is-resized\"><img fetchpriority=\"high\" decoding=\"async\" width=\"716\" height=\"1024\" src=\"https:\/\/sigi-lueer.de\/wp-content\/uploads\/2023\/03\/when-I-was-young-ca-12-Jahre-2-716x1024.jpg\" alt=\"\" class=\"wp-image-1239\" style=\"aspect-ratio:0.6992366412213741;width:210px;height:auto\" srcset=\"https:\/\/sigi-lueer.de\/wp-content\/uploads\/2023\/03\/when-I-was-young-ca-12-Jahre-2-716x1024.jpg 716w, https:\/\/sigi-lueer.de\/wp-content\/uploads\/2023\/03\/when-I-was-young-ca-12-Jahre-2-210x300.jpg 210w, https:\/\/sigi-lueer.de\/wp-content\/uploads\/2023\/03\/when-I-was-young-ca-12-Jahre-2-768x1098.jpg 768w, https:\/\/sigi-lueer.de\/wp-content\/uploads\/2023\/03\/when-I-was-young-ca-12-Jahre-2.jpg 814w\" sizes=\"(max-width: 716px) 100vw, 716px\" \/><figcaption class=\"wp-element-caption\">1959<\/figcaption><\/figure>\n\n\n\n<figure class=\"wp-block-gallery aligncenter has-nested-images columns-default is-cropped wp-block-gallery-1 is-layout-flex wp-block-gallery-is-layout-flex\">\n<figure class=\"wp-block-image size-large\"><img decoding=\"async\" width=\"822\" height=\"1024\" data-id=\"1104\" src=\"https:\/\/sigi-lueer.de\/wp-content\/uploads\/2023\/03\/1969-2-822x1024.jpg\" alt=\"\" class=\"wp-image-1104\" srcset=\"https:\/\/sigi-lueer.de\/wp-content\/uploads\/2023\/03\/1969-2-822x1024.jpg 822w, https:\/\/sigi-lueer.de\/wp-content\/uploads\/2023\/03\/1969-2-241x300.jpg 241w, https:\/\/sigi-lueer.de\/wp-content\/uploads\/2023\/03\/1969-2-768x956.jpg 768w, https:\/\/sigi-lueer.de\/wp-content\/uploads\/2023\/03\/1969-2-1233x1536.jpg 1233w, https:\/\/sigi-lueer.de\/wp-content\/uploads\/2023\/03\/1969-2.jpg 1345w\" sizes=\"(max-width: 822px) 100vw, 822px\" \/><figcaption class=\"wp-element-caption\">1968<\/figcaption><\/figure>\n\n\n\n<figure class=\"wp-block-image size-large\"><img decoding=\"async\" width=\"258\" height=\"258\" data-id=\"1103\" src=\"https:\/\/sigi-lueer.de\/wp-content\/uploads\/2023\/03\/2-1969-1.jpg\" alt=\"\" class=\"wp-image-1103\" srcset=\"https:\/\/sigi-lueer.de\/wp-content\/uploads\/2023\/03\/2-1969-1.jpg 258w, https:\/\/sigi-lueer.de\/wp-content\/uploads\/2023\/03\/2-1969-1-150x150.jpg 150w\" sizes=\"(max-width: 258px) 100vw, 258px\" \/><figcaption class=\"wp-element-caption\">1969<\/figcaption><\/figure>\n\n\n\n<figure class=\"wp-block-image size-large\"><img loading=\"lazy\" decoding=\"async\" width=\"285\" height=\"285\" data-id=\"1102\" src=\"https:\/\/sigi-lueer.de\/wp-content\/uploads\/2023\/03\/5-1974-mauer-berlin-1.jpg\" alt=\"\" class=\"wp-image-1102\" srcset=\"https:\/\/sigi-lueer.de\/wp-content\/uploads\/2023\/03\/5-1974-mauer-berlin-1.jpg 285w, https:\/\/sigi-lueer.de\/wp-content\/uploads\/2023\/03\/5-1974-mauer-berlin-1-150x150.jpg 150w\" sizes=\"(max-width: 285px) 100vw, 285px\" \/><figcaption class=\"wp-element-caption\">1974<\/figcaption><\/figure>\n<figcaption class=\"blocks-gallery-caption wp-element-caption\">&#8222;&#8230;und ich ging meinen Weg&#8220;<br>R &#8218;<\/figcaption><\/figure>\n\n\n\n<figure class=\"wp-block-image aligncenter size-full is-resized\"><a href=\"https:\/\/sigi-lueer.de\/wp-content\/uploads\/2023\/04\/image.png\"><img loading=\"lazy\" decoding=\"async\" width=\"762\" height=\"471\" src=\"https:\/\/sigi-lueer.de\/wp-content\/uploads\/2023\/04\/image.png\" alt=\"\" class=\"wp-image-1371\" style=\"aspect-ratio:1.615546218487395;width:690px;height:auto\" srcset=\"https:\/\/sigi-lueer.de\/wp-content\/uploads\/2023\/04\/image.png 762w, https:\/\/sigi-lueer.de\/wp-content\/uploads\/2023\/04\/image-300x185.png 300w\" sizes=\"(max-width: 762px) 100vw, 762px\" \/><\/a><figcaption class=\"wp-element-caption\">8 <strong><a href=\"https:\/\/youtu.be\/jArKa5K81ks\" data-type=\"URL\" data-id=\"https:\/\/youtu.be\/jArKa5K81ks\">Berlin 1975<\/a><\/strong><\/figcaption><\/figure>\n\n\n\n<figure class=\"wp-block-image aligncenter size-full is-resized\"><img loading=\"lazy\" decoding=\"async\" width=\"1024\" height=\"793\" src=\"https:\/\/sigi-lueer.de\/wp-content\/uploads\/2023\/04\/image-1.png\" alt=\"\" class=\"wp-image-1373\" style=\"aspect-ratio:1.29082774049217;width:453px;height:auto\" srcset=\"https:\/\/sigi-lueer.de\/wp-content\/uploads\/2023\/04\/image-1.png 1024w, https:\/\/sigi-lueer.de\/wp-content\/uploads\/2023\/04\/image-1-300x232.png 300w, https:\/\/sigi-lueer.de\/wp-content\/uploads\/2023\/04\/image-1-768x595.png 768w\" sizes=\"(max-width: 1024px) 100vw, 1024px\" \/><figcaption class=\"wp-element-caption\"><strong>Berlin 1975<\/strong><\/figcaption><\/figure>\n\n\n\n<figure class=\"wp-block-image aligncenter size-full is-resized\"><img loading=\"lazy\" decoding=\"async\" width=\"1024\" height=\"837\" src=\"https:\/\/sigi-lueer.de\/wp-content\/uploads\/2023\/04\/image-2.png\" alt=\"\" class=\"wp-image-1374\" style=\"aspect-ratio:1.2226890756302522;width:430px;height:auto\" srcset=\"https:\/\/sigi-lueer.de\/wp-content\/uploads\/2023\/04\/image-2.png 1024w, https:\/\/sigi-lueer.de\/wp-content\/uploads\/2023\/04\/image-2-300x245.png 300w, https:\/\/sigi-lueer.de\/wp-content\/uploads\/2023\/04\/image-2-768x628.png 768w\" sizes=\"(max-width: 1024px) 100vw, 1024px\" \/><figcaption class=\"wp-element-caption\">O o O <strong>Immenstadt 1977<\/strong><\/figcaption><\/figure>\n\n\n\n<figure class=\"wp-block-image aligncenter size-large is-resized\"><img loading=\"lazy\" decoding=\"async\" width=\"1024\" height=\"761\" src=\"https:\/\/sigi-lueer.de\/wp-content\/uploads\/2023\/04\/31_05_1978_Dennis-1024x761.jpg\" alt=\"\" class=\"wp-image-1401\" style=\"width:572px;height:auto\" srcset=\"https:\/\/sigi-lueer.de\/wp-content\/uploads\/2023\/04\/31_05_1978_Dennis-1024x761.jpg 1024w, https:\/\/sigi-lueer.de\/wp-content\/uploads\/2023\/04\/31_05_1978_Dennis-300x223.jpg 300w, https:\/\/sigi-lueer.de\/wp-content\/uploads\/2023\/04\/31_05_1978_Dennis-768x571.jpg 768w, https:\/\/sigi-lueer.de\/wp-content\/uploads\/2023\/04\/31_05_1978_Dennis.jpg 1200w\" sizes=\"(max-width: 1024px) 100vw, 1024px\" \/><figcaption class=\"wp-element-caption\">unser Sohn gebohren im Mai 1978 in Oberstorf<\/figcaption><\/figure>\n\n\n\n<figure class=\"wp-block-image aligncenter size-full is-resized\"><img loading=\"lazy\" decoding=\"async\" width=\"285\" height=\"285\" src=\"https:\/\/sigi-lueer.de\/wp-content\/uploads\/2023\/04\/image-3.png\" alt=\"\" class=\"wp-image-1380\" style=\"width:236px;height:auto\" srcset=\"https:\/\/sigi-lueer.de\/wp-content\/uploads\/2023\/04\/image-3.png 285w, https:\/\/sigi-lueer.de\/wp-content\/uploads\/2023\/04\/image-3-150x150.png 150w\" sizes=\"(max-width: 285px) 100vw, 285px\" \/><figcaption class=\"wp-element-caption\"><strong>1985<\/strong><\/figcaption><\/figure>\n\n\n\n<figure class=\"wp-block-image aligncenter size-full is-resized\"><img loading=\"lazy\" decoding=\"async\" width=\"1024\" height=\"913\" src=\"https:\/\/sigi-lueer.de\/wp-content\/uploads\/2023\/04\/image-4.png\" alt=\"\" class=\"wp-image-1381\" style=\"aspect-ratio:1.1217948717948718;width:327px;height:auto\" srcset=\"https:\/\/sigi-lueer.de\/wp-content\/uploads\/2023\/04\/image-4.png 1024w, https:\/\/sigi-lueer.de\/wp-content\/uploads\/2023\/04\/image-4-300x267.png 300w, https:\/\/sigi-lueer.de\/wp-content\/uploads\/2023\/04\/image-4-768x685.png 768w\" sizes=\"(max-width: 1024px) 100vw, 1024px\" \/><figcaption class=\"wp-element-caption\"><a rel=\"noreferrer noopener\" href=\"https:\/\/youtu.be\/i5sGcN6t5pI\" data-type=\"URL\" data-id=\"https:\/\/youtu.be\/i5sGcN6t5pI\" target=\"_blank\">1985 Sigi L\u00fcer &amp; Rupert Pfau 75 Jahre SPD Immenstadt<\/a><\/figcaption><\/figure>\n\n\n\n<figure class=\"wp-block-image aligncenter size-large is-resized\"><img loading=\"lazy\" decoding=\"async\" width=\"760\" height=\"1024\" src=\"https:\/\/sigi-lueer.de\/wp-content\/uploads\/2024\/01\/der-erste-Auftritt-760x1024.jpg\" alt=\"\" class=\"wp-image-1794\" style=\"width:390px;height:auto\" srcset=\"https:\/\/sigi-lueer.de\/wp-content\/uploads\/2024\/01\/der-erste-Auftritt-760x1024.jpg 760w, https:\/\/sigi-lueer.de\/wp-content\/uploads\/2024\/01\/der-erste-Auftritt-223x300.jpg 223w, https:\/\/sigi-lueer.de\/wp-content\/uploads\/2024\/01\/der-erste-Auftritt.jpg 968w\" sizes=\"(max-width: 760px) 100vw, 760px\" \/><\/figure>\n\n\n\n<figure class=\"wp-block-image aligncenter size-large is-resized\"><img loading=\"lazy\" decoding=\"async\" width=\"1024\" height=\"575\" src=\"https:\/\/sigi-lueer.de\/wp-content\/uploads\/2023\/03\/CIMG0752-1-1024x575.jpg\" alt=\"\" class=\"wp-image-566\" style=\"width:533px;height:auto\" srcset=\"https:\/\/sigi-lueer.de\/wp-content\/uploads\/2023\/03\/CIMG0752-1-1024x575.jpg 1024w, https:\/\/sigi-lueer.de\/wp-content\/uploads\/2023\/03\/CIMG0752-1-300x168.jpg 300w, https:\/\/sigi-lueer.de\/wp-content\/uploads\/2023\/03\/CIMG0752-1-768x431.jpg 768w, https:\/\/sigi-lueer.de\/wp-content\/uploads\/2023\/03\/CIMG0752-1-1536x862.jpg 1536w, https:\/\/sigi-lueer.de\/wp-content\/uploads\/2023\/03\/CIMG0752-1-2048x1150.jpg 2048w, https:\/\/sigi-lueer.de\/wp-content\/uploads\/2023\/03\/CIMG0752-1-2000x1123.jpg 2000w\" sizes=\"(max-width: 1024px) 100vw, 1024px\" \/><figcaption class=\"wp-element-caption\">der erste Auftritt in der Kulturwerkstatt 10. August 2007<\/figcaption><\/figure>\n\n\n\n<figure class=\"wp-block-image aligncenter size-large is-resized\"><img loading=\"lazy\" decoding=\"async\" width=\"689\" height=\"1024\" src=\"https:\/\/sigi-lueer.de\/wp-content\/uploads\/2023\/04\/image-10-689x1024.png\" alt=\"\" class=\"wp-image-1388\" style=\"aspect-ratio:0.6731770833333334;width:315px;height:auto\" srcset=\"https:\/\/sigi-lueer.de\/wp-content\/uploads\/2023\/04\/image-10-689x1024.png 689w, https:\/\/sigi-lueer.de\/wp-content\/uploads\/2023\/04\/image-10-202x300.png 202w, https:\/\/sigi-lueer.de\/wp-content\/uploads\/2023\/04\/image-10-768x1141.png 768w, https:\/\/sigi-lueer.de\/wp-content\/uploads\/2023\/04\/image-10-1034x1536.png 1034w, https:\/\/sigi-lueer.de\/wp-content\/uploads\/2023\/04\/image-10-1379x2048.png 1379w, https:\/\/sigi-lueer.de\/wp-content\/uploads\/2023\/04\/image-10.png 1527w\" sizes=\"(max-width: 689px) 100vw, 689px\" \/><\/figure>\n\n\n\n<figure class=\"wp-block-image aligncenter size-full is-resized\"><img loading=\"lazy\" decoding=\"async\" width=\"1024\" height=\"283\" src=\"https:\/\/sigi-lueer.de\/wp-content\/uploads\/2023\/03\/image-8.png\" alt=\"\" class=\"wp-image-986\" style=\"aspect-ratio:3.6056338028169015;width:640px;height:auto\" srcset=\"https:\/\/sigi-lueer.de\/wp-content\/uploads\/2023\/03\/image-8.png 1024w, https:\/\/sigi-lueer.de\/wp-content\/uploads\/2023\/03\/image-8-300x83.png 300w, https:\/\/sigi-lueer.de\/wp-content\/uploads\/2023\/03\/image-8-768x212.png 768w\" sizes=\"(max-width: 1024px) 100vw, 1024px\" \/><figcaption class=\"wp-element-caption\"><strong>Allg\u00e4uer Liedermacher: Tim, Sigi, Christian, Hedwig, Fabian und Steffi<\/strong><\/figcaption><\/figure>\n\n\n\n<figure class=\"wp-block-image aligncenter size-large is-resized\"><img loading=\"lazy\" decoding=\"async\" width=\"1024\" height=\"409\" src=\"https:\/\/sigi-lueer.de\/wp-content\/uploads\/2024\/01\/IMG_3990-2-1-1024x409.jpg\" alt=\"\" class=\"wp-image-1798\" style=\"width:760px;height:auto\" srcset=\"https:\/\/sigi-lueer.de\/wp-content\/uploads\/2024\/01\/IMG_3990-2-1-1024x409.jpg 1024w, https:\/\/sigi-lueer.de\/wp-content\/uploads\/2024\/01\/IMG_3990-2-1-300x120.jpg 300w, https:\/\/sigi-lueer.de\/wp-content\/uploads\/2024\/01\/IMG_3990-2-1.jpg 1189w\" sizes=\"(max-width: 1024px) 100vw, 1024px\" \/><\/figure>\n\n\n\n<figure class=\"wp-block-image aligncenter size-large is-resized\"><img loading=\"lazy\" decoding=\"async\" width=\"651\" height=\"1024\" src=\"https:\/\/sigi-lueer.de\/wp-content\/uploads\/2024\/01\/IMG_3980-2-651x1024.jpg\" alt=\"\" class=\"wp-image-1799\" style=\"width:318px;height:auto\" srcset=\"https:\/\/sigi-lueer.de\/wp-content\/uploads\/2024\/01\/IMG_3980-2-651x1024.jpg 651w, https:\/\/sigi-lueer.de\/wp-content\/uploads\/2024\/01\/IMG_3980-2-191x300.jpg 191w, https:\/\/sigi-lueer.de\/wp-content\/uploads\/2024\/01\/IMG_3980-2.jpg 708w\" sizes=\"(max-width: 651px) 100vw, 651px\" \/><\/figure>\n\n\n\n<figure class=\"wp-block-image aligncenter is-resized\"><img loading=\"lazy\" decoding=\"async\" width=\"800\" height=\"600\" src=\"https:\/\/sigi-lueer.de\/wp-content\/uploads\/2023\/03\/2014-5-open-air-allgaeuer-liedermache-klostergarten-immenstadt-christian-blanz.jpg\" alt=\"\" class=\"wp-image-571\" style=\"aspect-ratio:1.3323442136498516;width:322px;height:auto\" srcset=\"https:\/\/sigi-lueer.de\/wp-content\/uploads\/2023\/03\/2014-5-open-air-allgaeuer-liedermache-klostergarten-immenstadt-christian-blanz.jpg 800w, https:\/\/sigi-lueer.de\/wp-content\/uploads\/2023\/03\/2014-5-open-air-allgaeuer-liedermache-klostergarten-immenstadt-christian-blanz-300x225.jpg 300w, https:\/\/sigi-lueer.de\/wp-content\/uploads\/2023\/03\/2014-5-open-air-allgaeuer-liedermache-klostergarten-immenstadt-christian-blanz-768x576.jpg 768w\" sizes=\"(max-width: 800px) 100vw, 800px\" \/><figcaption class=\"wp-element-caption\"><strong>Christian Blanz<\/strong><\/figcaption><\/figure>\n\n\n\n<figure class=\"wp-block-image aligncenter is-resized\"><img loading=\"lazy\" decoding=\"async\" width=\"768\" height=\"1024\" src=\"https:\/\/sigi-lueer.de\/wp-content\/uploads\/2023\/03\/2014-8open-air-allgaeuer-liedermache-klostergarten-immenstadt-tim-hecking-768x1024.jpg\" alt=\"\" class=\"wp-image-570\" style=\"width:328px;height:auto\" srcset=\"https:\/\/sigi-lueer.de\/wp-content\/uploads\/2023\/03\/2014-8open-air-allgaeuer-liedermache-klostergarten-immenstadt-tim-hecking-768x1024.jpg 768w, https:\/\/sigi-lueer.de\/wp-content\/uploads\/2023\/03\/2014-8open-air-allgaeuer-liedermache-klostergarten-immenstadt-tim-hecking-225x300.jpg 225w, https:\/\/sigi-lueer.de\/wp-content\/uploads\/2023\/03\/2014-8open-air-allgaeuer-liedermache-klostergarten-immenstadt-tim-hecking.jpg 800w\" sizes=\"(max-width: 768px) 100vw, 768px\" \/><figcaption class=\"wp-element-caption\"><strong>Tim Hecking<\/strong><\/figcaption><\/figure>\n\n\n\n<figure class=\"wp-block-image aligncenter is-resized\"><img loading=\"lazy\" decoding=\"async\" width=\"800\" height=\"600\" src=\"https:\/\/sigi-lueer.de\/wp-content\/uploads\/2023\/03\/2014-6-open-air-allgaeuer-liedermache-klostergarten-immenstadt-hedwig-roth.jpg\" alt=\"\" class=\"wp-image-574\" style=\"width:330px;height:auto\" srcset=\"https:\/\/sigi-lueer.de\/wp-content\/uploads\/2023\/03\/2014-6-open-air-allgaeuer-liedermache-klostergarten-immenstadt-hedwig-roth.jpg 800w, https:\/\/sigi-lueer.de\/wp-content\/uploads\/2023\/03\/2014-6-open-air-allgaeuer-liedermache-klostergarten-immenstadt-hedwig-roth-300x225.jpg 300w, https:\/\/sigi-lueer.de\/wp-content\/uploads\/2023\/03\/2014-6-open-air-allgaeuer-liedermache-klostergarten-immenstadt-hedwig-roth-768x576.jpg 768w\" sizes=\"(max-width: 800px) 100vw, 800px\" \/><figcaption class=\"wp-element-caption\"><strong>Hedwig Roth<\/strong><\/figcaption><\/figure>\n\n\n\n<figure class=\"wp-block-image aligncenter size-full is-resized\"><img loading=\"lazy\" decoding=\"async\" width=\"800\" height=\"600\" src=\"https:\/\/sigi-lueer.de\/wp-content\/uploads\/2023\/03\/2014-4-open-air-allgaeuer-liedermache-klostergarten-immenstadt-monika-kohler-vorsitzende-kindeschutzbund-immenstadt-und-frau-Wagner-.jpg\" alt=\"\" class=\"wp-image-573\" style=\"width:511px;height:auto\" srcset=\"https:\/\/sigi-lueer.de\/wp-content\/uploads\/2023\/03\/2014-4-open-air-allgaeuer-liedermache-klostergarten-immenstadt-monika-kohler-vorsitzende-kindeschutzbund-immenstadt-und-frau-Wagner-.jpg 800w, https:\/\/sigi-lueer.de\/wp-content\/uploads\/2023\/03\/2014-4-open-air-allgaeuer-liedermache-klostergarten-immenstadt-monika-kohler-vorsitzende-kindeschutzbund-immenstadt-und-frau-Wagner--300x225.jpg 300w, https:\/\/sigi-lueer.de\/wp-content\/uploads\/2023\/03\/2014-4-open-air-allgaeuer-liedermache-klostergarten-immenstadt-monika-kohler-vorsitzende-kindeschutzbund-immenstadt-und-frau-Wagner--768x576.jpg 768w\" sizes=\"(max-width: 800px) 100vw, 800px\" \/><figcaption class=\"wp-element-caption\"><strong>li. Monika Kohler Vorsitzende des Kinderschutzbund und Frau Wagner ihre Vorg\u00e4ngerin<\/strong><\/figcaption><\/figure>\n\n\n\n<figure class=\"wp-block-image aligncenter size-full is-resized\"><img loading=\"lazy\" decoding=\"async\" width=\"800\" height=\"515\" src=\"https:\/\/sigi-lueer.de\/wp-content\/uploads\/2023\/03\/2014-10-open-air-allgaeuer-liedermache-klostergarten-immenstadt-1.jpg\" alt=\"\" class=\"wp-image-704\" style=\"width:516px;height:auto\" srcset=\"https:\/\/sigi-lueer.de\/wp-content\/uploads\/2023\/03\/2014-10-open-air-allgaeuer-liedermache-klostergarten-immenstadt-1.jpg 800w, https:\/\/sigi-lueer.de\/wp-content\/uploads\/2023\/03\/2014-10-open-air-allgaeuer-liedermache-klostergarten-immenstadt-1-300x193.jpg 300w, https:\/\/sigi-lueer.de\/wp-content\/uploads\/2023\/03\/2014-10-open-air-allgaeuer-liedermache-klostergarten-immenstadt-1-768x494.jpg 768w\" sizes=\"(max-width: 800px) 100vw, 800px\" \/><figcaption class=\"wp-element-caption\">mehr als 250 Besucher kamen in den Klostergarten und hielten bis zum Ende durch!<\/figcaption><\/figure>\n\n\n\n<figure class=\"wp-block-image aligncenter size-full is-resized\"><img loading=\"lazy\" decoding=\"async\" width=\"732\" height=\"794\" src=\"https:\/\/sigi-lueer.de\/wp-content\/uploads\/2024\/01\/Liedermacher-061-2.jpg\" alt=\"\" class=\"wp-image-1802\" style=\"width:292px;height:auto\" srcset=\"https:\/\/sigi-lueer.de\/wp-content\/uploads\/2024\/01\/Liedermacher-061-2.jpg 732w, https:\/\/sigi-lueer.de\/wp-content\/uploads\/2024\/01\/Liedermacher-061-2-277x300.jpg 277w\" sizes=\"(max-width: 732px) 100vw, 732px\" \/><figcaption class=\"wp-element-caption\">Fabina Mroz<\/figcaption><\/figure>\n\n\n\n<figure class=\"wp-block-image aligncenter size-full is-resized\"><img loading=\"lazy\" decoding=\"async\" width=\"852\" height=\"840\" src=\"https:\/\/sigi-lueer.de\/wp-content\/uploads\/2024\/01\/Liedermacher-060-2.jpg\" alt=\"\" class=\"wp-image-1803\" style=\"width:290px;height:auto\" srcset=\"https:\/\/sigi-lueer.de\/wp-content\/uploads\/2024\/01\/Liedermacher-060-2.jpg 852w, https:\/\/sigi-lueer.de\/wp-content\/uploads\/2024\/01\/Liedermacher-060-2-300x296.jpg 300w\" sizes=\"(max-width: 852px) 100vw, 852px\" \/><figcaption class=\"wp-element-caption\">Steffi Waller<\/figcaption><\/figure>\n\n\n\n<figure class=\"wp-block-image aligncenter size-large is-resized\"><img loading=\"lazy\" decoding=\"async\" width=\"800\" height=\"800\" src=\"https:\/\/sigi-lueer.de\/wp-content\/uploads\/2023\/03\/2015-2.8-open-air-konzert-klostergarten-lieder-an-einem-sommerabend-2-allgaeuer-liedermacher-immendtadt-sigi-2.jpg\" alt=\"\" class=\"wp-image-1020\" style=\"width:292px;height:auto\" srcset=\"https:\/\/sigi-lueer.de\/wp-content\/uploads\/2023\/03\/2015-2.8-open-air-konzert-klostergarten-lieder-an-einem-sommerabend-2-allgaeuer-liedermacher-immendtadt-sigi-2.jpg 800w, https:\/\/sigi-lueer.de\/wp-content\/uploads\/2023\/03\/2015-2.8-open-air-konzert-klostergarten-lieder-an-einem-sommerabend-2-allgaeuer-liedermacher-immendtadt-sigi-2-300x300.jpg 300w, https:\/\/sigi-lueer.de\/wp-content\/uploads\/2023\/03\/2015-2.8-open-air-konzert-klostergarten-lieder-an-einem-sommerabend-2-allgaeuer-liedermacher-immendtadt-sigi-2-150x150.jpg 150w, https:\/\/sigi-lueer.de\/wp-content\/uploads\/2023\/03\/2015-2.8-open-air-konzert-klostergarten-lieder-an-einem-sommerabend-2-allgaeuer-liedermacher-immendtadt-sigi-2-768x768.jpg 768w\" sizes=\"(max-width: 800px) 100vw, 800px\" \/><figcaption class=\"wp-element-caption\">Sigi L\u00fcer<\/figcaption><\/figure>\n\n\n\n<figure class=\"wp-block-image aligncenter size-large is-resized\"><img loading=\"lazy\" decoding=\"async\" width=\"1000\" height=\"502\" src=\"https:\/\/sigi-lueer.de\/wp-content\/uploads\/2023\/03\/2015-2.2-open-air-konzert-klostergarten-lieder-an-einem-sommerabend-2-allgaeuer-liedermacher-immendtadt-1.jpg\" alt=\"\" class=\"wp-image-1011\" style=\"width:880px;height:auto\" srcset=\"https:\/\/sigi-lueer.de\/wp-content\/uploads\/2023\/03\/2015-2.2-open-air-konzert-klostergarten-lieder-an-einem-sommerabend-2-allgaeuer-liedermacher-immendtadt-1.jpg 1000w, https:\/\/sigi-lueer.de\/wp-content\/uploads\/2023\/03\/2015-2.2-open-air-konzert-klostergarten-lieder-an-einem-sommerabend-2-allgaeuer-liedermacher-immendtadt-1-300x151.jpg 300w, https:\/\/sigi-lueer.de\/wp-content\/uploads\/2023\/03\/2015-2.2-open-air-konzert-klostergarten-lieder-an-einem-sommerabend-2-allgaeuer-liedermacher-immendtadt-1-768x386.jpg 768w\" sizes=\"(max-width: 1000px) 100vw, 1000px\" \/><figcaption class=\"wp-element-caption\">mehr als 250 Besucher kamemn in den Klostergarten<\/figcaption><\/figure>\n\n\n\n<figure class=\"wp-block-image aligncenter size-large is-resized\"><img loading=\"lazy\" decoding=\"async\" width=\"600\" height=\"400\" src=\"https:\/\/sigi-lueer.de\/wp-content\/uploads\/2023\/03\/2015-2.5-open-air-konzert-klostergarten-lieder-an-einem-sommerabend-2-allgaeuer-liedermacher-immendtadt-chantalle-christian-2.jpg\" alt=\"\" class=\"wp-image-1014\" style=\"width:498px;height:auto\" srcset=\"https:\/\/sigi-lueer.de\/wp-content\/uploads\/2023\/03\/2015-2.5-open-air-konzert-klostergarten-lieder-an-einem-sommerabend-2-allgaeuer-liedermacher-immendtadt-chantalle-christian-2.jpg 600w, https:\/\/sigi-lueer.de\/wp-content\/uploads\/2023\/03\/2015-2.5-open-air-konzert-klostergarten-lieder-an-einem-sommerabend-2-allgaeuer-liedermacher-immendtadt-chantalle-christian-2-300x200.jpg 300w\" sizes=\"(max-width: 600px) 100vw, 600px\" \/><figcaption class=\"wp-element-caption\">Chantalle &amp; Christian Blanz<\/figcaption><\/figure>\n\n\n\n<figure class=\"wp-block-image aligncenter size-large is-resized\"><img loading=\"lazy\" decoding=\"async\" width=\"1024\" height=\"1024\" src=\"https:\/\/sigi-lueer.de\/wp-content\/uploads\/2023\/03\/2015-2.6-open-air-konzert-klostergarten-lieder-an-einem-sommerabend-2-allgaeuer-liedermacher-immendtadt-christian-blanz-2-2-1024x1024.jpg\" alt=\"\" class=\"wp-image-1015\" style=\"width:506px;height:auto\" srcset=\"https:\/\/sigi-lueer.de\/wp-content\/uploads\/2023\/03\/2015-2.6-open-air-konzert-klostergarten-lieder-an-einem-sommerabend-2-allgaeuer-liedermacher-immendtadt-christian-blanz-2-2-1024x1024.jpg 1024w, https:\/\/sigi-lueer.de\/wp-content\/uploads\/2023\/03\/2015-2.6-open-air-konzert-klostergarten-lieder-an-einem-sommerabend-2-allgaeuer-liedermacher-immendtadt-christian-blanz-2-2-300x300.jpg 300w, https:\/\/sigi-lueer.de\/wp-content\/uploads\/2023\/03\/2015-2.6-open-air-konzert-klostergarten-lieder-an-einem-sommerabend-2-allgaeuer-liedermacher-immendtadt-christian-blanz-2-2-150x150.jpg 150w, https:\/\/sigi-lueer.de\/wp-content\/uploads\/2023\/03\/2015-2.6-open-air-konzert-klostergarten-lieder-an-einem-sommerabend-2-allgaeuer-liedermacher-immendtadt-christian-blanz-2-2-768x768.jpg 768w, https:\/\/sigi-lueer.de\/wp-content\/uploads\/2023\/03\/2015-2.6-open-air-konzert-klostergarten-lieder-an-einem-sommerabend-2-allgaeuer-liedermacher-immendtadt-christian-blanz-2-2-1536x1536.jpg 1536w, https:\/\/sigi-lueer.de\/wp-content\/uploads\/2023\/03\/2015-2.6-open-air-konzert-klostergarten-lieder-an-einem-sommerabend-2-allgaeuer-liedermacher-immendtadt-christian-blanz-2-2-2048x2048.jpg 2048w, https:\/\/sigi-lueer.de\/wp-content\/uploads\/2023\/03\/2015-2.6-open-air-konzert-klostergarten-lieder-an-einem-sommerabend-2-allgaeuer-liedermacher-immendtadt-christian-blanz-2-2-2000x2000.jpg 2000w\" sizes=\"(max-width: 1024px) 100vw, 1024px\" \/><\/figure>\n\n\n\n<figure class=\"wp-block-image aligncenter size-large is-resized\"><img loading=\"lazy\" decoding=\"async\" width=\"600\" height=\"429\" src=\"https:\/\/sigi-lueer.de\/wp-content\/uploads\/2023\/03\/2015-2.7-open-air-konzert-klostergarten-lieder-an-einem-sommerabend-2-allgaeuer-liedermacher-immendtadt-sigrid-elisabeth-2.jpg\" alt=\"\" class=\"wp-image-1019\" style=\"width:510px;height:auto\" srcset=\"https:\/\/sigi-lueer.de\/wp-content\/uploads\/2023\/03\/2015-2.7-open-air-konzert-klostergarten-lieder-an-einem-sommerabend-2-allgaeuer-liedermacher-immendtadt-sigrid-elisabeth-2.jpg 600w, https:\/\/sigi-lueer.de\/wp-content\/uploads\/2023\/03\/2015-2.7-open-air-konzert-klostergarten-lieder-an-einem-sommerabend-2-allgaeuer-liedermacher-immendtadt-sigrid-elisabeth-2-300x215.jpg 300w\" sizes=\"(max-width: 600px) 100vw, 600px\" \/><\/figure>\n\n\n\n<figure class=\"wp-block-image aligncenter size-large is-resized\"><img loading=\"lazy\" decoding=\"async\" width=\"768\" height=\"1024\" src=\"https:\/\/sigi-lueer.de\/wp-content\/uploads\/2024\/01\/Liedermacher-071-768x1024.jpg\" alt=\"\" class=\"wp-image-1811\" style=\"width:327px;height:auto\" srcset=\"https:\/\/sigi-lueer.de\/wp-content\/uploads\/2024\/01\/Liedermacher-071-768x1024.jpg 768w, https:\/\/sigi-lueer.de\/wp-content\/uploads\/2024\/01\/Liedermacher-071-225x300.jpg 225w, https:\/\/sigi-lueer.de\/wp-content\/uploads\/2024\/01\/Liedermacher-071-2000x2667.jpg 2000w, https:\/\/sigi-lueer.de\/wp-content\/uploads\/2024\/01\/Liedermacher-071-scaled.jpg 1920w\" sizes=\"(max-width: 768px) 100vw, 768px\" \/><figcaption class=\"wp-element-caption\">1. Vorsitzende Kinderschutzbund Immenstdt Monika Kohler<\/figcaption><\/figure>\n\n\n\n<figure class=\"wp-block-image aligncenter size-full is-resized\"><img loading=\"lazy\" decoding=\"async\" width=\"1000\" height=\"674\" src=\"https:\/\/sigi-lueer.de\/wp-content\/uploads\/2023\/04\/image-8.png\" alt=\"\" class=\"wp-image-1385\" style=\"aspect-ratio:1.482213438735178;width:544px;height:auto\" srcset=\"https:\/\/sigi-lueer.de\/wp-content\/uploads\/2023\/04\/image-8.png 1000w, https:\/\/sigi-lueer.de\/wp-content\/uploads\/2023\/04\/image-8-300x202.png 300w, https:\/\/sigi-lueer.de\/wp-content\/uploads\/2023\/04\/image-8-768x518.png 768w\" sizes=\"(max-width: 1000px) 100vw, 1000px\" \/><figcaption class=\"wp-element-caption\">von li. Mr. Fabulous, Steffi Waller,Sigi L\u00fcer,Christian Blanz,Hedwig Roth,Tim Hecking<\/figcaption><\/figure>\n\n\n\n<figure class=\"wp-block-image aligncenter size-large is-resized\"><img loading=\"lazy\" decoding=\"async\" width=\"1024\" height=\"493\" src=\"https:\/\/sigi-lueer.de\/wp-content\/uploads\/2024\/01\/Spende-1024x493.jpg\" alt=\"\" class=\"wp-image-1820\" style=\"width:495px;height:auto\" srcset=\"https:\/\/sigi-lueer.de\/wp-content\/uploads\/2024\/01\/Spende-1024x493.jpg 1024w, https:\/\/sigi-lueer.de\/wp-content\/uploads\/2024\/01\/Spende-300x145.jpg 300w, https:\/\/sigi-lueer.de\/wp-content\/uploads\/2024\/01\/Spende-2000x964.jpg 2000w\" sizes=\"(max-width: 1024px) 100vw, 1024px\" \/><\/figure>\n\n\n\n<figure class=\"wp-block-image aligncenter size-large is-resized\"><img loading=\"lazy\" decoding=\"async\" width=\"1024\" height=\"1014\" src=\"https:\/\/sigi-lueer.de\/wp-content\/uploads\/2024\/01\/IMG_0004-1024x1014.jpg\" alt=\"\" class=\"wp-image-1819\" style=\"width:395px;height:auto\" srcset=\"https:\/\/sigi-lueer.de\/wp-content\/uploads\/2024\/01\/IMG_0004-1024x1014.jpg 1024w, https:\/\/sigi-lueer.de\/wp-content\/uploads\/2024\/01\/IMG_0004-300x297.jpg 300w, https:\/\/sigi-lueer.de\/wp-content\/uploads\/2024\/01\/IMG_0004-150x150.jpg 150w, https:\/\/sigi-lueer.de\/wp-content\/uploads\/2024\/01\/IMG_0004-2000x1981.jpg 2000w\" sizes=\"(max-width: 1024px) 100vw, 1024px\" \/><\/figure>\n\n\n\n<p><\/p>\n\n\n\n<p class=\"has-text-align-center\"><strong>Liederhalle Blaichach: 100 Jahrfeier SPD Blaichach<\/strong><strong> 11.10.2014<\/strong><\/p>\n\n\n\n<figure class=\"wp-block-image aligncenter size-full is-resized\"><img loading=\"lazy\" decoding=\"async\" width=\"802\" height=\"1024\" src=\"https:\/\/sigi-lueer.de\/wp-content\/uploads\/2023\/04\/image-13.png\" alt=\"\" class=\"wp-image-1392\" style=\"aspect-ratio:0.78419452887538;width:327px;height:auto\" srcset=\"https:\/\/sigi-lueer.de\/wp-content\/uploads\/2023\/04\/image-13.png 802w, https:\/\/sigi-lueer.de\/wp-content\/uploads\/2023\/04\/image-13-235x300.png 235w, https:\/\/sigi-lueer.de\/wp-content\/uploads\/2023\/04\/image-13-768x981.png 768w\" sizes=\"(max-width: 802px) 100vw, 802px\" \/><\/figure>\n\n\n\n<p><\/p>\n\n\n\n<p class=\"has-text-align-center\"><strong>Kempten Haus Interantional 22.03.2015<\/strong><\/p>\n\n\n\n<figure class=\"wp-block-image aligncenter size-large is-resized\"><img loading=\"lazy\" decoding=\"async\" width=\"796\" height=\"1024\" src=\"https:\/\/sigi-lueer.de\/wp-content\/uploads\/2024\/01\/DSC_3545-796x1024.jpg\" alt=\"\" class=\"wp-image-1809\" style=\"width:320px;height:auto\" srcset=\"https:\/\/sigi-lueer.de\/wp-content\/uploads\/2024\/01\/DSC_3545-796x1024.jpg 796w, https:\/\/sigi-lueer.de\/wp-content\/uploads\/2024\/01\/DSC_3545-233x300.jpg 233w, https:\/\/sigi-lueer.de\/wp-content\/uploads\/2024\/01\/DSC_3545.jpg 1954w\" sizes=\"(max-width: 796px) 100vw, 796px\" \/><\/figure>\n\n\n\n<p><\/p>\n\n\n\n<p class=\"has-text-align-center\"><strong>Sonthofen 10. April 2015<\/strong><\/p>\n\n\n\n<figure class=\"wp-block-image aligncenter size-full is-resized\"><img loading=\"lazy\" decoding=\"async\" width=\"666\" height=\"1024\" src=\"https:\/\/sigi-lueer.de\/wp-content\/uploads\/2023\/04\/image-14.png\" alt=\"\" class=\"wp-image-1393\" style=\"aspect-ratio:0.6501240694789082;width:326px;height:auto\" srcset=\"https:\/\/sigi-lueer.de\/wp-content\/uploads\/2023\/04\/image-14.png 666w, https:\/\/sigi-lueer.de\/wp-content\/uploads\/2023\/04\/image-14-195x300.png 195w\" sizes=\"(max-width: 666px) 100vw, 666px\" \/><\/figure>\n\n\n\n<p class=\"has-text-align-center\"><\/p>\n\n\n\n<p><\/p>\n\n\n\n<figure class=\"wp-block-image aligncenter size-large is-resized\"><img loading=\"lazy\" decoding=\"async\" width=\"724\" height=\"1024\" src=\"https:\/\/sigi-lueer.de\/wp-content\/uploads\/2023\/03\/2015-0-plakat-ankuendigung-benefizkonzert-Klostergarten-4-724x1024.jpg\" alt=\"\" class=\"wp-image-1005\" style=\"width:366px;height:auto\" srcset=\"https:\/\/sigi-lueer.de\/wp-content\/uploads\/2023\/03\/2015-0-plakat-ankuendigung-benefizkonzert-Klostergarten-4-724x1024.jpg 724w, https:\/\/sigi-lueer.de\/wp-content\/uploads\/2023\/03\/2015-0-plakat-ankuendigung-benefizkonzert-Klostergarten-4-212x300.jpg 212w, https:\/\/sigi-lueer.de\/wp-content\/uploads\/2023\/03\/2015-0-plakat-ankuendigung-benefizkonzert-Klostergarten-4-768x1086.jpg 768w, https:\/\/sigi-lueer.de\/wp-content\/uploads\/2023\/03\/2015-0-plakat-ankuendigung-benefizkonzert-Klostergarten-4.jpg 800w\" sizes=\"(max-width: 724px) 100vw, 724px\" \/><\/figure>\n\n\n\n<figure class=\"wp-block-image aligncenter size-full is-resized\"><img loading=\"lazy\" decoding=\"async\" width=\"945\" height=\"945\" src=\"https:\/\/sigi-lueer.de\/wp-content\/uploads\/2023\/03\/2015-0.0-open-air-konzert-klostergarten-lieder-an-einem-sommerabend-2-allgaeuer-liedermacher-immendtadt-5.jpg.JPG-5.jpg\" alt=\"\" class=\"wp-image-1007\" style=\"width:365px;height:auto\" srcset=\"https:\/\/sigi-lueer.de\/wp-content\/uploads\/2023\/03\/2015-0.0-open-air-konzert-klostergarten-lieder-an-einem-sommerabend-2-allgaeuer-liedermacher-immendtadt-5.jpg.JPG-5.jpg 945w, https:\/\/sigi-lueer.de\/wp-content\/uploads\/2023\/03\/2015-0.0-open-air-konzert-klostergarten-lieder-an-einem-sommerabend-2-allgaeuer-liedermacher-immendtadt-5.jpg.JPG-5-300x300.jpg 300w, https:\/\/sigi-lueer.de\/wp-content\/uploads\/2023\/03\/2015-0.0-open-air-konzert-klostergarten-lieder-an-einem-sommerabend-2-allgaeuer-liedermacher-immendtadt-5.jpg.JPG-5-150x150.jpg 150w, https:\/\/sigi-lueer.de\/wp-content\/uploads\/2023\/03\/2015-0.0-open-air-konzert-klostergarten-lieder-an-einem-sommerabend-2-allgaeuer-liedermacher-immendtadt-5.jpg.JPG-5-768x768.jpg 768w\" sizes=\"(max-width: 945px) 100vw, 945px\" \/><figcaption class=\"wp-element-caption\">von links: Steffi Waller, Chantalle Schubert, Fabian Mroz &amp; Sigi L\u00fcer<\/figcaption><\/figure>\n\n\n\n<figure class=\"wp-block-image aligncenter size-full is-resized\"><img loading=\"lazy\" decoding=\"async\" width=\"800\" height=\"722\" src=\"https:\/\/sigi-lueer.de\/wp-content\/uploads\/2023\/03\/2015-1-open-air-konzert-klostergarten-lieder-an-einem-sommerabend-2-allgaeuer-liedermacher-immendtadt-2.jpg-2.jpg\" alt=\"\" class=\"wp-image-1008\" style=\"aspect-ratio:1.106032906764168;width:352px;height:auto\" srcset=\"https:\/\/sigi-lueer.de\/wp-content\/uploads\/2023\/03\/2015-1-open-air-konzert-klostergarten-lieder-an-einem-sommerabend-2-allgaeuer-liedermacher-immendtadt-2.jpg-2.jpg 800w, https:\/\/sigi-lueer.de\/wp-content\/uploads\/2023\/03\/2015-1-open-air-konzert-klostergarten-lieder-an-einem-sommerabend-2-allgaeuer-liedermacher-immendtadt-2.jpg-2-300x271.jpg 300w, https:\/\/sigi-lueer.de\/wp-content\/uploads\/2023\/03\/2015-1-open-air-konzert-klostergarten-lieder-an-einem-sommerabend-2-allgaeuer-liedermacher-immendtadt-2.jpg-2-768x693.jpg 768w\" sizes=\"(max-width: 800px) 100vw, 800px\" \/><figcaption class=\"wp-element-caption\"><strong>Fabian, Christian und Roger<\/strong><\/figcaption><\/figure>\n\n\n\n<figure class=\"wp-block-image aligncenter size-large is-resized\"><img loading=\"lazy\" decoding=\"async\" width=\"1024\" height=\"683\" src=\"https:\/\/sigi-lueer.de\/wp-content\/uploads\/2024\/01\/IMG_0851-1024x683.jpg\" alt=\"\" class=\"wp-image-1813\" style=\"width:397px;height:auto\" srcset=\"https:\/\/sigi-lueer.de\/wp-content\/uploads\/2024\/01\/IMG_0851-1024x683.jpg 1024w, https:\/\/sigi-lueer.de\/wp-content\/uploads\/2024\/01\/IMG_0851-300x200.jpg 300w, https:\/\/sigi-lueer.de\/wp-content\/uploads\/2024\/01\/IMG_0851-2000x1333.jpg 2000w, https:\/\/sigi-lueer.de\/wp-content\/uploads\/2024\/01\/IMG_0851-600x400.jpg 600w, https:\/\/sigi-lueer.de\/wp-content\/uploads\/2024\/01\/IMG_0851-1200x800.jpg 1200w\" sizes=\"(max-width: 1024px) 100vw, 1024px\" \/><figcaption class=\"wp-element-caption\"><strong>am Mischpult Markus Baumann<\/strong><\/figcaption><\/figure>\n\n\n\n<figure class=\"wp-block-image aligncenter size-full is-resized\"><img loading=\"lazy\" decoding=\"async\" width=\"800\" height=\"800\" src=\"https:\/\/sigi-lueer.de\/wp-content\/uploads\/2023\/03\/2015-1.3-open-air-konzert-klostergarten-lieder-an-einem-sommerabend-2-allgaeuer-liedermacher-immendtadt-2.jpg.JPG-2.jpg\" alt=\"\" class=\"wp-image-1017\" style=\"width:358px;height:auto\" srcset=\"https:\/\/sigi-lueer.de\/wp-content\/uploads\/2023\/03\/2015-1.3-open-air-konzert-klostergarten-lieder-an-einem-sommerabend-2-allgaeuer-liedermacher-immendtadt-2.jpg.JPG-2.jpg 800w, https:\/\/sigi-lueer.de\/wp-content\/uploads\/2023\/03\/2015-1.3-open-air-konzert-klostergarten-lieder-an-einem-sommerabend-2-allgaeuer-liedermacher-immendtadt-2.jpg.JPG-2-300x300.jpg 300w, https:\/\/sigi-lueer.de\/wp-content\/uploads\/2023\/03\/2015-1.3-open-air-konzert-klostergarten-lieder-an-einem-sommerabend-2-allgaeuer-liedermacher-immendtadt-2.jpg.JPG-2-150x150.jpg 150w, https:\/\/sigi-lueer.de\/wp-content\/uploads\/2023\/03\/2015-1.3-open-air-konzert-klostergarten-lieder-an-einem-sommerabend-2-allgaeuer-liedermacher-immendtadt-2.jpg.JPG-2-768x768.jpg 768w\" sizes=\"(max-width: 800px) 100vw, 800px\" \/><figcaption class=\"wp-element-caption\"><strong>Herr &amp; Frau Kohler <\/strong><\/figcaption><\/figure>\n\n\n\n<figure class=\"wp-block-image aligncenter size-large is-resized\"><img loading=\"lazy\" decoding=\"async\" width=\"1000\" height=\"502\" src=\"https:\/\/sigi-lueer.de\/wp-content\/uploads\/2023\/03\/2015-2.2-open-air-konzert-klostergarten-lieder-an-einem-sommerabend-2-allgaeuer-liedermacher-immendtadt-1.jpg\" alt=\"\" class=\"wp-image-1011\" style=\"aspect-ratio:1.9883449883449884;width:373px;height:auto\" srcset=\"https:\/\/sigi-lueer.de\/wp-content\/uploads\/2023\/03\/2015-2.2-open-air-konzert-klostergarten-lieder-an-einem-sommerabend-2-allgaeuer-liedermacher-immendtadt-1.jpg 1000w, https:\/\/sigi-lueer.de\/wp-content\/uploads\/2023\/03\/2015-2.2-open-air-konzert-klostergarten-lieder-an-einem-sommerabend-2-allgaeuer-liedermacher-immendtadt-1-300x151.jpg 300w, https:\/\/sigi-lueer.de\/wp-content\/uploads\/2023\/03\/2015-2.2-open-air-konzert-klostergarten-lieder-an-einem-sommerabend-2-allgaeuer-liedermacher-immendtadt-1-768x386.jpg 768w\" sizes=\"(max-width: 1000px) 100vw, 1000px\" \/><\/figure>\n\n\n\n<figure class=\"wp-block-image aligncenter size-large is-resized\"><img loading=\"lazy\" decoding=\"async\" width=\"1024\" height=\"976\" src=\"https:\/\/sigi-lueer.de\/wp-content\/uploads\/2024\/01\/IMG_0859-1024x976.jpg\" alt=\"\" class=\"wp-image-1817\" style=\"width:381px;height:auto\" srcset=\"https:\/\/sigi-lueer.de\/wp-content\/uploads\/2024\/01\/IMG_0859-1024x976.jpg 1024w, https:\/\/sigi-lueer.de\/wp-content\/uploads\/2024\/01\/IMG_0859-300x286.jpg 300w, https:\/\/sigi-lueer.de\/wp-content\/uploads\/2024\/01\/IMG_0859-2000x1906.jpg 2000w\" sizes=\"(max-width: 1024px) 100vw, 1024px\" \/><\/figure>\n\n\n\n<figure class=\"wp-block-image aligncenter size-large is-resized\"><img loading=\"lazy\" decoding=\"async\" width=\"1024\" height=\"683\" src=\"https:\/\/sigi-lueer.de\/wp-content\/uploads\/2024\/01\/IMG_0885-1024x683.jpg\" alt=\"\" class=\"wp-image-1818\" style=\"width:382px;height:auto\" srcset=\"https:\/\/sigi-lueer.de\/wp-content\/uploads\/2024\/01\/IMG_0885-1024x683.jpg 1024w, https:\/\/sigi-lueer.de\/wp-content\/uploads\/2024\/01\/IMG_0885-300x200.jpg 300w, https:\/\/sigi-lueer.de\/wp-content\/uploads\/2024\/01\/IMG_0885-2000x1333.jpg 2000w, https:\/\/sigi-lueer.de\/wp-content\/uploads\/2024\/01\/IMG_0885-600x400.jpg 600w, https:\/\/sigi-lueer.de\/wp-content\/uploads\/2024\/01\/IMG_0885-1200x800.jpg 1200w\" sizes=\"(max-width: 1024px) 100vw, 1024px\" \/><figcaption class=\"wp-element-caption\">Steffi &amp; Tochter<\/figcaption><\/figure>\n\n\n\n<figure class=\"wp-block-image aligncenter size-large is-resized\"><img loading=\"lazy\" decoding=\"async\" width=\"1024\" height=\"1024\" src=\"https:\/\/sigi-lueer.de\/wp-content\/uploads\/2023\/03\/2015-2.6-open-air-konzert-klostergarten-lieder-an-einem-sommerabend-2-allgaeuer-liedermacher-immendtadt-christian-blanz-2-2-1024x1024.jpg\" alt=\"\" class=\"wp-image-1015\" style=\"width:380px;height:auto\" srcset=\"https:\/\/sigi-lueer.de\/wp-content\/uploads\/2023\/03\/2015-2.6-open-air-konzert-klostergarten-lieder-an-einem-sommerabend-2-allgaeuer-liedermacher-immendtadt-christian-blanz-2-2-1024x1024.jpg 1024w, https:\/\/sigi-lueer.de\/wp-content\/uploads\/2023\/03\/2015-2.6-open-air-konzert-klostergarten-lieder-an-einem-sommerabend-2-allgaeuer-liedermacher-immendtadt-christian-blanz-2-2-300x300.jpg 300w, https:\/\/sigi-lueer.de\/wp-content\/uploads\/2023\/03\/2015-2.6-open-air-konzert-klostergarten-lieder-an-einem-sommerabend-2-allgaeuer-liedermacher-immendtadt-christian-blanz-2-2-150x150.jpg 150w, https:\/\/sigi-lueer.de\/wp-content\/uploads\/2023\/03\/2015-2.6-open-air-konzert-klostergarten-lieder-an-einem-sommerabend-2-allgaeuer-liedermacher-immendtadt-christian-blanz-2-2-768x768.jpg 768w, https:\/\/sigi-lueer.de\/wp-content\/uploads\/2023\/03\/2015-2.6-open-air-konzert-klostergarten-lieder-an-einem-sommerabend-2-allgaeuer-liedermacher-immendtadt-christian-blanz-2-2-1536x1536.jpg 1536w, https:\/\/sigi-lueer.de\/wp-content\/uploads\/2023\/03\/2015-2.6-open-air-konzert-klostergarten-lieder-an-einem-sommerabend-2-allgaeuer-liedermacher-immendtadt-christian-blanz-2-2-2048x2048.jpg 2048w, https:\/\/sigi-lueer.de\/wp-content\/uploads\/2023\/03\/2015-2.6-open-air-konzert-klostergarten-lieder-an-einem-sommerabend-2-allgaeuer-liedermacher-immendtadt-christian-blanz-2-2-2000x2000.jpg 2000w\" sizes=\"(max-width: 1024px) 100vw, 1024px\" \/><\/figure>\n\n\n\n<figure class=\"wp-block-image aligncenter size-large is-resized\"><img loading=\"lazy\" decoding=\"async\" width=\"1024\" height=\"1005\" src=\"https:\/\/sigi-lueer.de\/wp-content\/uploads\/2024\/01\/IMG_0900-2-1024x1005.jpg\" alt=\"\" class=\"wp-image-1814\" style=\"width:383px;height:auto\" srcset=\"https:\/\/sigi-lueer.de\/wp-content\/uploads\/2024\/01\/IMG_0900-2-1024x1005.jpg 1024w, https:\/\/sigi-lueer.de\/wp-content\/uploads\/2024\/01\/IMG_0900-2-300x295.jpg 300w, https:\/\/sigi-lueer.de\/wp-content\/uploads\/2024\/01\/IMG_0900-2-2000x1963.jpg 2000w\" sizes=\"(max-width: 1024px) 100vw, 1024px\" \/><\/figure>\n\n\n\n<figure class=\"wp-block-image aligncenter size-large is-resized\"><img loading=\"lazy\" decoding=\"async\" width=\"1024\" height=\"727\" src=\"https:\/\/sigi-lueer.de\/wp-content\/uploads\/2024\/01\/IMG_0893-1024x727.jpg\" alt=\"\" class=\"wp-image-1815\" style=\"width:561px;height:auto\" srcset=\"https:\/\/sigi-lueer.de\/wp-content\/uploads\/2024\/01\/IMG_0893-1024x727.jpg 1024w, https:\/\/sigi-lueer.de\/wp-content\/uploads\/2024\/01\/IMG_0893-300x213.jpg 300w, https:\/\/sigi-lueer.de\/wp-content\/uploads\/2024\/01\/IMG_0893-2000x1419.jpg 2000w\" sizes=\"(max-width: 1024px) 100vw, 1024px\" \/><\/figure>\n\n\n\n<figure class=\"wp-block-image aligncenter size-large is-resized\"><img loading=\"lazy\" decoding=\"async\" width=\"1024\" height=\"683\" src=\"https:\/\/sigi-lueer.de\/wp-content\/uploads\/2024\/01\/IMG_0913-1024x683.jpg\" alt=\"\" class=\"wp-image-1816\" style=\"width:563px;height:auto\" srcset=\"https:\/\/sigi-lueer.de\/wp-content\/uploads\/2024\/01\/IMG_0913-1024x683.jpg 1024w, https:\/\/sigi-lueer.de\/wp-content\/uploads\/2024\/01\/IMG_0913-300x200.jpg 300w, https:\/\/sigi-lueer.de\/wp-content\/uploads\/2024\/01\/IMG_0913-2000x1333.jpg 2000w, https:\/\/sigi-lueer.de\/wp-content\/uploads\/2024\/01\/IMG_0913-600x400.jpg 600w, https:\/\/sigi-lueer.de\/wp-content\/uploads\/2024\/01\/IMG_0913-1200x800.jpg 1200w\" sizes=\"(max-width: 1024px) 100vw, 1024px\" \/><\/figure>\n\n\n\n<figure class=\"wp-block-image aligncenter size-full\"><img loading=\"lazy\" decoding=\"async\" width=\"383\" height=\"219\" src=\"https:\/\/sigi-lueer.de\/wp-content\/uploads\/2024\/01\/Liedermacher-Homepage-Kulturwekstatt-Kopieren.jpg\" alt=\"\" class=\"wp-image-1878\" srcset=\"https:\/\/sigi-lueer.de\/wp-content\/uploads\/2024\/01\/Liedermacher-Homepage-Kulturwekstatt-Kopieren.jpg 383w, https:\/\/sigi-lueer.de\/wp-content\/uploads\/2024\/01\/Liedermacher-Homepage-Kulturwekstatt-Kopieren-300x172.jpg 300w\" sizes=\"(max-width: 383px) 100vw, 383px\" \/><\/figure>\n\n\n\n<figure class=\"wp-block-image aligncenter size-large is-resized\"><img loading=\"lazy\" decoding=\"async\" width=\"1024\" height=\"801\" src=\"https:\/\/sigi-lueer.de\/wp-content\/uploads\/2024\/01\/IMG_3799-1-1024x801.jpg\" alt=\"\" class=\"wp-image-1823\" style=\"width:502px;height:auto\" srcset=\"https:\/\/sigi-lueer.de\/wp-content\/uploads\/2024\/01\/IMG_3799-1-1024x801.jpg 1024w, https:\/\/sigi-lueer.de\/wp-content\/uploads\/2024\/01\/IMG_3799-1-300x235.jpg 300w, https:\/\/sigi-lueer.de\/wp-content\/uploads\/2024\/01\/IMG_3799-1-2000x1564.jpg 2000w\" sizes=\"(max-width: 1024px) 100vw, 1024px\" \/><figcaption class=\"wp-element-caption\">vor dem Auftritt eine St\u00e4rkung von der Chefin <\/figcaption><\/figure>\n\n\n\n<figure class=\"wp-block-image aligncenter size-full is-resized\"><img loading=\"lazy\" decoding=\"async\" width=\"800\" height=\"533\" src=\"https:\/\/sigi-lueer.de\/wp-content\/uploads\/2023\/03\/2015-6-kulturwerkstatt-sonthofen-allgaeuer-liedermacher-steffi-waller-sigi-lueer-tim-hecking-2.jpg\" alt=\"\" class=\"wp-image-1028\" style=\"aspect-ratio:1.5;width:396px;height:auto\" srcset=\"https:\/\/sigi-lueer.de\/wp-content\/uploads\/2023\/03\/2015-6-kulturwerkstatt-sonthofen-allgaeuer-liedermacher-steffi-waller-sigi-lueer-tim-hecking-2.jpg 800w, https:\/\/sigi-lueer.de\/wp-content\/uploads\/2023\/03\/2015-6-kulturwerkstatt-sonthofen-allgaeuer-liedermacher-steffi-waller-sigi-lueer-tim-hecking-2-300x200.jpg 300w, https:\/\/sigi-lueer.de\/wp-content\/uploads\/2023\/03\/2015-6-kulturwerkstatt-sonthofen-allgaeuer-liedermacher-steffi-waller-sigi-lueer-tim-hecking-2-768x512.jpg 768w\" sizes=\"(max-width: 800px) 100vw, 800px\" \/><figcaption class=\"wp-element-caption\"><strong>Kulturwerkstatt 2015 Steffi, Sigi &amp; Tim<\/strong><\/figcaption><\/figure>\n\n\n\n<figure class=\"wp-block-image aligncenter size-full is-resized\"><img loading=\"lazy\" decoding=\"async\" width=\"800\" height=\"800\" src=\"https:\/\/sigi-lueer.de\/wp-content\/uploads\/2023\/03\/2015-5-kulturwerkstatt-sonthofen-allgaeuer-liedermacher-sigi-lueer-tim-hecking-2.jpg\" alt=\"\" class=\"wp-image-1029\" style=\"width:392px;height:auto\" srcset=\"https:\/\/sigi-lueer.de\/wp-content\/uploads\/2023\/03\/2015-5-kulturwerkstatt-sonthofen-allgaeuer-liedermacher-sigi-lueer-tim-hecking-2.jpg 800w, https:\/\/sigi-lueer.de\/wp-content\/uploads\/2023\/03\/2015-5-kulturwerkstatt-sonthofen-allgaeuer-liedermacher-sigi-lueer-tim-hecking-2-300x300.jpg 300w, https:\/\/sigi-lueer.de\/wp-content\/uploads\/2023\/03\/2015-5-kulturwerkstatt-sonthofen-allgaeuer-liedermacher-sigi-lueer-tim-hecking-2-150x150.jpg 150w, https:\/\/sigi-lueer.de\/wp-content\/uploads\/2023\/03\/2015-5-kulturwerkstatt-sonthofen-allgaeuer-liedermacher-sigi-lueer-tim-hecking-2-768x768.jpg 768w\" sizes=\"(max-width: 800px) 100vw, 800px\" \/><figcaption class=\"wp-element-caption\"><strong>Sigi &amp; Tim<\/strong><\/figcaption><\/figure>\n\n\n\n<figure class=\"wp-block-image aligncenter size-large is-resized\"><img loading=\"lazy\" decoding=\"async\" width=\"1024\" height=\"576\" src=\"https:\/\/sigi-lueer.de\/wp-content\/uploads\/2024\/01\/vlcsnap-2015-12-30-12h40m14s176-1024x576.png\" alt=\"\" class=\"wp-image-1825\" style=\"width:620px;height:auto\" srcset=\"https:\/\/sigi-lueer.de\/wp-content\/uploads\/2024\/01\/vlcsnap-2015-12-30-12h40m14s176-1024x576.png 1024w, https:\/\/sigi-lueer.de\/wp-content\/uploads\/2024\/01\/vlcsnap-2015-12-30-12h40m14s176-300x169.png 300w, https:\/\/sigi-lueer.de\/wp-content\/uploads\/2024\/01\/vlcsnap-2015-12-30-12h40m14s176.png 1920w\" sizes=\"(max-width: 1024px) 100vw, 1024px\" \/><figcaption class=\"wp-element-caption\">Allg\u00e4uerliedermacher von links: Fabian, Steffi,Sigi,Chantalle,Christiqan &amp; Tim<\/figcaption><\/figure>\n\n\n\n<figure class=\"wp-block-image aligncenter size-full is-resized\"><img loading=\"lazy\" decoding=\"async\" width=\"598\" height=\"530\" src=\"https:\/\/sigi-lueer.de\/wp-content\/uploads\/2023\/04\/image-17.png\" alt=\"\" class=\"wp-image-1396\" style=\"aspect-ratio:1.1289640591966172;width:347px;height:auto\" srcset=\"https:\/\/sigi-lueer.de\/wp-content\/uploads\/2023\/04\/image-17.png 598w, https:\/\/sigi-lueer.de\/wp-content\/uploads\/2023\/04\/image-17-300x266.png 300w\" sizes=\"(max-width: 598px) 100vw, 598px\" \/><figcaption class=\"wp-element-caption\">Sigi <\/figcaption><\/figure>\n\n\n\n<figure class=\"wp-block-image aligncenter size-full is-resized\"><img loading=\"lazy\" decoding=\"async\" width=\"800\" height=\"533\" src=\"https:\/\/sigi-lueer.de\/wp-content\/uploads\/2023\/04\/image-18.png\" alt=\"\" class=\"wp-image-1397\" style=\"aspect-ratio:1.5;width:425px;height:auto\" srcset=\"https:\/\/sigi-lueer.de\/wp-content\/uploads\/2023\/04\/image-18.png 800w, https:\/\/sigi-lueer.de\/wp-content\/uploads\/2023\/04\/image-18-300x200.png 300w, https:\/\/sigi-lueer.de\/wp-content\/uploads\/2023\/04\/image-18-768x512.png 768w\" sizes=\"(max-width: 800px) 100vw, 800px\" \/><figcaption class=\"wp-element-caption\">Chantalle &amp; Christian<\/figcaption><\/figure>\n\n\n\n<figure class=\"wp-block-image aligncenter size-large is-resized\"><img loading=\"lazy\" decoding=\"async\" width=\"724\" height=\"1024\" src=\"https:\/\/sigi-lueer.de\/wp-content\/uploads\/2023\/03\/2016-0-poster-kulturwerkstatt-sonthofen-die-lange-nacht-der-liedermacher-1-2-724x1024.jpg\" alt=\"\" class=\"wp-image-1035\" style=\"width:634px;height:auto\" srcset=\"https:\/\/sigi-lueer.de\/wp-content\/uploads\/2023\/03\/2016-0-poster-kulturwerkstatt-sonthofen-die-lange-nacht-der-liedermacher-1-2-724x1024.jpg 724w, https:\/\/sigi-lueer.de\/wp-content\/uploads\/2023\/03\/2016-0-poster-kulturwerkstatt-sonthofen-die-lange-nacht-der-liedermacher-1-2-212x300.jpg 212w, https:\/\/sigi-lueer.de\/wp-content\/uploads\/2023\/03\/2016-0-poster-kulturwerkstatt-sonthofen-die-lange-nacht-der-liedermacher-1-2-768x1087.jpg 768w, https:\/\/sigi-lueer.de\/wp-content\/uploads\/2023\/03\/2016-0-poster-kulturwerkstatt-sonthofen-die-lange-nacht-der-liedermacher-1-2.jpg 800w\" sizes=\"(max-width: 724px) 100vw, 724px\" \/><\/figure>\n\n\n\n<figure class=\"wp-block-image aligncenter size-full is-resized\"><img loading=\"lazy\" decoding=\"async\" width=\"960\" height=\"638\" src=\"https:\/\/sigi-lueer.de\/wp-content\/uploads\/2023\/03\/2016-1-kulturwerkstatt-sonthofen-die-lange-nacht-der-liedermacher-sigi-lueer-1-2.jpg\" alt=\"\" class=\"wp-image-1036\" style=\"aspect-ratio:1.5031315240083507;width:634px;height:auto\" srcset=\"https:\/\/sigi-lueer.de\/wp-content\/uploads\/2023\/03\/2016-1-kulturwerkstatt-sonthofen-die-lange-nacht-der-liedermacher-sigi-lueer-1-2.jpg 960w, https:\/\/sigi-lueer.de\/wp-content\/uploads\/2023\/03\/2016-1-kulturwerkstatt-sonthofen-die-lange-nacht-der-liedermacher-sigi-lueer-1-2-300x199.jpg 300w, https:\/\/sigi-lueer.de\/wp-content\/uploads\/2023\/03\/2016-1-kulturwerkstatt-sonthofen-die-lange-nacht-der-liedermacher-sigi-lueer-1-2-768x510.jpg 768w\" sizes=\"(max-width: 960px) 100vw, 960px\" \/><\/figure>\n\n\n\n<figure class=\"wp-block-image aligncenter size-full is-resized\"><img loading=\"lazy\" decoding=\"async\" width=\"960\" height=\"382\" src=\"https:\/\/sigi-lueer.de\/wp-content\/uploads\/2023\/03\/2016-2-kulturwerkstatt-sonthofen-die-lange-nacht-der-liedermacher-chantalle-schubert-fabian-mroz-sigi-lueer-pit-bartenschlager-chritian-blanz-1.jpg\" alt=\"\" class=\"wp-image-1039\" style=\"aspect-ratio:2.508710801393728;width:530px;height:auto\" srcset=\"https:\/\/sigi-lueer.de\/wp-content\/uploads\/2023\/03\/2016-2-kulturwerkstatt-sonthofen-die-lange-nacht-der-liedermacher-chantalle-schubert-fabian-mroz-sigi-lueer-pit-bartenschlager-chritian-blanz-1.jpg 960w, https:\/\/sigi-lueer.de\/wp-content\/uploads\/2023\/03\/2016-2-kulturwerkstatt-sonthofen-die-lange-nacht-der-liedermacher-chantalle-schubert-fabian-mroz-sigi-lueer-pit-bartenschlager-chritian-blanz-1-300x119.jpg 300w, https:\/\/sigi-lueer.de\/wp-content\/uploads\/2023\/03\/2016-2-kulturwerkstatt-sonthofen-die-lange-nacht-der-liedermacher-chantalle-schubert-fabian-mroz-sigi-lueer-pit-bartenschlager-chritian-blanz-1-768x306.jpg 768w\" sizes=\"(max-width: 960px) 100vw, 960px\" \/><figcaption class=\"wp-element-caption\">von links: Chantalle,Fabian, Sigi, neu in der Gruppe Pit Bartensdchlager &amp; Christian<\/figcaption><\/figure>\n\n\n\n<figure class=\"wp-block-image aligncenter size-large is-resized\"><img loading=\"lazy\" decoding=\"async\" width=\"960\" height=\"638\" src=\"https:\/\/sigi-lueer.de\/wp-content\/uploads\/2023\/03\/2016-6-kulturwerkstatt-sonthofen-die-lange-nacht-der-liedermacher-pit-bartenschlager-sigi-lueer-pit-bartenschlager-1.jpg\" alt=\"\" class=\"wp-image-1038\" style=\"width:536px;height:auto\" srcset=\"https:\/\/sigi-lueer.de\/wp-content\/uploads\/2023\/03\/2016-6-kulturwerkstatt-sonthofen-die-lange-nacht-der-liedermacher-pit-bartenschlager-sigi-lueer-pit-bartenschlager-1.jpg 960w, https:\/\/sigi-lueer.de\/wp-content\/uploads\/2023\/03\/2016-6-kulturwerkstatt-sonthofen-die-lange-nacht-der-liedermacher-pit-bartenschlager-sigi-lueer-pit-bartenschlager-1-300x199.jpg 300w, https:\/\/sigi-lueer.de\/wp-content\/uploads\/2023\/03\/2016-6-kulturwerkstatt-sonthofen-die-lange-nacht-der-liedermacher-pit-bartenschlager-sigi-lueer-pit-bartenschlager-1-768x510.jpg 768w\" sizes=\"(max-width: 960px) 100vw, 960px\" \/><\/figure>\n\n\n\n<figure class=\"wp-block-image aligncenter size-large is-resized\"><img loading=\"lazy\" decoding=\"async\" width=\"960\" height=\"638\" src=\"https:\/\/sigi-lueer.de\/wp-content\/uploads\/2023\/03\/2016-3-kulturwerkstatt-sonthofen-die-lange-nacht-der-liedermacher-pit-bartenschlager-1.jpg\" alt=\"\" class=\"wp-image-1037\" style=\"width:540px;height:auto\" srcset=\"https:\/\/sigi-lueer.de\/wp-content\/uploads\/2023\/03\/2016-3-kulturwerkstatt-sonthofen-die-lange-nacht-der-liedermacher-pit-bartenschlager-1.jpg 960w, https:\/\/sigi-lueer.de\/wp-content\/uploads\/2023\/03\/2016-3-kulturwerkstatt-sonthofen-die-lange-nacht-der-liedermacher-pit-bartenschlager-1-300x199.jpg 300w, https:\/\/sigi-lueer.de\/wp-content\/uploads\/2023\/03\/2016-3-kulturwerkstatt-sonthofen-die-lange-nacht-der-liedermacher-pit-bartenschlager-1-768x510.jpg 768w\" sizes=\"(max-width: 960px) 100vw, 960px\" \/><figcaption class=\"wp-element-caption\">Pit Bartenschlager<\/figcaption><\/figure>\n\n\n\n<figure class=\"wp-block-image aligncenter size-large is-resized\"><img loading=\"lazy\" decoding=\"async\" width=\"960\" height=\"640\" src=\"https:\/\/sigi-lueer.de\/wp-content\/uploads\/2023\/03\/2016-4-kulturwerkstatt-sonthofen-die-lange-nacht-der-liedermacher-reinhard-pargent-1.jpg\" alt=\"\" class=\"wp-image-1040\" style=\"width:538px;height:auto\" srcset=\"https:\/\/sigi-lueer.de\/wp-content\/uploads\/2023\/03\/2016-4-kulturwerkstatt-sonthofen-die-lange-nacht-der-liedermacher-reinhard-pargent-1.jpg 960w, https:\/\/sigi-lueer.de\/wp-content\/uploads\/2023\/03\/2016-4-kulturwerkstatt-sonthofen-die-lange-nacht-der-liedermacher-reinhard-pargent-1-300x200.jpg 300w, https:\/\/sigi-lueer.de\/wp-content\/uploads\/2023\/03\/2016-4-kulturwerkstatt-sonthofen-die-lange-nacht-der-liedermacher-reinhard-pargent-1-768x512.jpg 768w\" sizes=\"(max-width: 960px) 100vw, 960px\" \/><figcaption class=\"wp-element-caption\"><strong>Gast: Sunneh\u00e4ngla<\/strong>r<\/figcaption><\/figure>\n\n\n\n<figure class=\"wp-block-image aligncenter size-large is-resized\"><img loading=\"lazy\" decoding=\"async\" width=\"960\" height=\"638\" src=\"https:\/\/sigi-lueer.de\/wp-content\/uploads\/2023\/03\/2016-7-kulturwerkstatt-sonthofen-die-lange-nacht-der-liedermacher-pit-bartenschlager-simon-bartenschlager-1.jpg\" alt=\"\" class=\"wp-image-1041\" style=\"width:538px;height:auto\" srcset=\"https:\/\/sigi-lueer.de\/wp-content\/uploads\/2023\/03\/2016-7-kulturwerkstatt-sonthofen-die-lange-nacht-der-liedermacher-pit-bartenschlager-simon-bartenschlager-1.jpg 960w, https:\/\/sigi-lueer.de\/wp-content\/uploads\/2023\/03\/2016-7-kulturwerkstatt-sonthofen-die-lange-nacht-der-liedermacher-pit-bartenschlager-simon-bartenschlager-1-300x199.jpg 300w, https:\/\/sigi-lueer.de\/wp-content\/uploads\/2023\/03\/2016-7-kulturwerkstatt-sonthofen-die-lange-nacht-der-liedermacher-pit-bartenschlager-simon-bartenschlager-1-768x510.jpg 768w\" sizes=\"(max-width: 960px) 100vw, 960px\" \/><figcaption class=\"wp-element-caption\"><strong>Gast: Simon Bartenschlager<\/strong><\/figcaption><\/figure>\n\n\n\n<figure class=\"wp-block-image aligncenter size-full is-resized\"><img loading=\"lazy\" decoding=\"async\" width=\"960\" height=\"640\" src=\"https:\/\/sigi-lueer.de\/wp-content\/uploads\/2023\/03\/2016-5-kulturwerkstatt-sonthofen-die-lange-nacht-der-liedermacher-pit-bartenschlager-sigi-lueer-christian-blanz-1.jpg\" alt=\"\" class=\"wp-image-1044\" style=\"width:456px;height:auto\" srcset=\"https:\/\/sigi-lueer.de\/wp-content\/uploads\/2023\/03\/2016-5-kulturwerkstatt-sonthofen-die-lange-nacht-der-liedermacher-pit-bartenschlager-sigi-lueer-christian-blanz-1.jpg 960w, https:\/\/sigi-lueer.de\/wp-content\/uploads\/2023\/03\/2016-5-kulturwerkstatt-sonthofen-die-lange-nacht-der-liedermacher-pit-bartenschlager-sigi-lueer-christian-blanz-1-300x200.jpg 300w, https:\/\/sigi-lueer.de\/wp-content\/uploads\/2023\/03\/2016-5-kulturwerkstatt-sonthofen-die-lange-nacht-der-liedermacher-pit-bartenschlager-sigi-lueer-christian-blanz-1-768x512.jpg 768w\" sizes=\"(max-width: 960px) 100vw, 960px\" \/><\/figure>\n\n\n\n<p><\/p>\n\n\n\n<figure class=\"wp-block-image aligncenter size-full is-resized\"><img loading=\"lazy\" decoding=\"async\" width=\"600\" height=\"600\" src=\"https:\/\/sigi-lueer.de\/wp-content\/uploads\/2023\/03\/2016-8-kulturwerkstatt-sonthofen-die-lange-nacht-der-liedermacher-1.jpg\" alt=\"\" class=\"wp-image-1045\" style=\"width:357px;height:auto\" srcset=\"https:\/\/sigi-lueer.de\/wp-content\/uploads\/2023\/03\/2016-8-kulturwerkstatt-sonthofen-die-lange-nacht-der-liedermacher-1.jpg 600w, https:\/\/sigi-lueer.de\/wp-content\/uploads\/2023\/03\/2016-8-kulturwerkstatt-sonthofen-die-lange-nacht-der-liedermacher-1-300x300.jpg 300w, https:\/\/sigi-lueer.de\/wp-content\/uploads\/2023\/03\/2016-8-kulturwerkstatt-sonthofen-die-lange-nacht-der-liedermacher-1-150x150.jpg 150w\" sizes=\"(max-width: 600px) 100vw, 600px\" \/><\/figure>\n\n\n\n<p><\/p>\n\n\n\n<p class=\"has-text-align-center\"><strong>Ein Benefizkonzert zu Gunsten des Helferkreis f\u00fcr die Fl\u00fcchtlinge<\/strong><\/p>\n\n\n\n<figure class=\"wp-block-image aligncenter size-large is-resized\"><img loading=\"lazy\" decoding=\"async\" width=\"724\" height=\"1024\" src=\"https:\/\/sigi-lueer.de\/wp-content\/uploads\/2023\/03\/2016-1-hofmuehle-immenstadt-allgaeuer-liedermacher-1-3-724x1024.jpg\" alt=\"\" class=\"wp-image-1049\" style=\"width:391px;height:auto\" srcset=\"https:\/\/sigi-lueer.de\/wp-content\/uploads\/2023\/03\/2016-1-hofmuehle-immenstadt-allgaeuer-liedermacher-1-3-724x1024.jpg 724w, https:\/\/sigi-lueer.de\/wp-content\/uploads\/2023\/03\/2016-1-hofmuehle-immenstadt-allgaeuer-liedermacher-1-3-212x300.jpg 212w, https:\/\/sigi-lueer.de\/wp-content\/uploads\/2023\/03\/2016-1-hofmuehle-immenstadt-allgaeuer-liedermacher-1-3-768x1087.jpg 768w, https:\/\/sigi-lueer.de\/wp-content\/uploads\/2023\/03\/2016-1-hofmuehle-immenstadt-allgaeuer-liedermacher-1-3.jpg 1000w\" sizes=\"(max-width: 724px) 100vw, 724px\" \/><\/figure>\n\n\n\n<figure class=\"wp-block-image aligncenter size-large is-resized\"><img loading=\"lazy\" decoding=\"async\" width=\"758\" height=\"1024\" src=\"https:\/\/sigi-lueer.de\/wp-content\/uploads\/2023\/03\/2016-1.1hofmuehle-2-758x1024.jpg\" alt=\"\" class=\"wp-image-1050\" style=\"width:382px;height:auto\" srcset=\"https:\/\/sigi-lueer.de\/wp-content\/uploads\/2023\/03\/2016-1.1hofmuehle-2-758x1024.jpg 758w, https:\/\/sigi-lueer.de\/wp-content\/uploads\/2023\/03\/2016-1.1hofmuehle-2-222x300.jpg 222w, https:\/\/sigi-lueer.de\/wp-content\/uploads\/2023\/03\/2016-1.1hofmuehle-2-768x1038.jpg 768w, https:\/\/sigi-lueer.de\/wp-content\/uploads\/2023\/03\/2016-1.1hofmuehle-2-1137x1536.jpg 1137w, https:\/\/sigi-lueer.de\/wp-content\/uploads\/2023\/03\/2016-1.1hofmuehle-2-1516x2048.jpg 1516w, https:\/\/sigi-lueer.de\/wp-content\/uploads\/2023\/03\/2016-1.1hofmuehle-2-2000x2703.jpg 2000w, https:\/\/sigi-lueer.de\/wp-content\/uploads\/2023\/03\/2016-1.1hofmuehle-2-scaled.jpg 1894w\" sizes=\"(max-width: 758px) 100vw, 758px\" \/><\/figure>\n\n\n\n<figure class=\"wp-block-image aligncenter size-large is-resized\"><img loading=\"lazy\" decoding=\"async\" width=\"1024\" height=\"646\" src=\"https:\/\/sigi-lueer.de\/wp-content\/uploads\/2023\/03\/2016-2-benefiz-konzert-hofmuehle-immenstadt-geht-uns-alle-an-1-2-1024x646.jpg\" alt=\"\" class=\"wp-image-1051\" style=\"aspect-ratio:1.5835051546391752;width:446px;height:auto\" srcset=\"https:\/\/sigi-lueer.de\/wp-content\/uploads\/2023\/03\/2016-2-benefiz-konzert-hofmuehle-immenstadt-geht-uns-alle-an-1-2-1024x646.jpg 1024w, https:\/\/sigi-lueer.de\/wp-content\/uploads\/2023\/03\/2016-2-benefiz-konzert-hofmuehle-immenstadt-geht-uns-alle-an-1-2-300x189.jpg 300w, https:\/\/sigi-lueer.de\/wp-content\/uploads\/2023\/03\/2016-2-benefiz-konzert-hofmuehle-immenstadt-geht-uns-alle-an-1-2-768x485.jpg 768w, https:\/\/sigi-lueer.de\/wp-content\/uploads\/2023\/03\/2016-2-benefiz-konzert-hofmuehle-immenstadt-geht-uns-alle-an-1-2-1536x969.jpg 1536w, https:\/\/sigi-lueer.de\/wp-content\/uploads\/2023\/03\/2016-2-benefiz-konzert-hofmuehle-immenstadt-geht-uns-alle-an-1-2-2048x1292.jpg 2048w, https:\/\/sigi-lueer.de\/wp-content\/uploads\/2023\/03\/2016-2-benefiz-konzert-hofmuehle-immenstadt-geht-uns-alle-an-1-2-2000x1262.jpg 2000w\" sizes=\"(max-width: 1024px) 100vw, 1024px\" \/><\/figure>\n\n\n\n<figure class=\"wp-block-image aligncenter size-large is-resized\"><img loading=\"lazy\" decoding=\"async\" width=\"1024\" height=\"654\" src=\"https:\/\/sigi-lueer.de\/wp-content\/uploads\/2023\/03\/2016-3-benefiz-konzert-hofmuehle-immenstadt-geht-uns-alle-an-cantalle-schubert-pit-bartenschlager-1.jpg-1-1024x654.jpg\" alt=\"\" class=\"wp-image-1052\" style=\"aspect-ratio:1.5656370656370657;width:449px;height:auto\" srcset=\"https:\/\/sigi-lueer.de\/wp-content\/uploads\/2023\/03\/2016-3-benefiz-konzert-hofmuehle-immenstadt-geht-uns-alle-an-cantalle-schubert-pit-bartenschlager-1.jpg-1-1024x654.jpg 1024w, https:\/\/sigi-lueer.de\/wp-content\/uploads\/2023\/03\/2016-3-benefiz-konzert-hofmuehle-immenstadt-geht-uns-alle-an-cantalle-schubert-pit-bartenschlager-1.jpg-1-300x191.jpg 300w, https:\/\/sigi-lueer.de\/wp-content\/uploads\/2023\/03\/2016-3-benefiz-konzert-hofmuehle-immenstadt-geht-uns-alle-an-cantalle-schubert-pit-bartenschlager-1.jpg-1-768x490.jpg 768w, https:\/\/sigi-lueer.de\/wp-content\/uploads\/2023\/03\/2016-3-benefiz-konzert-hofmuehle-immenstadt-geht-uns-alle-an-cantalle-schubert-pit-bartenschlager-1.jpg-1-1536x980.jpg 1536w, https:\/\/sigi-lueer.de\/wp-content\/uploads\/2023\/03\/2016-3-benefiz-konzert-hofmuehle-immenstadt-geht-uns-alle-an-cantalle-schubert-pit-bartenschlager-1.jpg-1-2048x1307.jpg 2048w, https:\/\/sigi-lueer.de\/wp-content\/uploads\/2023\/03\/2016-3-benefiz-konzert-hofmuehle-immenstadt-geht-uns-alle-an-cantalle-schubert-pit-bartenschlager-1.jpg-1-2000x1276.jpg 2000w\" sizes=\"(max-width: 1024px) 100vw, 1024px\" \/><\/figure>\n\n\n\n<figure class=\"wp-block-gallery has-nested-images columns-default is-cropped wp-block-gallery-2 is-layout-flex wp-block-gallery-is-layout-flex\">\n<figure class=\"wp-block-image size-large\"><img loading=\"lazy\" decoding=\"async\" width=\"1024\" height=\"1024\" data-id=\"1056\" src=\"https:\/\/sigi-lueer.de\/wp-content\/uploads\/2023\/03\/2016-7-benefiz-konzert-hofmuehle-immenstadt-geht-uns-alle-an-fabian-mroz-sigi-lueersigi-lueer.jpg-2-1024x1024.jpg\" alt=\"\" class=\"wp-image-1056\" srcset=\"https:\/\/sigi-lueer.de\/wp-content\/uploads\/2023\/03\/2016-7-benefiz-konzert-hofmuehle-immenstadt-geht-uns-alle-an-fabian-mroz-sigi-lueersigi-lueer.jpg-2-1024x1024.jpg 1024w, https:\/\/sigi-lueer.de\/wp-content\/uploads\/2023\/03\/2016-7-benefiz-konzert-hofmuehle-immenstadt-geht-uns-alle-an-fabian-mroz-sigi-lueersigi-lueer.jpg-2-300x300.jpg 300w, https:\/\/sigi-lueer.de\/wp-content\/uploads\/2023\/03\/2016-7-benefiz-konzert-hofmuehle-immenstadt-geht-uns-alle-an-fabian-mroz-sigi-lueersigi-lueer.jpg-2-150x150.jpg 150w, https:\/\/sigi-lueer.de\/wp-content\/uploads\/2023\/03\/2016-7-benefiz-konzert-hofmuehle-immenstadt-geht-uns-alle-an-fabian-mroz-sigi-lueersigi-lueer.jpg-2-768x768.jpg 768w, https:\/\/sigi-lueer.de\/wp-content\/uploads\/2023\/03\/2016-7-benefiz-konzert-hofmuehle-immenstadt-geht-uns-alle-an-fabian-mroz-sigi-lueersigi-lueer.jpg-2-1536x1536.jpg 1536w, https:\/\/sigi-lueer.de\/wp-content\/uploads\/2023\/03\/2016-7-benefiz-konzert-hofmuehle-immenstadt-geht-uns-alle-an-fabian-mroz-sigi-lueersigi-lueer.jpg-2.jpg 1585w\" sizes=\"(max-width: 1024px) 100vw, 1024px\" \/><\/figure>\n\n\n\n<figure class=\"wp-block-image size-large\"><img loading=\"lazy\" decoding=\"async\" width=\"972\" height=\"1024\" data-id=\"1057\" src=\"https:\/\/sigi-lueer.de\/wp-content\/uploads\/2023\/03\/2016-10-benefiz-konzert-hofmuehle-immenstadt-geht-uns-alle-an-sigi-lueer-2-972x1024.jpg\" alt=\"\" class=\"wp-image-1057\" srcset=\"https:\/\/sigi-lueer.de\/wp-content\/uploads\/2023\/03\/2016-10-benefiz-konzert-hofmuehle-immenstadt-geht-uns-alle-an-sigi-lueer-2-972x1024.jpg 972w, https:\/\/sigi-lueer.de\/wp-content\/uploads\/2023\/03\/2016-10-benefiz-konzert-hofmuehle-immenstadt-geht-uns-alle-an-sigi-lueer-2-285x300.jpg 285w, https:\/\/sigi-lueer.de\/wp-content\/uploads\/2023\/03\/2016-10-benefiz-konzert-hofmuehle-immenstadt-geht-uns-alle-an-sigi-lueer-2-768x809.jpg 768w, https:\/\/sigi-lueer.de\/wp-content\/uploads\/2023\/03\/2016-10-benefiz-konzert-hofmuehle-immenstadt-geht-uns-alle-an-sigi-lueer-2-1458x1536.jpg 1458w, https:\/\/sigi-lueer.de\/wp-content\/uploads\/2023\/03\/2016-10-benefiz-konzert-hofmuehle-immenstadt-geht-uns-alle-an-sigi-lueer-2.jpg 1581w\" sizes=\"(max-width: 972px) 100vw, 972px\" \/><\/figure>\n<\/figure>\n\n\n\n<figure class=\"wp-block-image aligncenter size-large is-resized\"><img loading=\"lazy\" decoding=\"async\" width=\"1024\" height=\"768\" src=\"https:\/\/sigi-lueer.de\/wp-content\/uploads\/2023\/03\/2016-5-benefiz-konzert-hofmuehle-immenstadt-geht-uns-alle-an-fabian-mroz-sigi-lueer-1.jpg-2-1-1024x768.jpg\" alt=\"\" class=\"wp-image-1059\" style=\"aspect-ratio:1.3328025477707006;width:569px;height:auto\" srcset=\"https:\/\/sigi-lueer.de\/wp-content\/uploads\/2023\/03\/2016-5-benefiz-konzert-hofmuehle-immenstadt-geht-uns-alle-an-fabian-mroz-sigi-lueer-1.jpg-2-1-1024x768.jpg 1024w, https:\/\/sigi-lueer.de\/wp-content\/uploads\/2023\/03\/2016-5-benefiz-konzert-hofmuehle-immenstadt-geht-uns-alle-an-fabian-mroz-sigi-lueer-1.jpg-2-1-300x225.jpg 300w, https:\/\/sigi-lueer.de\/wp-content\/uploads\/2023\/03\/2016-5-benefiz-konzert-hofmuehle-immenstadt-geht-uns-alle-an-fabian-mroz-sigi-lueer-1.jpg-2-1-768x576.jpg 768w, https:\/\/sigi-lueer.de\/wp-content\/uploads\/2023\/03\/2016-5-benefiz-konzert-hofmuehle-immenstadt-geht-uns-alle-an-fabian-mroz-sigi-lueer-1.jpg-2-1-1536x1152.jpg 1536w, https:\/\/sigi-lueer.de\/wp-content\/uploads\/2023\/03\/2016-5-benefiz-konzert-hofmuehle-immenstadt-geht-uns-alle-an-fabian-mroz-sigi-lueer-1.jpg-2-1-2048x1536.jpg 2048w, https:\/\/sigi-lueer.de\/wp-content\/uploads\/2023\/03\/2016-5-benefiz-konzert-hofmuehle-immenstadt-geht-uns-alle-an-fabian-mroz-sigi-lueer-1.jpg-2-1-2000x1500.jpg 2000w\" sizes=\"(max-width: 1024px) 100vw, 1024px\" \/><\/figure>\n\n\n\n<figure class=\"wp-block-image aligncenter size-large is-resized\"><img loading=\"lazy\" decoding=\"async\" width=\"1024\" height=\"864\" src=\"https:\/\/sigi-lueer.de\/wp-content\/uploads\/2023\/03\/2016-9-benefiz-konzert-hofmuehle-immenstadt-geht-uns-alle-an-sigi-lueer-reinhard-pargent-4.jpg-4-1024x864.jpg\" alt=\"\" class=\"wp-image-1062\" style=\"width:568px;height:auto\" srcset=\"https:\/\/sigi-lueer.de\/wp-content\/uploads\/2023\/03\/2016-9-benefiz-konzert-hofmuehle-immenstadt-geht-uns-alle-an-sigi-lueer-reinhard-pargent-4.jpg-4-1024x864.jpg 1024w, https:\/\/sigi-lueer.de\/wp-content\/uploads\/2023\/03\/2016-9-benefiz-konzert-hofmuehle-immenstadt-geht-uns-alle-an-sigi-lueer-reinhard-pargent-4.jpg-4-300x253.jpg 300w, https:\/\/sigi-lueer.de\/wp-content\/uploads\/2023\/03\/2016-9-benefiz-konzert-hofmuehle-immenstadt-geht-uns-alle-an-sigi-lueer-reinhard-pargent-4.jpg-4-768x648.jpg 768w, https:\/\/sigi-lueer.de\/wp-content\/uploads\/2023\/03\/2016-9-benefiz-konzert-hofmuehle-immenstadt-geht-uns-alle-an-sigi-lueer-reinhard-pargent-4.jpg-4-1536x1295.jpg 1536w, https:\/\/sigi-lueer.de\/wp-content\/uploads\/2023\/03\/2016-9-benefiz-konzert-hofmuehle-immenstadt-geht-uns-alle-an-sigi-lueer-reinhard-pargent-4.jpg-4-2048x1727.jpg 2048w, https:\/\/sigi-lueer.de\/wp-content\/uploads\/2023\/03\/2016-9-benefiz-konzert-hofmuehle-immenstadt-geht-uns-alle-an-sigi-lueer-reinhard-pargent-4.jpg-4-2000x1687.jpg 2000w\" sizes=\"(max-width: 1024px) 100vw, 1024px\" \/><figcaption class=\"wp-element-caption\">als Gast Sunneh\u00e4nglar<\/figcaption><\/figure>\n\n\n\n<figure class=\"wp-block-image aligncenter size-large is-resized\"><img loading=\"lazy\" decoding=\"async\" width=\"1024\" height=\"731\" src=\"https:\/\/sigi-lueer.de\/wp-content\/uploads\/2023\/03\/2016-12-benefiz-konzert-hofmuehle-immenstadt-geht-uns-alle-an-sigi-lueer-3-1024x731.jpg\" alt=\"\" class=\"wp-image-1064\" style=\"aspect-ratio:1.399665551839465;width:555px;height:auto\" srcset=\"https:\/\/sigi-lueer.de\/wp-content\/uploads\/2023\/03\/2016-12-benefiz-konzert-hofmuehle-immenstadt-geht-uns-alle-an-sigi-lueer-3-1024x731.jpg 1024w, https:\/\/sigi-lueer.de\/wp-content\/uploads\/2023\/03\/2016-12-benefiz-konzert-hofmuehle-immenstadt-geht-uns-alle-an-sigi-lueer-3-300x214.jpg 300w, https:\/\/sigi-lueer.de\/wp-content\/uploads\/2023\/03\/2016-12-benefiz-konzert-hofmuehle-immenstadt-geht-uns-alle-an-sigi-lueer-3-768x548.jpg 768w, https:\/\/sigi-lueer.de\/wp-content\/uploads\/2023\/03\/2016-12-benefiz-konzert-hofmuehle-immenstadt-geht-uns-alle-an-sigi-lueer-3-1536x1097.jpg 1536w, https:\/\/sigi-lueer.de\/wp-content\/uploads\/2023\/03\/2016-12-benefiz-konzert-hofmuehle-immenstadt-geht-uns-alle-an-sigi-lueer-3-2048x1462.jpg 2048w, https:\/\/sigi-lueer.de\/wp-content\/uploads\/2023\/03\/2016-12-benefiz-konzert-hofmuehle-immenstadt-geht-uns-alle-an-sigi-lueer-3-2000x1428.jpg 2000w\" sizes=\"(max-width: 1024px) 100vw, 1024px\" \/><\/figure>\n\n\n\n<figure class=\"wp-block-image aligncenter size-full is-resized\"><img loading=\"lazy\" decoding=\"async\" width=\"800\" height=\"800\" src=\"https:\/\/sigi-lueer.de\/wp-content\/uploads\/2023\/03\/2016-13-benefiz-konzert-hofmuehle-immenstadt-geht-uns-alle-an-2.jpg\" alt=\"\" class=\"wp-image-1065\" style=\"width:242px;height:auto\" srcset=\"https:\/\/sigi-lueer.de\/wp-content\/uploads\/2023\/03\/2016-13-benefiz-konzert-hofmuehle-immenstadt-geht-uns-alle-an-2.jpg 800w, https:\/\/sigi-lueer.de\/wp-content\/uploads\/2023\/03\/2016-13-benefiz-konzert-hofmuehle-immenstadt-geht-uns-alle-an-2-300x300.jpg 300w, https:\/\/sigi-lueer.de\/wp-content\/uploads\/2023\/03\/2016-13-benefiz-konzert-hofmuehle-immenstadt-geht-uns-alle-an-2-150x150.jpg 150w, https:\/\/sigi-lueer.de\/wp-content\/uploads\/2023\/03\/2016-13-benefiz-konzert-hofmuehle-immenstadt-geht-uns-alle-an-2-768x768.jpg 768w\" sizes=\"(max-width: 800px) 100vw, 800px\" \/><\/figure>\n\n\n\n<p><\/p>\n\n\n\n<p class=\"has-text-align-center\"><strong>2016 Immenstadt Schloss: <\/strong><\/p>\n\n\n\n<p class=\"has-text-align-center\"><strong>Chantalle Schubert, Pit Bartenschlager<\/strong><\/p>\n\n\n\n<p class=\"has-text-align-center\"><strong>und Sigi L\u00fcer<\/strong><\/p>\n\n\n\n<figure class=\"wp-block-image aligncenter size-full\"><img loading=\"lazy\" decoding=\"async\" width=\"784\" height=\"295\" src=\"https:\/\/sigi-lueer.de\/wp-content\/uploads\/2023\/03\/1-2.png\" alt=\"\" class=\"wp-image-1067\" srcset=\"https:\/\/sigi-lueer.de\/wp-content\/uploads\/2023\/03\/1-2.png 784w, https:\/\/sigi-lueer.de\/wp-content\/uploads\/2023\/03\/1-2-300x113.png 300w, https:\/\/sigi-lueer.de\/wp-content\/uploads\/2023\/03\/1-2-768x289.png 768w\" sizes=\"(max-width: 784px) 100vw, 784px\" \/><\/figure>\n\n\n\n<figure class=\"wp-block-image aligncenter size-large is-resized\"><img loading=\"lazy\" decoding=\"async\" width=\"1024\" height=\"1024\" src=\"https:\/\/sigi-lueer.de\/wp-content\/uploads\/2023\/03\/2016-1-schloss-immenstadt-sigi-lueer-2-1-1024x1024.jpg\" alt=\"\" class=\"wp-image-1068\" style=\"width:372px;height:auto\" srcset=\"https:\/\/sigi-lueer.de\/wp-content\/uploads\/2023\/03\/2016-1-schloss-immenstadt-sigi-lueer-2-1-1024x1024.jpg 1024w, https:\/\/sigi-lueer.de\/wp-content\/uploads\/2023\/03\/2016-1-schloss-immenstadt-sigi-lueer-2-1-300x300.jpg 300w, https:\/\/sigi-lueer.de\/wp-content\/uploads\/2023\/03\/2016-1-schloss-immenstadt-sigi-lueer-2-1-150x150.jpg 150w, https:\/\/sigi-lueer.de\/wp-content\/uploads\/2023\/03\/2016-1-schloss-immenstadt-sigi-lueer-2-1-768x768.jpg 768w, https:\/\/sigi-lueer.de\/wp-content\/uploads\/2023\/03\/2016-1-schloss-immenstadt-sigi-lueer-2-1-1536x1536.jpg 1536w, https:\/\/sigi-lueer.de\/wp-content\/uploads\/2023\/03\/2016-1-schloss-immenstadt-sigi-lueer-2-1.jpg 1654w\" sizes=\"(max-width: 1024px) 100vw, 1024px\" \/><\/figure>\n\n\n\n<figure class=\"wp-block-image aligncenter size-large is-resized\"><img loading=\"lazy\" decoding=\"async\" width=\"1024\" height=\"1024\" src=\"https:\/\/sigi-lueer.de\/wp-content\/uploads\/2023\/03\/2016-3-pit-bartenschlager-1-2-1024x1024.jpg\" alt=\"\" class=\"wp-image-1069\" style=\"width:373px;height:auto\" srcset=\"https:\/\/sigi-lueer.de\/wp-content\/uploads\/2023\/03\/2016-3-pit-bartenschlager-1-2-1024x1024.jpg 1024w, https:\/\/sigi-lueer.de\/wp-content\/uploads\/2023\/03\/2016-3-pit-bartenschlager-1-2-300x300.jpg 300w, https:\/\/sigi-lueer.de\/wp-content\/uploads\/2023\/03\/2016-3-pit-bartenschlager-1-2-150x150.jpg 150w, https:\/\/sigi-lueer.de\/wp-content\/uploads\/2023\/03\/2016-3-pit-bartenschlager-1-2-768x768.jpg 768w, https:\/\/sigi-lueer.de\/wp-content\/uploads\/2023\/03\/2016-3-pit-bartenschlager-1-2-1536x1536.jpg 1536w, https:\/\/sigi-lueer.de\/wp-content\/uploads\/2023\/03\/2016-3-pit-bartenschlager-1-2.jpg 1665w\" sizes=\"(max-width: 1024px) 100vw, 1024px\" \/><\/figure>\n\n\n\n<figure class=\"wp-block-image aligncenter size-large is-resized\"><img loading=\"lazy\" decoding=\"async\" width=\"1024\" height=\"1024\" src=\"https:\/\/sigi-lueer.de\/wp-content\/uploads\/2023\/03\/2016-4-schloss-immenstadt-sigi-lueer-1-1024x1024.jpg\" alt=\"\" class=\"wp-image-1070\" style=\"width:376px;height:auto\" srcset=\"https:\/\/sigi-lueer.de\/wp-content\/uploads\/2023\/03\/2016-4-schloss-immenstadt-sigi-lueer-1-1024x1024.jpg 1024w, https:\/\/sigi-lueer.de\/wp-content\/uploads\/2023\/03\/2016-4-schloss-immenstadt-sigi-lueer-1-300x300.jpg 300w, https:\/\/sigi-lueer.de\/wp-content\/uploads\/2023\/03\/2016-4-schloss-immenstadt-sigi-lueer-1-150x150.jpg 150w, https:\/\/sigi-lueer.de\/wp-content\/uploads\/2023\/03\/2016-4-schloss-immenstadt-sigi-lueer-1-768x768.jpg 768w, https:\/\/sigi-lueer.de\/wp-content\/uploads\/2023\/03\/2016-4-schloss-immenstadt-sigi-lueer-1-1536x1536.jpg 1536w, https:\/\/sigi-lueer.de\/wp-content\/uploads\/2023\/03\/2016-4-schloss-immenstadt-sigi-lueer-1-2048x2048.jpg 2048w, https:\/\/sigi-lueer.de\/wp-content\/uploads\/2023\/03\/2016-4-schloss-immenstadt-sigi-lueer-1-2000x1999.jpg 2000w\" sizes=\"(max-width: 1024px) 100vw, 1024px\" \/><\/figure>\n\n\n\n<figure class=\"wp-block-image aligncenter size-large is-resized\"><img loading=\"lazy\" decoding=\"async\" width=\"800\" height=\"800\" src=\"https:\/\/sigi-lueer.de\/wp-content\/uploads\/2023\/03\/2016-5-schloss-immenstadt-chantalle-schubert-pit-bartenschlager-1-2.jpg\" alt=\"\" class=\"wp-image-1071\" style=\"width:374px;height:auto\" srcset=\"https:\/\/sigi-lueer.de\/wp-content\/uploads\/2023\/03\/2016-5-schloss-immenstadt-chantalle-schubert-pit-bartenschlager-1-2.jpg 800w, https:\/\/sigi-lueer.de\/wp-content\/uploads\/2023\/03\/2016-5-schloss-immenstadt-chantalle-schubert-pit-bartenschlager-1-2-300x300.jpg 300w, https:\/\/sigi-lueer.de\/wp-content\/uploads\/2023\/03\/2016-5-schloss-immenstadt-chantalle-schubert-pit-bartenschlager-1-2-150x150.jpg 150w, https:\/\/sigi-lueer.de\/wp-content\/uploads\/2023\/03\/2016-5-schloss-immenstadt-chantalle-schubert-pit-bartenschlager-1-2-768x768.jpg 768w\" sizes=\"(max-width: 800px) 100vw, 800px\" \/><\/figure>\n\n\n\n<figure class=\"wp-block-image aligncenter size-full is-resized\"><img loading=\"lazy\" decoding=\"async\" width=\"800\" height=\"800\" src=\"https:\/\/sigi-lueer.de\/wp-content\/uploads\/2023\/03\/2016-6-schloss-immenstadt-sigi-lueer-3.jpg\" alt=\"\" class=\"wp-image-1073\" style=\"width:368px;height:auto\" srcset=\"https:\/\/sigi-lueer.de\/wp-content\/uploads\/2023\/03\/2016-6-schloss-immenstadt-sigi-lueer-3.jpg 800w, https:\/\/sigi-lueer.de\/wp-content\/uploads\/2023\/03\/2016-6-schloss-immenstadt-sigi-lueer-3-300x300.jpg 300w, https:\/\/sigi-lueer.de\/wp-content\/uploads\/2023\/03\/2016-6-schloss-immenstadt-sigi-lueer-3-150x150.jpg 150w, https:\/\/sigi-lueer.de\/wp-content\/uploads\/2023\/03\/2016-6-schloss-immenstadt-sigi-lueer-3-768x768.jpg 768w\" sizes=\"(max-width: 800px) 100vw, 800px\" \/><\/figure>\n\n\n\n<p><\/p>\n\n\n\n<p><\/p>\n\n\n\n<figure class=\"wp-block-image aligncenter size-large is-resized\"><img loading=\"lazy\" decoding=\"async\" width=\"566\" height=\"800\" src=\"https:\/\/sigi-lueer.de\/wp-content\/uploads\/2023\/03\/Folk-Plakat2016d-1.jpg\" alt=\"\" class=\"wp-image-1076\" style=\"aspect-ratio:0.7076923076923077;width:368px;height:auto\" srcset=\"https:\/\/sigi-lueer.de\/wp-content\/uploads\/2023\/03\/Folk-Plakat2016d-1.jpg 566w, https:\/\/sigi-lueer.de\/wp-content\/uploads\/2023\/03\/Folk-Plakat2016d-1-212x300.jpg 212w\" sizes=\"(max-width: 566px) 100vw, 566px\" \/><\/figure>\n\n\n\n<p class=\"has-text-align-center\"><strong>Kulturwerkstatt Sonthofen<\/strong><\/p>\n\n\n\n<figure class=\"wp-block-image aligncenter size-large is-resized\"><img loading=\"lazy\" decoding=\"async\" width=\"682\" height=\"1024\" src=\"https:\/\/sigi-lueer.de\/wp-content\/uploads\/2023\/03\/2016-60sigi-lueer-sonthofen-kulturwerkstatt-1.jpg\" alt=\"\" class=\"wp-image-1075\" style=\"aspect-ratio:0.665625;width:388px;height:auto\" srcset=\"https:\/\/sigi-lueer.de\/wp-content\/uploads\/2023\/03\/2016-60sigi-lueer-sonthofen-kulturwerkstatt-1.jpg 682w, https:\/\/sigi-lueer.de\/wp-content\/uploads\/2023\/03\/2016-60sigi-lueer-sonthofen-kulturwerkstatt-1-200x300.jpg 200w\" sizes=\"(max-width: 682px) 100vw, 682px\" \/><\/figure>\n\n\n\n<figure class=\"wp-block-image aligncenter size-large is-resized\"><img loading=\"lazy\" decoding=\"async\" width=\"1024\" height=\"682\" src=\"https:\/\/sigi-lueer.de\/wp-content\/uploads\/2023\/03\/2016-1-john-mc-nutt-sonthofen-kulturwerkstatt-3-1024x682.jpg\" alt=\"\" class=\"wp-image-1077\" style=\"aspect-ratio:1.5;width:402px;height:auto\" srcset=\"https:\/\/sigi-lueer.de\/wp-content\/uploads\/2023\/03\/2016-1-john-mc-nutt-sonthofen-kulturwerkstatt-3-1024x682.jpg 1024w, https:\/\/sigi-lueer.de\/wp-content\/uploads\/2023\/03\/2016-1-john-mc-nutt-sonthofen-kulturwerkstatt-3-300x200.jpg 300w, https:\/\/sigi-lueer.de\/wp-content\/uploads\/2023\/03\/2016-1-john-mc-nutt-sonthofen-kulturwerkstatt-3-768x512.jpg 768w, https:\/\/sigi-lueer.de\/wp-content\/uploads\/2023\/03\/2016-1-john-mc-nutt-sonthofen-kulturwerkstatt-3.jpg 1280w\" sizes=\"(max-width: 1024px) 100vw, 1024px\" \/><figcaption class=\"wp-element-caption\"><strong>John McNutt<\/strong><\/figcaption><\/figure>\n\n\n\n<figure class=\"wp-block-image aligncenter size-large is-resized\"><img loading=\"lazy\" decoding=\"async\" width=\"1024\" height=\"682\" src=\"https:\/\/sigi-lueer.de\/wp-content\/uploads\/2024\/01\/IMG_1318-1024x682.jpg\" alt=\"\" class=\"wp-image-1852\" style=\"width:404px;height:auto\" srcset=\"https:\/\/sigi-lueer.de\/wp-content\/uploads\/2024\/01\/IMG_1318-1024x682.jpg 1024w, https:\/\/sigi-lueer.de\/wp-content\/uploads\/2024\/01\/IMG_1318-300x200.jpg 300w, https:\/\/sigi-lueer.de\/wp-content\/uploads\/2024\/01\/IMG_1318-600x400.jpg 600w, https:\/\/sigi-lueer.de\/wp-content\/uploads\/2024\/01\/IMG_1318-1200x800.jpg 1200w, https:\/\/sigi-lueer.de\/wp-content\/uploads\/2024\/01\/IMG_1318.jpg 1280w\" sizes=\"(max-width: 1024px) 100vw, 1024px\" \/><\/figure>\n\n\n\n<figure class=\"wp-block-image aligncenter size-large is-resized\"><img loading=\"lazy\" decoding=\"async\" width=\"1024\" height=\"682\" src=\"https:\/\/sigi-lueer.de\/wp-content\/uploads\/2023\/03\/2016-3-sigi-lueer-sonthofen-kulturwerkstatt-2-3-1024x682.jpg\" alt=\"\" class=\"wp-image-1082\" style=\"width:460px;height:auto\" srcset=\"https:\/\/sigi-lueer.de\/wp-content\/uploads\/2023\/03\/2016-3-sigi-lueer-sonthofen-kulturwerkstatt-2-3-1024x682.jpg 1024w, https:\/\/sigi-lueer.de\/wp-content\/uploads\/2023\/03\/2016-3-sigi-lueer-sonthofen-kulturwerkstatt-2-3-300x200.jpg 300w, https:\/\/sigi-lueer.de\/wp-content\/uploads\/2023\/03\/2016-3-sigi-lueer-sonthofen-kulturwerkstatt-2-3-768x512.jpg 768w, https:\/\/sigi-lueer.de\/wp-content\/uploads\/2023\/03\/2016-3-sigi-lueer-sonthofen-kulturwerkstatt-2-3.jpg 1280w\" sizes=\"(max-width: 1024px) 100vw, 1024px\" \/><\/figure>\n\n\n\n<figure class=\"wp-block-image aligncenter size-large is-resized\"><img loading=\"lazy\" decoding=\"async\" width=\"1024\" height=\"682\" src=\"https:\/\/sigi-lueer.de\/wp-content\/uploads\/2023\/03\/2016-5-fabina-mroz-steffi-waller-sonthofen-kulturwerkstatt-3-1024x682.jpg\" alt=\"\" class=\"wp-image-1081\" style=\"width:460px;height:auto\" srcset=\"https:\/\/sigi-lueer.de\/wp-content\/uploads\/2023\/03\/2016-5-fabina-mroz-steffi-waller-sonthofen-kulturwerkstatt-3-1024x682.jpg 1024w, https:\/\/sigi-lueer.de\/wp-content\/uploads\/2023\/03\/2016-5-fabina-mroz-steffi-waller-sonthofen-kulturwerkstatt-3-300x200.jpg 300w, https:\/\/sigi-lueer.de\/wp-content\/uploads\/2023\/03\/2016-5-fabina-mroz-steffi-waller-sonthofen-kulturwerkstatt-3-768x512.jpg 768w, https:\/\/sigi-lueer.de\/wp-content\/uploads\/2023\/03\/2016-5-fabina-mroz-steffi-waller-sonthofen-kulturwerkstatt-3.jpg 1280w\" sizes=\"(max-width: 1024px) 100vw, 1024px\" \/><\/figure>\n\n\n\n<p><\/p>\n\n\n\n<p class=\"has-text-align-center\"><strong>2016 Memmingen, Feierstunde zu: \u201e70 Jahre Bayerische Verfassung&#8220;<\/strong><\/p>\n\n\n\n<figure class=\"wp-block-image aligncenter size-large is-resized\"><img loading=\"lazy\" decoding=\"async\" width=\"1024\" height=\"379\" src=\"https:\/\/sigi-lueer.de\/wp-content\/uploads\/2023\/03\/2016-70-jahre-bayrische-verfassung-pit-bartenschlager-dr.-paul-wengert-sigi-lueer-3-5-1024x379.jpg\" alt=\"\" class=\"wp-image-1084\" style=\"aspect-ratio:2.704225352112676;width:560px;height:auto\" srcset=\"https:\/\/sigi-lueer.de\/wp-content\/uploads\/2023\/03\/2016-70-jahre-bayrische-verfassung-pit-bartenschlager-dr.-paul-wengert-sigi-lueer-3-5-1024x379.jpg 1024w, https:\/\/sigi-lueer.de\/wp-content\/uploads\/2023\/03\/2016-70-jahre-bayrische-verfassung-pit-bartenschlager-dr.-paul-wengert-sigi-lueer-3-5-300x111.jpg 300w, https:\/\/sigi-lueer.de\/wp-content\/uploads\/2023\/03\/2016-70-jahre-bayrische-verfassung-pit-bartenschlager-dr.-paul-wengert-sigi-lueer-3-5-768x284.jpg 768w, https:\/\/sigi-lueer.de\/wp-content\/uploads\/2023\/03\/2016-70-jahre-bayrische-verfassung-pit-bartenschlager-dr.-paul-wengert-sigi-lueer-3-5-1536x569.jpg 1536w, https:\/\/sigi-lueer.de\/wp-content\/uploads\/2023\/03\/2016-70-jahre-bayrische-verfassung-pit-bartenschlager-dr.-paul-wengert-sigi-lueer-3-5.jpg 1674w\" sizes=\"(max-width: 1024px) 100vw, 1024px\" \/><\/figure>\n\n\n\n<figure class=\"wp-block-image aligncenter size-large is-resized is-style-default\"><img loading=\"lazy\" decoding=\"async\" width=\"1024\" height=\"768\" src=\"https:\/\/sigi-lueer.de\/wp-content\/uploads\/2023\/03\/2016-70-jahre-bayrische-verfassung-pit-bartenschlager-dr.-paul-wengert-sigi-lueer-2-4-1024x768.jpg\" alt=\"\" class=\"wp-image-1085\" style=\"width:559px;height:auto\" srcset=\"https:\/\/sigi-lueer.de\/wp-content\/uploads\/2023\/03\/2016-70-jahre-bayrische-verfassung-pit-bartenschlager-dr.-paul-wengert-sigi-lueer-2-4-1024x768.jpg 1024w, https:\/\/sigi-lueer.de\/wp-content\/uploads\/2023\/03\/2016-70-jahre-bayrische-verfassung-pit-bartenschlager-dr.-paul-wengert-sigi-lueer-2-4-300x225.jpg 300w, https:\/\/sigi-lueer.de\/wp-content\/uploads\/2023\/03\/2016-70-jahre-bayrische-verfassung-pit-bartenschlager-dr.-paul-wengert-sigi-lueer-2-4-768x576.jpg 768w, https:\/\/sigi-lueer.de\/wp-content\/uploads\/2023\/03\/2016-70-jahre-bayrische-verfassung-pit-bartenschlager-dr.-paul-wengert-sigi-lueer-2-4-1536x1152.jpg 1536w, https:\/\/sigi-lueer.de\/wp-content\/uploads\/2023\/03\/2016-70-jahre-bayrische-verfassung-pit-bartenschlager-dr.-paul-wengert-sigi-lueer-2-4-2048x1536.jpg 2048w, https:\/\/sigi-lueer.de\/wp-content\/uploads\/2023\/03\/2016-70-jahre-bayrische-verfassung-pit-bartenschlager-dr.-paul-wengert-sigi-lueer-2-4-2000x1500.jpg 2000w\" sizes=\"(max-width: 1024px) 100vw, 1024px\" \/><figcaption class=\"wp-element-caption\">Pit Bartenschlager &amp; Sigi L\u00fcer<\/figcaption><\/figure>\n\n\n\n<figure class=\"wp-block-image aligncenter size-large is-resized\"><img loading=\"lazy\" decoding=\"async\" width=\"1024\" height=\"768\" src=\"https:\/\/sigi-lueer.de\/wp-content\/uploads\/2023\/03\/2016-70-jahre-bayrische-verfassung-pit-bartenschlager-dr.-paul-wengert-sigi-lueer-7-1024x768.jpg\" alt=\"\" class=\"wp-image-1086\" style=\"width:556px;height:auto\" srcset=\"https:\/\/sigi-lueer.de\/wp-content\/uploads\/2023\/03\/2016-70-jahre-bayrische-verfassung-pit-bartenschlager-dr.-paul-wengert-sigi-lueer-7-1024x768.jpg 1024w, https:\/\/sigi-lueer.de\/wp-content\/uploads\/2023\/03\/2016-70-jahre-bayrische-verfassung-pit-bartenschlager-dr.-paul-wengert-sigi-lueer-7-300x225.jpg 300w, https:\/\/sigi-lueer.de\/wp-content\/uploads\/2023\/03\/2016-70-jahre-bayrische-verfassung-pit-bartenschlager-dr.-paul-wengert-sigi-lueer-7-768x576.jpg 768w, https:\/\/sigi-lueer.de\/wp-content\/uploads\/2023\/03\/2016-70-jahre-bayrische-verfassung-pit-bartenschlager-dr.-paul-wengert-sigi-lueer-7-1536x1152.jpg 1536w, https:\/\/sigi-lueer.de\/wp-content\/uploads\/2023\/03\/2016-70-jahre-bayrische-verfassung-pit-bartenschlager-dr.-paul-wengert-sigi-lueer-7-2048x1536.jpg 2048w, https:\/\/sigi-lueer.de\/wp-content\/uploads\/2023\/03\/2016-70-jahre-bayrische-verfassung-pit-bartenschlager-dr.-paul-wengert-sigi-lueer-7-2000x1500.jpg 2000w\" sizes=\"(max-width: 1024px) 100vw, 1024px\" \/><figcaption class=\"wp-element-caption\">Pit &amp; Sigi im Gespr\u00e4ch mit MdL Paul Wengert<\/figcaption><\/figure>\n\n\n\n<p class=\"has-text-align-center\"><strong>2017 Siefenhofen Artemesia: Liedermachertreff<\/strong><\/p>\n\n\n\n<figure class=\"wp-block-image aligncenter size-large is-resized\"><img loading=\"lazy\" decoding=\"async\" width=\"1024\" height=\"576\" src=\"https:\/\/sigi-lueer.de\/wp-content\/uploads\/2023\/03\/DSC0332-1024x576.jpg\" alt=\"\" class=\"wp-image-1288\" style=\"width:470px;height:auto\" srcset=\"https:\/\/sigi-lueer.de\/wp-content\/uploads\/2023\/03\/DSC0332-1024x576.jpg 1024w, https:\/\/sigi-lueer.de\/wp-content\/uploads\/2023\/03\/DSC0332-300x169.jpg 300w, https:\/\/sigi-lueer.de\/wp-content\/uploads\/2023\/03\/DSC0332-768x432.jpg 768w, https:\/\/sigi-lueer.de\/wp-content\/uploads\/2023\/03\/DSC0332-1536x865.jpg 1536w, https:\/\/sigi-lueer.de\/wp-content\/uploads\/2023\/03\/DSC0332-2048x1153.jpg 2048w, https:\/\/sigi-lueer.de\/wp-content\/uploads\/2023\/03\/DSC0332-2000x1126.jpg 2000w\" sizes=\"(max-width: 1024px) 100vw, 1024px\" \/><\/figure>\n\n\n\n<figure class=\"wp-block-image aligncenter size-large is-resized\"><img loading=\"lazy\" decoding=\"async\" width=\"1024\" height=\"576\" src=\"https:\/\/sigi-lueer.de\/wp-content\/uploads\/2023\/03\/DSC0336-1024x576.jpg\" alt=\"\" class=\"wp-image-1289\" style=\"width:466px;height:auto\" srcset=\"https:\/\/sigi-lueer.de\/wp-content\/uploads\/2023\/03\/DSC0336-1024x576.jpg 1024w, https:\/\/sigi-lueer.de\/wp-content\/uploads\/2023\/03\/DSC0336-300x169.jpg 300w, https:\/\/sigi-lueer.de\/wp-content\/uploads\/2023\/03\/DSC0336-768x432.jpg 768w, https:\/\/sigi-lueer.de\/wp-content\/uploads\/2023\/03\/DSC0336-1536x865.jpg 1536w, https:\/\/sigi-lueer.de\/wp-content\/uploads\/2023\/03\/DSC0336-2048x1153.jpg 2048w, https:\/\/sigi-lueer.de\/wp-content\/uploads\/2023\/03\/DSC0336-2000x1126.jpg 2000w\" sizes=\"(max-width: 1024px) 100vw, 1024px\" \/><\/figure>\n\n\n\n<figure class=\"wp-block-image aligncenter size-large is-resized\"><img loading=\"lazy\" decoding=\"async\" width=\"1024\" height=\"576\" src=\"https:\/\/sigi-lueer.de\/wp-content\/uploads\/2023\/03\/DSC0330-1024x576.jpg\" alt=\"\" class=\"wp-image-1292\" style=\"width:460px;height:auto\" srcset=\"https:\/\/sigi-lueer.de\/wp-content\/uploads\/2023\/03\/DSC0330-1024x576.jpg 1024w, https:\/\/sigi-lueer.de\/wp-content\/uploads\/2023\/03\/DSC0330-300x169.jpg 300w, https:\/\/sigi-lueer.de\/wp-content\/uploads\/2023\/03\/DSC0330-768x432.jpg 768w, https:\/\/sigi-lueer.de\/wp-content\/uploads\/2023\/03\/DSC0330-1536x865.jpg 1536w, https:\/\/sigi-lueer.de\/wp-content\/uploads\/2023\/03\/DSC0330-2048x1153.jpg 2048w, https:\/\/sigi-lueer.de\/wp-content\/uploads\/2023\/03\/DSC0330-2000x1126.jpg 2000w\" sizes=\"(max-width: 1024px) 100vw, 1024px\" \/><\/figure>\n\n\n\n<p><\/p>\n\n\n\n<p class=\"has-text-align-center\"><strong>Konzert zu Gunsten f\u00fcr des Kinderschutzbund Immenstadt<\/strong><\/p>\n\n\n\n<figure class=\"wp-block-image aligncenter size-large is-resized\"><img loading=\"lazy\" decoding=\"async\" width=\"721\" height=\"1024\" src=\"https:\/\/sigi-lueer.de\/wp-content\/uploads\/2023\/03\/2017-poster-ankuendigung-musikaten-sind-in-der-stadt-2-721x1024.jpg\" alt=\"\" class=\"wp-image-1088\" style=\"aspect-ratio:0.7044270833333334;width:349px;height:auto\" srcset=\"https:\/\/sigi-lueer.de\/wp-content\/uploads\/2023\/03\/2017-poster-ankuendigung-musikaten-sind-in-der-stadt-2-721x1024.jpg 721w, https:\/\/sigi-lueer.de\/wp-content\/uploads\/2023\/03\/2017-poster-ankuendigung-musikaten-sind-in-der-stadt-2-211x300.jpg 211w, https:\/\/sigi-lueer.de\/wp-content\/uploads\/2023\/03\/2017-poster-ankuendigung-musikaten-sind-in-der-stadt-2-768x1091.jpg 768w, https:\/\/sigi-lueer.de\/wp-content\/uploads\/2023\/03\/2017-poster-ankuendigung-musikaten-sind-in-der-stadt-2-1081x1536.jpg 1081w, https:\/\/sigi-lueer.de\/wp-content\/uploads\/2023\/03\/2017-poster-ankuendigung-musikaten-sind-in-der-stadt-2-1442x2048.jpg 1442w, https:\/\/sigi-lueer.de\/wp-content\/uploads\/2023\/03\/2017-poster-ankuendigung-musikaten-sind-in-der-stadt-2-scaled.jpg 1802w\" sizes=\"(max-width: 721px) 100vw, 721px\" \/><\/figure>\n\n\n\n<figure class=\"wp-block-image aligncenter size-large is-resized\"><img loading=\"lazy\" decoding=\"async\" width=\"800\" height=\"450\" src=\"https:\/\/sigi-lueer.de\/wp-content\/uploads\/2023\/03\/2017-musikaten-sind-in-der-stadt-1-10.jpg\" alt=\"\" class=\"wp-image-1089\" style=\"width:450px;height:auto\" srcset=\"https:\/\/sigi-lueer.de\/wp-content\/uploads\/2023\/03\/2017-musikaten-sind-in-der-stadt-1-10.jpg 800w, https:\/\/sigi-lueer.de\/wp-content\/uploads\/2023\/03\/2017-musikaten-sind-in-der-stadt-1-10-300x169.jpg 300w, https:\/\/sigi-lueer.de\/wp-content\/uploads\/2023\/03\/2017-musikaten-sind-in-der-stadt-1-10-768x432.jpg 768w\" sizes=\"(max-width: 800px) 100vw, 800px\" \/><\/figure>\n\n\n\n<figure class=\"wp-block-image aligncenter size-large is-resized\"><img loading=\"lazy\" decoding=\"async\" width=\"973\" height=\"666\" src=\"https:\/\/sigi-lueer.de\/wp-content\/uploads\/2023\/03\/2017-musikaten-sind-in-der-stadt-1-11.jpg\" alt=\"\" class=\"wp-image-1090\" style=\"width:453px;height:auto\" srcset=\"https:\/\/sigi-lueer.de\/wp-content\/uploads\/2023\/03\/2017-musikaten-sind-in-der-stadt-1-11.jpg 973w, https:\/\/sigi-lueer.de\/wp-content\/uploads\/2023\/03\/2017-musikaten-sind-in-der-stadt-1-11-300x205.jpg 300w, https:\/\/sigi-lueer.de\/wp-content\/uploads\/2023\/03\/2017-musikaten-sind-in-der-stadt-1-11-768x526.jpg 768w\" sizes=\"(max-width: 973px) 100vw, 973px\" \/><figcaption class=\"wp-element-caption\"><strong>Monika Kohler bedankt sich f\u00fcr die Spende<\/strong><\/figcaption><\/figure>\n\n\n\n<figure class=\"wp-block-image aligncenter size-large is-resized\"><img loading=\"lazy\" decoding=\"async\" width=\"728\" height=\"1024\" src=\"https:\/\/sigi-lueer.de\/wp-content\/uploads\/2023\/03\/2017-posterr-singt-mey-und-mehr-mit-tim-hecking-vol-2-2-728x1024.jpg\" alt=\"\" class=\"wp-image-1092\" style=\"width:350px;height:auto\" srcset=\"https:\/\/sigi-lueer.de\/wp-content\/uploads\/2023\/03\/2017-posterr-singt-mey-und-mehr-mit-tim-hecking-vol-2-2-728x1024.jpg 728w, https:\/\/sigi-lueer.de\/wp-content\/uploads\/2023\/03\/2017-posterr-singt-mey-und-mehr-mit-tim-hecking-vol-2-2-213x300.jpg 213w, https:\/\/sigi-lueer.de\/wp-content\/uploads\/2023\/03\/2017-posterr-singt-mey-und-mehr-mit-tim-hecking-vol-2-2-768x1080.jpg 768w, https:\/\/sigi-lueer.de\/wp-content\/uploads\/2023\/03\/2017-posterr-singt-mey-und-mehr-mit-tim-hecking-vol-2-2.jpg 800w\" sizes=\"(max-width: 728px) 100vw, 728px\" \/><\/figure>\n\n\n\n<figure class=\"wp-block-image aligncenter size-large is-resized\"><img loading=\"lazy\" decoding=\"async\" width=\"1024\" height=\"664\" src=\"https:\/\/sigi-lueer.de\/wp-content\/uploads\/2024\/01\/IMG-20171030-WA0011-1024x664.jpg\" alt=\"\" class=\"wp-image-1827\" style=\"width:357px;height:auto\" srcset=\"https:\/\/sigi-lueer.de\/wp-content\/uploads\/2024\/01\/IMG-20171030-WA0011-1024x664.jpg 1024w, https:\/\/sigi-lueer.de\/wp-content\/uploads\/2024\/01\/IMG-20171030-WA0011-300x195.jpg 300w, https:\/\/sigi-lueer.de\/wp-content\/uploads\/2024\/01\/IMG-20171030-WA0011.jpg 1110w\" sizes=\"(max-width: 1024px) 100vw, 1024px\" \/><\/figure>\n\n\n\n<figure class=\"wp-block-image aligncenter size-full is-resized\"><img loading=\"lazy\" decoding=\"async\" width=\"693\" height=\"836\" src=\"https:\/\/sigi-lueer.de\/wp-content\/uploads\/2024\/01\/IMG-20171031-WA0003.jpg\" alt=\"\" class=\"wp-image-1828\" style=\"width:359px;height:auto\" srcset=\"https:\/\/sigi-lueer.de\/wp-content\/uploads\/2024\/01\/IMG-20171031-WA0003.jpg 693w, https:\/\/sigi-lueer.de\/wp-content\/uploads\/2024\/01\/IMG-20171031-WA0003-249x300.jpg 249w\" sizes=\"(max-width: 693px) 100vw, 693px\" \/><\/figure>\n\n\n\n<figure class=\"wp-block-image aligncenter size-large is-resized\"><img loading=\"lazy\" decoding=\"async\" width=\"1024\" height=\"576\" src=\"https:\/\/sigi-lueer.de\/wp-content\/uploads\/2024\/01\/IMG-20171030-WA0007-1024x576.jpg\" alt=\"\" class=\"wp-image-1829\" style=\"width:368px;height:auto\" srcset=\"https:\/\/sigi-lueer.de\/wp-content\/uploads\/2024\/01\/IMG-20171030-WA0007-1024x576.jpg 1024w, https:\/\/sigi-lueer.de\/wp-content\/uploads\/2024\/01\/IMG-20171030-WA0007-300x169.jpg 300w, https:\/\/sigi-lueer.de\/wp-content\/uploads\/2024\/01\/IMG-20171030-WA0007.jpg 1280w\" sizes=\"(max-width: 1024px) 100vw, 1024px\" \/><\/figure>\n\n\n\n<figure class=\"wp-block-image aligncenter size-large is-resized\"><img loading=\"lazy\" decoding=\"async\" width=\"1024\" height=\"768\" src=\"https:\/\/sigi-lueer.de\/wp-content\/uploads\/2024\/01\/IMG-20171031-WA0004-1024x768.jpg\" alt=\"\" class=\"wp-image-1830\" style=\"width:375px;height:auto\" srcset=\"https:\/\/sigi-lueer.de\/wp-content\/uploads\/2024\/01\/IMG-20171031-WA0004-1024x768.jpg 1024w, https:\/\/sigi-lueer.de\/wp-content\/uploads\/2024\/01\/IMG-20171031-WA0004-300x225.jpg 300w, https:\/\/sigi-lueer.de\/wp-content\/uploads\/2024\/01\/IMG-20171031-WA0004.jpg 1280w\" sizes=\"(max-width: 1024px) 100vw, 1024px\" \/><\/figure>\n\n\n\n<p><\/p>\n\n\n\n<p class=\"has-text-align-center\"><strong>Artemesia Siefenhofen 18. M\u00e4rz 2018<\/strong><\/p>\n\n\n\n<figure class=\"wp-block-image aligncenter size-large is-resized\"><img loading=\"lazy\" decoding=\"async\" width=\"1024\" height=\"774\" src=\"https:\/\/sigi-lueer.de\/wp-content\/uploads\/2024\/01\/IMG_0157-1024x774.jpg\" alt=\"\" class=\"wp-image-1831\" style=\"width:391px;height:auto\" srcset=\"https:\/\/sigi-lueer.de\/wp-content\/uploads\/2024\/01\/IMG_0157-1024x774.jpg 1024w, https:\/\/sigi-lueer.de\/wp-content\/uploads\/2024\/01\/IMG_0157-300x227.jpg 300w, https:\/\/sigi-lueer.de\/wp-content\/uploads\/2024\/01\/IMG_0157-2000x1511.jpg 2000w\" sizes=\"(max-width: 1024px) 100vw, 1024px\" \/><\/figure>\n\n\n\n<p><\/p>\n\n\n\n<p class=\"has-text-align-center\"><strong>Sonthofen 6. April 2018<\/strong><\/p>\n\n\n\n<figure class=\"wp-block-image aligncenter size-large is-resized\"><img loading=\"lazy\" decoding=\"async\" width=\"724\" height=\"1024\" src=\"https:\/\/sigi-lueer.de\/wp-content\/uploads\/2023\/03\/2018-1-cafe-herlein-live-nacht-Christian-Sigi-1-724x1024.jpg\" alt=\"\" class=\"wp-image-1109\" style=\"width:376px;height:auto\" srcset=\"https:\/\/sigi-lueer.de\/wp-content\/uploads\/2023\/03\/2018-1-cafe-herlein-live-nacht-Christian-Sigi-1-724x1024.jpg 724w, https:\/\/sigi-lueer.de\/wp-content\/uploads\/2023\/03\/2018-1-cafe-herlein-live-nacht-Christian-Sigi-1-212x300.jpg 212w, https:\/\/sigi-lueer.de\/wp-content\/uploads\/2023\/03\/2018-1-cafe-herlein-live-nacht-Christian-Sigi-1-768x1086.jpg 768w, https:\/\/sigi-lueer.de\/wp-content\/uploads\/2023\/03\/2018-1-cafe-herlein-live-nacht-Christian-Sigi-1.jpg 793w\" sizes=\"(max-width: 724px) 100vw, 724px\" \/><\/figure>\n\n\n\n<p><\/p>\n\n\n\n<p class=\"has-text-align-center\"><strong>2018 Irsee Altbau: Liedermachertreff<\/strong><\/p>\n\n\n\n<figure class=\"wp-block-image aligncenter size-full is-resized\"><img loading=\"lazy\" decoding=\"async\" width=\"400\" height=\"444\" src=\"https:\/\/sigi-lueer.de\/wp-content\/uploads\/2023\/03\/2018-1-altbau-irsee-logo-2.jpg\" alt=\"\" class=\"wp-image-1110\" style=\"width:192px;height:auto\" srcset=\"https:\/\/sigi-lueer.de\/wp-content\/uploads\/2023\/03\/2018-1-altbau-irsee-logo-2.jpg 400w, https:\/\/sigi-lueer.de\/wp-content\/uploads\/2023\/03\/2018-1-altbau-irsee-logo-2-270x300.jpg 270w\" sizes=\"(max-width: 400px) 100vw, 400px\" \/><\/figure>\n\n\n\n<figure class=\"wp-block-gallery has-nested-images columns-default is-cropped wp-block-gallery-3 is-layout-flex wp-block-gallery-is-layout-flex\">\n<figure class=\"wp-block-image size-large\"><img loading=\"lazy\" decoding=\"async\" width=\"800\" height=\"800\" data-id=\"1112\" src=\"https:\/\/sigi-lueer.de\/wp-content\/uploads\/2023\/03\/2018-2-altbau-irsee-chritian-blanz-2.jpg\" alt=\"\" class=\"wp-image-1112\" srcset=\"https:\/\/sigi-lueer.de\/wp-content\/uploads\/2023\/03\/2018-2-altbau-irsee-chritian-blanz-2.jpg 800w, https:\/\/sigi-lueer.de\/wp-content\/uploads\/2023\/03\/2018-2-altbau-irsee-chritian-blanz-2-300x300.jpg 300w, https:\/\/sigi-lueer.de\/wp-content\/uploads\/2023\/03\/2018-2-altbau-irsee-chritian-blanz-2-150x150.jpg 150w, https:\/\/sigi-lueer.de\/wp-content\/uploads\/2023\/03\/2018-2-altbau-irsee-chritian-blanz-2-768x768.jpg 768w\" sizes=\"(max-width: 800px) 100vw, 800px\" \/><figcaption class=\"wp-element-caption\">Christian<\/figcaption><\/figure>\n\n\n\n<figure class=\"wp-block-image size-large\"><img loading=\"lazy\" decoding=\"async\" width=\"800\" height=\"800\" data-id=\"1111\" src=\"https:\/\/sigi-lueer.de\/wp-content\/uploads\/2023\/03\/2018-3-altbau-irsee-fabian-mroz-2.jpg\" alt=\"\" class=\"wp-image-1111\" srcset=\"https:\/\/sigi-lueer.de\/wp-content\/uploads\/2023\/03\/2018-3-altbau-irsee-fabian-mroz-2.jpg 800w, https:\/\/sigi-lueer.de\/wp-content\/uploads\/2023\/03\/2018-3-altbau-irsee-fabian-mroz-2-300x300.jpg 300w, https:\/\/sigi-lueer.de\/wp-content\/uploads\/2023\/03\/2018-3-altbau-irsee-fabian-mroz-2-150x150.jpg 150w, https:\/\/sigi-lueer.de\/wp-content\/uploads\/2023\/03\/2018-3-altbau-irsee-fabian-mroz-2-768x768.jpg 768w\" sizes=\"(max-width: 800px) 100vw, 800px\" \/><figcaption class=\"wp-element-caption\">Fabian<\/figcaption><\/figure>\n\n\n\n<figure class=\"wp-block-image size-large\"><img loading=\"lazy\" decoding=\"async\" width=\"800\" height=\"675\" data-id=\"1113\" src=\"https:\/\/sigi-lueer.de\/wp-content\/uploads\/2023\/03\/2018-4-altbau-irsee-sigi-lueer-2.jpg\" alt=\"\" class=\"wp-image-1113\" srcset=\"https:\/\/sigi-lueer.de\/wp-content\/uploads\/2023\/03\/2018-4-altbau-irsee-sigi-lueer-2.jpg 800w, https:\/\/sigi-lueer.de\/wp-content\/uploads\/2023\/03\/2018-4-altbau-irsee-sigi-lueer-2-300x253.jpg 300w, https:\/\/sigi-lueer.de\/wp-content\/uploads\/2023\/03\/2018-4-altbau-irsee-sigi-lueer-2-768x648.jpg 768w\" sizes=\"(max-width: 800px) 100vw, 800px\" \/><figcaption class=\"wp-element-caption\">Sigi<\/figcaption><\/figure>\n<\/figure>\n\n\n\n<figure class=\"wp-block-image aligncenter size-full is-resized\"><img loading=\"lazy\" decoding=\"async\" width=\"800\" height=\"533\" src=\"https:\/\/sigi-lueer.de\/wp-content\/uploads\/2023\/03\/2018-1.1-altbau-irsee-puplikum-2.jpg\" alt=\"\" class=\"wp-image-1114\" style=\"width:400px;height:267px\" srcset=\"https:\/\/sigi-lueer.de\/wp-content\/uploads\/2023\/03\/2018-1.1-altbau-irsee-puplikum-2.jpg 800w, https:\/\/sigi-lueer.de\/wp-content\/uploads\/2023\/03\/2018-1.1-altbau-irsee-puplikum-2-300x200.jpg 300w, https:\/\/sigi-lueer.de\/wp-content\/uploads\/2023\/03\/2018-1.1-altbau-irsee-puplikum-2-768x512.jpg 768w\" sizes=\"(max-width: 800px) 100vw, 800px\" \/><\/figure>\n\n\n\n<figure class=\"wp-block-image aligncenter size-full is-resized\"><img loading=\"lazy\" decoding=\"async\" width=\"800\" height=\"533\" src=\"https:\/\/sigi-lueer.de\/wp-content\/uploads\/2023\/03\/2018-5-altbau-irsee-bonne-and-nhu-2.jpg\" alt=\"\" class=\"wp-image-1115\" style=\"width:400px;height:267px\" srcset=\"https:\/\/sigi-lueer.de\/wp-content\/uploads\/2023\/03\/2018-5-altbau-irsee-bonne-and-nhu-2.jpg 800w, https:\/\/sigi-lueer.de\/wp-content\/uploads\/2023\/03\/2018-5-altbau-irsee-bonne-and-nhu-2-300x200.jpg 300w, https:\/\/sigi-lueer.de\/wp-content\/uploads\/2023\/03\/2018-5-altbau-irsee-bonne-and-nhu-2-768x512.jpg 768w\" sizes=\"(max-width: 800px) 100vw, 800px\" \/><\/figure>\n\n\n\n<figure class=\"wp-block-image aligncenter size-full is-resized\"><img loading=\"lazy\" decoding=\"async\" width=\"800\" height=\"531\" src=\"https:\/\/sigi-lueer.de\/wp-content\/uploads\/2023\/03\/2018-6-altbau-irsee-gruppe-2.jpg\" alt=\"\" class=\"wp-image-1116\" style=\"aspect-ratio:1.5037593984962405;width:386px;height:auto\" srcset=\"https:\/\/sigi-lueer.de\/wp-content\/uploads\/2023\/03\/2018-6-altbau-irsee-gruppe-2.jpg 800w, https:\/\/sigi-lueer.de\/wp-content\/uploads\/2023\/03\/2018-6-altbau-irsee-gruppe-2-300x199.jpg 300w, https:\/\/sigi-lueer.de\/wp-content\/uploads\/2023\/03\/2018-6-altbau-irsee-gruppe-2-768x510.jpg 768w\" sizes=\"(max-width: 800px) 100vw, 800px\" \/><\/figure>\n\n\n\n<p><\/p>\n\n\n\n<p class=\"has-text-align-center\"><strong>Kulturwerkstatt Sonthofen<\/strong><\/p>\n\n\n\n<figure class=\"wp-block-image aligncenter size-large is-resized\"><img loading=\"lazy\" decoding=\"async\" width=\"730\" height=\"1024\" src=\"https:\/\/sigi-lueer.de\/wp-content\/uploads\/2023\/03\/Poster-Musikanten-sind-in-der-Stadt-1-730x1024.jpg\" alt=\"\" class=\"wp-image-1119\" style=\"aspect-ratio:0.7135416666666666;width:402px;height:auto\" srcset=\"https:\/\/sigi-lueer.de\/wp-content\/uploads\/2023\/03\/Poster-Musikanten-sind-in-der-Stadt-1-730x1024.jpg 730w, https:\/\/sigi-lueer.de\/wp-content\/uploads\/2023\/03\/Poster-Musikanten-sind-in-der-Stadt-1-214x300.jpg 214w, https:\/\/sigi-lueer.de\/wp-content\/uploads\/2023\/03\/Poster-Musikanten-sind-in-der-Stadt-1-768x1077.jpg 768w, https:\/\/sigi-lueer.de\/wp-content\/uploads\/2023\/03\/Poster-Musikanten-sind-in-der-Stadt-1.jpg 793w\" sizes=\"(max-width: 730px) 100vw, 730px\" \/><\/figure>\n\n\n\n<figure class=\"wp-block-image aligncenter size-large is-resized\"><img loading=\"lazy\" decoding=\"async\" width=\"1024\" height=\"547\" src=\"https:\/\/sigi-lueer.de\/wp-content\/uploads\/2023\/03\/Tim-Sigi-Christian-2-1024x547.jpg\" alt=\"\" class=\"wp-image-1120\" style=\"aspect-ratio:1.8731707317073172;width:404px;height:auto\" srcset=\"https:\/\/sigi-lueer.de\/wp-content\/uploads\/2023\/03\/Tim-Sigi-Christian-2-1024x547.jpg 1024w, https:\/\/sigi-lueer.de\/wp-content\/uploads\/2023\/03\/Tim-Sigi-Christian-2-300x160.jpg 300w, https:\/\/sigi-lueer.de\/wp-content\/uploads\/2023\/03\/Tim-Sigi-Christian-2-768x410.jpg 768w, https:\/\/sigi-lueer.de\/wp-content\/uploads\/2023\/03\/Tim-Sigi-Christian-2-1536x821.jpg 1536w, https:\/\/sigi-lueer.de\/wp-content\/uploads\/2023\/03\/Tim-Sigi-Christian-2-2048x1094.jpg 2048w, https:\/\/sigi-lueer.de\/wp-content\/uploads\/2023\/03\/Tim-Sigi-Christian-2-2000x1068.jpg 2000w\" sizes=\"(max-width: 1024px) 100vw, 1024px\" \/><\/figure>\n\n\n\n<p><\/p>\n\n\n\n<figure class=\"wp-block-gallery has-nested-images columns-default is-cropped wp-block-gallery-4 is-layout-flex wp-block-gallery-is-layout-flex\">\n<figure class=\"wp-block-image size-large\"><img loading=\"lazy\" decoding=\"async\" width=\"678\" height=\"243\" data-id=\"1836\" src=\"https:\/\/sigi-lueer.de\/wp-content\/uploads\/2024\/01\/Bild-Tim-Sigi-Christian.jpg\" alt=\"\" class=\"wp-image-1836\" srcset=\"https:\/\/sigi-lueer.de\/wp-content\/uploads\/2024\/01\/Bild-Tim-Sigi-Christian.jpg 678w, https:\/\/sigi-lueer.de\/wp-content\/uploads\/2024\/01\/Bild-Tim-Sigi-Christian-300x108.jpg 300w\" sizes=\"(max-width: 678px) 100vw, 678px\" \/><\/figure>\n<\/figure>\n\n\n\n<p class=\"has-text-align-center\"><strong>2019<\/strong><\/p>\n\n\n\n<figure class=\"wp-block-image aligncenter size-large is-resized\"><img loading=\"lazy\" decoding=\"async\" width=\"724\" height=\"1024\" src=\"https:\/\/sigi-lueer.de\/wp-content\/uploads\/2023\/03\/2019_04_27_Gerbrunn-724x1024.jpg\" alt=\"\" class=\"wp-image-812\" style=\"width:263px;height:auto\" srcset=\"https:\/\/sigi-lueer.de\/wp-content\/uploads\/2023\/03\/2019_04_27_Gerbrunn-724x1024.jpg 724w, https:\/\/sigi-lueer.de\/wp-content\/uploads\/2023\/03\/2019_04_27_Gerbrunn-212x300.jpg 212w, https:\/\/sigi-lueer.de\/wp-content\/uploads\/2023\/03\/2019_04_27_Gerbrunn-768x1087.jpg 768w, https:\/\/sigi-lueer.de\/wp-content\/uploads\/2023\/03\/2019_04_27_Gerbrunn.jpg 793w\" sizes=\"(max-width: 724px) 100vw, 724px\" \/><\/figure>\n\n\n\n<figure class=\"wp-block-image aligncenter size-full is-resized\"><img loading=\"lazy\" decoding=\"async\" width=\"800\" height=\"515\" src=\"https:\/\/sigi-lueer.de\/wp-content\/uploads\/2023\/03\/2019-1-eingang-kulturbuehne-gerbrunn-lueer-singt-mey-mehr-sigi-lueer-tim-hecking-1.jpg\" alt=\"\" class=\"wp-image-1127\" style=\"width:377px;height:auto\" srcset=\"https:\/\/sigi-lueer.de\/wp-content\/uploads\/2023\/03\/2019-1-eingang-kulturbuehne-gerbrunn-lueer-singt-mey-mehr-sigi-lueer-tim-hecking-1.jpg 800w, https:\/\/sigi-lueer.de\/wp-content\/uploads\/2023\/03\/2019-1-eingang-kulturbuehne-gerbrunn-lueer-singt-mey-mehr-sigi-lueer-tim-hecking-1-300x193.jpg 300w, https:\/\/sigi-lueer.de\/wp-content\/uploads\/2023\/03\/2019-1-eingang-kulturbuehne-gerbrunn-lueer-singt-mey-mehr-sigi-lueer-tim-hecking-1-768x494.jpg 768w\" sizes=\"(max-width: 800px) 100vw, 800px\" \/><\/figure>\n\n\n\n<figure class=\"wp-block-image aligncenter size-large is-resized\"><img loading=\"lazy\" decoding=\"async\" width=\"1000\" height=\"563\" src=\"https:\/\/sigi-lueer.de\/wp-content\/uploads\/2023\/03\/2019-3-kulturbuehne-gerbrunn-lueer-singt-mey-mehr-sigi-lueer-tim-hecking-2.jpg\" alt=\"\" class=\"wp-image-1132\" style=\"width:528px;height:auto\" srcset=\"https:\/\/sigi-lueer.de\/wp-content\/uploads\/2023\/03\/2019-3-kulturbuehne-gerbrunn-lueer-singt-mey-mehr-sigi-lueer-tim-hecking-2.jpg 1000w, https:\/\/sigi-lueer.de\/wp-content\/uploads\/2023\/03\/2019-3-kulturbuehne-gerbrunn-lueer-singt-mey-mehr-sigi-lueer-tim-hecking-2-300x169.jpg 300w, https:\/\/sigi-lueer.de\/wp-content\/uploads\/2023\/03\/2019-3-kulturbuehne-gerbrunn-lueer-singt-mey-mehr-sigi-lueer-tim-hecking-2-768x432.jpg 768w\" sizes=\"(max-width: 1000px) 100vw, 1000px\" \/><\/figure>\n\n\n\n<figure class=\"wp-block-image aligncenter size-large is-resized\"><img loading=\"lazy\" decoding=\"async\" width=\"1000\" height=\"563\" src=\"https:\/\/sigi-lueer.de\/wp-content\/uploads\/2023\/03\/2019-5-kulturbuehne-gerbrunn-lueer-singt-mey-mehr-sigi-lueer-tim-hecking-2.jpg\" alt=\"\" class=\"wp-image-1130\" style=\"width:526px;height:auto\" srcset=\"https:\/\/sigi-lueer.de\/wp-content\/uploads\/2023\/03\/2019-5-kulturbuehne-gerbrunn-lueer-singt-mey-mehr-sigi-lueer-tim-hecking-2.jpg 1000w, https:\/\/sigi-lueer.de\/wp-content\/uploads\/2023\/03\/2019-5-kulturbuehne-gerbrunn-lueer-singt-mey-mehr-sigi-lueer-tim-hecking-2-300x169.jpg 300w, https:\/\/sigi-lueer.de\/wp-content\/uploads\/2023\/03\/2019-5-kulturbuehne-gerbrunn-lueer-singt-mey-mehr-sigi-lueer-tim-hecking-2-768x432.jpg 768w\" sizes=\"(max-width: 1000px) 100vw, 1000px\" \/><\/figure>\n\n\n\n<figure class=\"wp-block-image aligncenter size-large is-resized\"><img loading=\"lazy\" decoding=\"async\" width=\"1000\" height=\"563\" src=\"https:\/\/sigi-lueer.de\/wp-content\/uploads\/2023\/03\/2019-6-kulturbuehne-gerbrunn-lueer-singt-mey-mehr-sigi-lueer-tim-hecking-3.jpg\" alt=\"\" class=\"wp-image-1131\" style=\"width:528px;height:auto\" srcset=\"https:\/\/sigi-lueer.de\/wp-content\/uploads\/2023\/03\/2019-6-kulturbuehne-gerbrunn-lueer-singt-mey-mehr-sigi-lueer-tim-hecking-3.jpg 1000w, https:\/\/sigi-lueer.de\/wp-content\/uploads\/2023\/03\/2019-6-kulturbuehne-gerbrunn-lueer-singt-mey-mehr-sigi-lueer-tim-hecking-3-300x169.jpg 300w, https:\/\/sigi-lueer.de\/wp-content\/uploads\/2023\/03\/2019-6-kulturbuehne-gerbrunn-lueer-singt-mey-mehr-sigi-lueer-tim-hecking-3-768x432.jpg 768w\" sizes=\"(max-width: 1000px) 100vw, 1000px\" \/><\/figure>\n\n\n\n<figure class=\"wp-block-image aligncenter size-large is-resized\"><img loading=\"lazy\" decoding=\"async\" width=\"576\" height=\"1024\" src=\"https:\/\/sigi-lueer.de\/wp-content\/uploads\/2023\/03\/2019-7-kulturbuehne-gerbrunn-lueer-singt-mey-mehr-sigi-lueer-tim-hecking-1-576x1024.jpg\" alt=\"\" class=\"wp-image-1133\" style=\"width:157px;height:auto\" srcset=\"https:\/\/sigi-lueer.de\/wp-content\/uploads\/2023\/03\/2019-7-kulturbuehne-gerbrunn-lueer-singt-mey-mehr-sigi-lueer-tim-hecking-1-576x1024.jpg 576w, https:\/\/sigi-lueer.de\/wp-content\/uploads\/2023\/03\/2019-7-kulturbuehne-gerbrunn-lueer-singt-mey-mehr-sigi-lueer-tim-hecking-1-169x300.jpg 169w, https:\/\/sigi-lueer.de\/wp-content\/uploads\/2023\/03\/2019-7-kulturbuehne-gerbrunn-lueer-singt-mey-mehr-sigi-lueer-tim-hecking-1-768x1365.jpg 768w, https:\/\/sigi-lueer.de\/wp-content\/uploads\/2023\/03\/2019-7-kulturbuehne-gerbrunn-lueer-singt-mey-mehr-sigi-lueer-tim-hecking-1-864x1536.jpg 864w, https:\/\/sigi-lueer.de\/wp-content\/uploads\/2023\/03\/2019-7-kulturbuehne-gerbrunn-lueer-singt-mey-mehr-sigi-lueer-tim-hecking-1-rotated.jpg 1000w\" sizes=\"(max-width: 576px) 100vw, 576px\" \/><\/figure>\n\n\n\n<figure class=\"wp-block-image aligncenter size-large is-resized\"><img loading=\"lazy\" decoding=\"async\" width=\"600\" height=\"1024\" src=\"https:\/\/sigi-lueer.de\/wp-content\/uploads\/2023\/03\/2019-9-kulturbuehne-gerbrunn-lueer-singt-mey-mehr-sigi-lueer-tim-hecking-600x1024.jpg\" alt=\"\" class=\"wp-image-1134\" style=\"width:163px;height:auto\" srcset=\"https:\/\/sigi-lueer.de\/wp-content\/uploads\/2023\/03\/2019-9-kulturbuehne-gerbrunn-lueer-singt-mey-mehr-sigi-lueer-tim-hecking-600x1024.jpg 600w, https:\/\/sigi-lueer.de\/wp-content\/uploads\/2023\/03\/2019-9-kulturbuehne-gerbrunn-lueer-singt-mey-mehr-sigi-lueer-tim-hecking-176x300.jpg 176w, https:\/\/sigi-lueer.de\/wp-content\/uploads\/2023\/03\/2019-9-kulturbuehne-gerbrunn-lueer-singt-mey-mehr-sigi-lueer-tim-hecking-768x1311.jpg 768w, https:\/\/sigi-lueer.de\/wp-content\/uploads\/2023\/03\/2019-9-kulturbuehne-gerbrunn-lueer-singt-mey-mehr-sigi-lueer-tim-hecking-900x1536.jpg 900w, https:\/\/sigi-lueer.de\/wp-content\/uploads\/2023\/03\/2019-9-kulturbuehne-gerbrunn-lueer-singt-mey-mehr-sigi-lueer-tim-hecking.jpg 1000w\" sizes=\"(max-width: 600px) 100vw, 600px\" \/><\/figure>\n\n\n\n<figure class=\"wp-block-image aligncenter size-full is-resized\"><img loading=\"lazy\" decoding=\"async\" width=\"1000\" height=\"563\" src=\"https:\/\/sigi-lueer.de\/wp-content\/uploads\/2023\/03\/2019-10-kulturbuehne-gerbrunn-lueer-singt-mey-mehr-sigi-lueer-tim-hecking-1.jpg\" alt=\"\" class=\"wp-image-1135\" style=\"aspect-ratio:1.7772511848341233;width:442px;height:auto\" srcset=\"https:\/\/sigi-lueer.de\/wp-content\/uploads\/2023\/03\/2019-10-kulturbuehne-gerbrunn-lueer-singt-mey-mehr-sigi-lueer-tim-hecking-1.jpg 1000w, https:\/\/sigi-lueer.de\/wp-content\/uploads\/2023\/03\/2019-10-kulturbuehne-gerbrunn-lueer-singt-mey-mehr-sigi-lueer-tim-hecking-1-300x169.jpg 300w, https:\/\/sigi-lueer.de\/wp-content\/uploads\/2023\/03\/2019-10-kulturbuehne-gerbrunn-lueer-singt-mey-mehr-sigi-lueer-tim-hecking-1-768x432.jpg 768w\" sizes=\"(max-width: 1000px) 100vw, 1000px\" \/><\/figure>\n\n\n\n<figure class=\"wp-block-image aligncenter size-full is-resized\"><img loading=\"lazy\" decoding=\"async\" width=\"1000\" height=\"563\" src=\"https:\/\/sigi-lueer.de\/wp-content\/uploads\/2023\/03\/2019-2-kulturbuehne-gerbrunn-lueer-singt-mey-mehr-sigi-lueer-tim-hecking-1.jpg\" alt=\"\" class=\"wp-image-1136\" style=\"aspect-ratio:1.7772511848341233;width:444px;height:auto\" srcset=\"https:\/\/sigi-lueer.de\/wp-content\/uploads\/2023\/03\/2019-2-kulturbuehne-gerbrunn-lueer-singt-mey-mehr-sigi-lueer-tim-hecking-1.jpg 1000w, https:\/\/sigi-lueer.de\/wp-content\/uploads\/2023\/03\/2019-2-kulturbuehne-gerbrunn-lueer-singt-mey-mehr-sigi-lueer-tim-hecking-1-300x169.jpg 300w, https:\/\/sigi-lueer.de\/wp-content\/uploads\/2023\/03\/2019-2-kulturbuehne-gerbrunn-lueer-singt-mey-mehr-sigi-lueer-tim-hecking-1-768x432.jpg 768w\" sizes=\"(max-width: 1000px) 100vw, 1000px\" \/><\/figure>\n\n\n\n<figure class=\"wp-block-image aligncenter size-large is-resized\"><img loading=\"lazy\" decoding=\"async\" width=\"1024\" height=\"619\" src=\"https:\/\/sigi-lueer.de\/wp-content\/uploads\/2023\/05\/20210622_103614-e1685015653759-1024x619.jpg\" alt=\"\" class=\"wp-image-1642\" style=\"width:527px;height:318px\" srcset=\"https:\/\/sigi-lueer.de\/wp-content\/uploads\/2023\/05\/20210622_103614-e1685015653759-1024x619.jpg 1024w, https:\/\/sigi-lueer.de\/wp-content\/uploads\/2023\/05\/20210622_103614-e1685015653759-300x181.jpg 300w, https:\/\/sigi-lueer.de\/wp-content\/uploads\/2023\/05\/20210622_103614-e1685015653759-768x465.jpg 768w, https:\/\/sigi-lueer.de\/wp-content\/uploads\/2023\/05\/20210622_103614-e1685015653759-600x363.jpg 600w, https:\/\/sigi-lueer.de\/wp-content\/uploads\/2023\/05\/20210622_103614-e1685015653759.jpg 1407w\" sizes=\"(max-width: 1024px) 100vw, 1024px\" \/><\/figure>\n\n\n\n<p><\/p>\n\n\n\n<p class=\"has-text-align-center\"><strong>Sigi &amp; Sigi Kulturwerkstatt Sonthofen<\/strong><\/p>\n\n\n\n<figure class=\"wp-block-image aligncenter size-large is-resized\"><img loading=\"lazy\" decoding=\"async\" width=\"755\" height=\"1024\" src=\"https:\/\/sigi-lueer.de\/wp-content\/uploads\/2023\/03\/2019-3-Poster-kulturwerkstatt-sonthofen-sigi-lueer-meets-sigi-aldenhoff-1-755x1024.jpg\" alt=\"\" class=\"wp-image-1140\" style=\"aspect-ratio:0.7369791666666666;width:442px;height:auto\" srcset=\"https:\/\/sigi-lueer.de\/wp-content\/uploads\/2023\/03\/2019-3-Poster-kulturwerkstatt-sonthofen-sigi-lueer-meets-sigi-aldenhoff-1-755x1024.jpg 755w, https:\/\/sigi-lueer.de\/wp-content\/uploads\/2023\/03\/2019-3-Poster-kulturwerkstatt-sonthofen-sigi-lueer-meets-sigi-aldenhoff-1-221x300.jpg 221w, https:\/\/sigi-lueer.de\/wp-content\/uploads\/2023\/03\/2019-3-Poster-kulturwerkstatt-sonthofen-sigi-lueer-meets-sigi-aldenhoff-1-768x1042.jpg 768w, https:\/\/sigi-lueer.de\/wp-content\/uploads\/2023\/03\/2019-3-Poster-kulturwerkstatt-sonthofen-sigi-lueer-meets-sigi-aldenhoff-1.jpg 1000w\" sizes=\"(max-width: 755px) 100vw, 755px\" \/><\/figure>\n\n\n\n<figure class=\"wp-block-image aligncenter size-large\"><img loading=\"lazy\" decoding=\"async\" width=\"450\" height=\"449\" src=\"https:\/\/sigi-lueer.de\/wp-content\/uploads\/2023\/03\/2019-4-kulturwerkstatt-sonthofen-sigi-aldenhoff-meets-sigi-lueer-2-1.jpg\" alt=\"\" class=\"wp-image-1138\" srcset=\"https:\/\/sigi-lueer.de\/wp-content\/uploads\/2023\/03\/2019-4-kulturwerkstatt-sonthofen-sigi-aldenhoff-meets-sigi-lueer-2-1.jpg 450w, https:\/\/sigi-lueer.de\/wp-content\/uploads\/2023\/03\/2019-4-kulturwerkstatt-sonthofen-sigi-aldenhoff-meets-sigi-lueer-2-1-300x300.jpg 300w, https:\/\/sigi-lueer.de\/wp-content\/uploads\/2023\/03\/2019-4-kulturwerkstatt-sonthofen-sigi-aldenhoff-meets-sigi-lueer-2-1-150x150.jpg 150w\" sizes=\"(max-width: 450px) 100vw, 450px\" \/><\/figure>\n\n\n\n<figure class=\"wp-block-image aligncenter size-large is-resized\"><img loading=\"lazy\" decoding=\"async\" width=\"1024\" height=\"1024\" src=\"https:\/\/sigi-lueer.de\/wp-content\/uploads\/2023\/03\/2019-5-kulturwerkstatt-sonthofen-sigi-aldenhoff-meets-sigi-lueer-3-1-1024x1024.jpg\" alt=\"\" class=\"wp-image-1139\" style=\"width:453px;height:auto\" srcset=\"https:\/\/sigi-lueer.de\/wp-content\/uploads\/2023\/03\/2019-5-kulturwerkstatt-sonthofen-sigi-aldenhoff-meets-sigi-lueer-3-1-1024x1024.jpg 1024w, https:\/\/sigi-lueer.de\/wp-content\/uploads\/2023\/03\/2019-5-kulturwerkstatt-sonthofen-sigi-aldenhoff-meets-sigi-lueer-3-1-300x300.jpg 300w, https:\/\/sigi-lueer.de\/wp-content\/uploads\/2023\/03\/2019-5-kulturwerkstatt-sonthofen-sigi-aldenhoff-meets-sigi-lueer-3-1-150x150.jpg 150w, https:\/\/sigi-lueer.de\/wp-content\/uploads\/2023\/03\/2019-5-kulturwerkstatt-sonthofen-sigi-aldenhoff-meets-sigi-lueer-3-1-768x768.jpg 768w, https:\/\/sigi-lueer.de\/wp-content\/uploads\/2023\/03\/2019-5-kulturwerkstatt-sonthofen-sigi-aldenhoff-meets-sigi-lueer-3-1-1536x1536.jpg 1536w, https:\/\/sigi-lueer.de\/wp-content\/uploads\/2023\/03\/2019-5-kulturwerkstatt-sonthofen-sigi-aldenhoff-meets-sigi-lueer-3-1-2048x2048.jpg 2048w, https:\/\/sigi-lueer.de\/wp-content\/uploads\/2023\/03\/2019-5-kulturwerkstatt-sonthofen-sigi-aldenhoff-meets-sigi-lueer-3-1-2000x2000.jpg 2000w\" sizes=\"(max-width: 1024px) 100vw, 1024px\" \/><\/figure>\n\n\n\n<p><\/p>\n\n\n\n<p><\/p>\n\n\n\n<figure class=\"wp-block-image aligncenter size-large is-resized\"><img loading=\"lazy\" decoding=\"async\" width=\"724\" height=\"1024\" src=\"https:\/\/sigi-lueer.de\/wp-content\/uploads\/2023\/03\/facebook_1603719323247_6726486372373894912-724x1024.jpg\" alt=\"\" class=\"wp-image-1142\" style=\"width:447px;height:auto\" srcset=\"https:\/\/sigi-lueer.de\/wp-content\/uploads\/2023\/03\/facebook_1603719323247_6726486372373894912-724x1024.jpg 724w, https:\/\/sigi-lueer.de\/wp-content\/uploads\/2023\/03\/facebook_1603719323247_6726486372373894912-212x300.jpg 212w, https:\/\/sigi-lueer.de\/wp-content\/uploads\/2023\/03\/facebook_1603719323247_6726486372373894912-768x1086.jpg 768w, https:\/\/sigi-lueer.de\/wp-content\/uploads\/2023\/03\/facebook_1603719323247_6726486372373894912.jpg 842w\" sizes=\"(max-width: 724px) 100vw, 724px\" \/><\/figure>\n\n\n\n<figure class=\"wp-block-image aligncenter size-large is-resized\"><img loading=\"lazy\" decoding=\"async\" width=\"600\" height=\"600\" src=\"https:\/\/sigi-lueer.de\/wp-content\/uploads\/2023\/03\/2020-5-urlau-letztes-komzert-vor-der-pandemioe-steffi-waller-mr.-fabulous-sigi-lueer-1.jpg\" alt=\"\" class=\"wp-image-1145\" style=\"width:394px;height:auto\" srcset=\"https:\/\/sigi-lueer.de\/wp-content\/uploads\/2023\/03\/2020-5-urlau-letztes-komzert-vor-der-pandemioe-steffi-waller-mr.-fabulous-sigi-lueer-1.jpg 600w, https:\/\/sigi-lueer.de\/wp-content\/uploads\/2023\/03\/2020-5-urlau-letztes-komzert-vor-der-pandemioe-steffi-waller-mr.-fabulous-sigi-lueer-1-300x300.jpg 300w, https:\/\/sigi-lueer.de\/wp-content\/uploads\/2023\/03\/2020-5-urlau-letztes-komzert-vor-der-pandemioe-steffi-waller-mr.-fabulous-sigi-lueer-1-150x150.jpg 150w\" sizes=\"(max-width: 600px) 100vw, 600px\" \/><\/figure>\n\n\n\n<figure class=\"wp-block-image aligncenter size-large\"><img loading=\"lazy\" decoding=\"async\" width=\"400\" height=\"400\" src=\"https:\/\/sigi-lueer.de\/wp-content\/uploads\/2023\/03\/2020-3-urlau-letztes-komzert-vor-der-pandemioe-steffi-waller-mr.-fabulous-sigi-lueer-4-1.jpg\" alt=\"\" class=\"wp-image-1143\" srcset=\"https:\/\/sigi-lueer.de\/wp-content\/uploads\/2023\/03\/2020-3-urlau-letztes-komzert-vor-der-pandemioe-steffi-waller-mr.-fabulous-sigi-lueer-4-1.jpg 400w, https:\/\/sigi-lueer.de\/wp-content\/uploads\/2023\/03\/2020-3-urlau-letztes-komzert-vor-der-pandemioe-steffi-waller-mr.-fabulous-sigi-lueer-4-1-300x300.jpg 300w, https:\/\/sigi-lueer.de\/wp-content\/uploads\/2023\/03\/2020-3-urlau-letztes-komzert-vor-der-pandemioe-steffi-waller-mr.-fabulous-sigi-lueer-4-1-150x150.jpg 150w\" sizes=\"(max-width: 400px) 100vw, 400px\" \/><\/figure>\n\n\n\n<figure class=\"wp-block-image aligncenter size-large is-resized\"><img loading=\"lazy\" decoding=\"async\" width=\"800\" height=\"536\" src=\"https:\/\/sigi-lueer.de\/wp-content\/uploads\/2023\/03\/2020-4-urlau-letztes-komzert-vor-der-pandemioe-steffi-waller-mr.-fabulous-sigi-lueer-6.jpg\" alt=\"\" class=\"wp-image-1144\" style=\"width:398px;height:auto\" srcset=\"https:\/\/sigi-lueer.de\/wp-content\/uploads\/2023\/03\/2020-4-urlau-letztes-komzert-vor-der-pandemioe-steffi-waller-mr.-fabulous-sigi-lueer-6.jpg 800w, https:\/\/sigi-lueer.de\/wp-content\/uploads\/2023\/03\/2020-4-urlau-letztes-komzert-vor-der-pandemioe-steffi-waller-mr.-fabulous-sigi-lueer-6-300x201.jpg 300w, https:\/\/sigi-lueer.de\/wp-content\/uploads\/2023\/03\/2020-4-urlau-letztes-komzert-vor-der-pandemioe-steffi-waller-mr.-fabulous-sigi-lueer-6-768x515.jpg 768w\" sizes=\"(max-width: 800px) 100vw, 800px\" \/><\/figure>\n\n\n\n<p><\/p>\n\n\n\n<p class=\"has-text-align-center\"><strong>2021 Produktion Lockdown-Session <\/strong><\/p>\n\n\n\n<figure class=\"wp-block-image aligncenter size-large is-resized\"><img loading=\"lazy\" decoding=\"async\" width=\"1024\" height=\"189\" src=\"https:\/\/sigi-lueer.de\/wp-content\/uploads\/2023\/03\/2021-8-dvd-allgaeuer-liedermacher-benefiz-dvd-zu-gunsten-der-kulturwerkstatt-Filmstreifen-Kopie-2-1-1024x189.jpg\" alt=\"\" class=\"wp-image-1172\" style=\"width:499px;height:auto\" srcset=\"https:\/\/sigi-lueer.de\/wp-content\/uploads\/2023\/03\/2021-8-dvd-allgaeuer-liedermacher-benefiz-dvd-zu-gunsten-der-kulturwerkstatt-Filmstreifen-Kopie-2-1-1024x189.jpg 1024w, https:\/\/sigi-lueer.de\/wp-content\/uploads\/2023\/03\/2021-8-dvd-allgaeuer-liedermacher-benefiz-dvd-zu-gunsten-der-kulturwerkstatt-Filmstreifen-Kopie-2-1-300x55.jpg 300w, https:\/\/sigi-lueer.de\/wp-content\/uploads\/2023\/03\/2021-8-dvd-allgaeuer-liedermacher-benefiz-dvd-zu-gunsten-der-kulturwerkstatt-Filmstreifen-Kopie-2-1-768x142.jpg 768w, https:\/\/sigi-lueer.de\/wp-content\/uploads\/2023\/03\/2021-8-dvd-allgaeuer-liedermacher-benefiz-dvd-zu-gunsten-der-kulturwerkstatt-Filmstreifen-Kopie-2-1-1536x284.jpg 1536w, https:\/\/sigi-lueer.de\/wp-content\/uploads\/2023\/03\/2021-8-dvd-allgaeuer-liedermacher-benefiz-dvd-zu-gunsten-der-kulturwerkstatt-Filmstreifen-Kopie-2-1-2048x378.jpg 2048w, https:\/\/sigi-lueer.de\/wp-content\/uploads\/2023\/03\/2021-8-dvd-allgaeuer-liedermacher-benefiz-dvd-zu-gunsten-der-kulturwerkstatt-Filmstreifen-Kopie-2-1-2000x369.jpg 2000w\" sizes=\"(max-width: 1024px) 100vw, 1024px\" \/><\/figure>\n\n\n\n<p class=\"has-text-align-center\"><strong>Benefiz-DVD zu Gunsten der Kulturwerkstatt, <\/strong><\/p>\n\n\n\n<figure class=\"wp-block-image aligncenter size-large is-resized\"><img loading=\"lazy\" decoding=\"async\" width=\"1024\" height=\"633\" src=\"https:\/\/sigi-lueer.de\/wp-content\/uploads\/2023\/03\/2021-0-dvd-allgaeuer-liedermacher-benefiz-dvd-zu-gunsten-der-kulturwerkstatt-tim-heckin-monika-bestle-sigi-lueer-1-1024x633.jpg\" alt=\"\" class=\"wp-image-1163\" style=\"aspect-ratio:1.6168421052631579;width:518px;height:auto\" srcset=\"https:\/\/sigi-lueer.de\/wp-content\/uploads\/2023\/03\/2021-0-dvd-allgaeuer-liedermacher-benefiz-dvd-zu-gunsten-der-kulturwerkstatt-tim-heckin-monika-bestle-sigi-lueer-1-1024x633.jpg 1024w, https:\/\/sigi-lueer.de\/wp-content\/uploads\/2023\/03\/2021-0-dvd-allgaeuer-liedermacher-benefiz-dvd-zu-gunsten-der-kulturwerkstatt-tim-heckin-monika-bestle-sigi-lueer-1-300x186.jpg 300w, https:\/\/sigi-lueer.de\/wp-content\/uploads\/2023\/03\/2021-0-dvd-allgaeuer-liedermacher-benefiz-dvd-zu-gunsten-der-kulturwerkstatt-tim-heckin-monika-bestle-sigi-lueer-1-768x475.jpg 768w, https:\/\/sigi-lueer.de\/wp-content\/uploads\/2023\/03\/2021-0-dvd-allgaeuer-liedermacher-benefiz-dvd-zu-gunsten-der-kulturwerkstatt-tim-heckin-monika-bestle-sigi-lueer-1-1536x950.jpg 1536w, https:\/\/sigi-lueer.de\/wp-content\/uploads\/2023\/03\/2021-0-dvd-allgaeuer-liedermacher-benefiz-dvd-zu-gunsten-der-kulturwerkstatt-tim-heckin-monika-bestle-sigi-lueer-1-2048x1267.jpg 2048w, https:\/\/sigi-lueer.de\/wp-content\/uploads\/2023\/03\/2021-0-dvd-allgaeuer-liedermacher-benefiz-dvd-zu-gunsten-der-kulturwerkstatt-tim-heckin-monika-bestle-sigi-lueer-1-2000x1237.jpg 2000w\" sizes=\"(max-width: 1024px) 100vw, 1024px\" \/><figcaption class=\"wp-element-caption\">Tim Heckin, Monika Bestle (Inhaberin der Werkstatt) &amp; Sigi L\u00fcer<\/figcaption><\/figure>\n\n\n\n<figure class=\"wp-block-image aligncenter size-large is-resized\"><img loading=\"lazy\" decoding=\"async\" width=\"1000\" height=\"1000\" src=\"https:\/\/sigi-lueer.de\/wp-content\/uploads\/2023\/03\/2021-1-dvd-allgaeuer-liedermacher-benefiz-dvd-zu-gunsten-der-kulturwerkstatt-cahnatalle-schubert-pit-Bartenschlager-1-1.jpg\" alt=\"\" class=\"wp-image-1166\" style=\"width:536px;height:auto\" srcset=\"https:\/\/sigi-lueer.de\/wp-content\/uploads\/2023\/03\/2021-1-dvd-allgaeuer-liedermacher-benefiz-dvd-zu-gunsten-der-kulturwerkstatt-cahnatalle-schubert-pit-Bartenschlager-1-1.jpg 1000w, https:\/\/sigi-lueer.de\/wp-content\/uploads\/2023\/03\/2021-1-dvd-allgaeuer-liedermacher-benefiz-dvd-zu-gunsten-der-kulturwerkstatt-cahnatalle-schubert-pit-Bartenschlager-1-1-300x300.jpg 300w, https:\/\/sigi-lueer.de\/wp-content\/uploads\/2023\/03\/2021-1-dvd-allgaeuer-liedermacher-benefiz-dvd-zu-gunsten-der-kulturwerkstatt-cahnatalle-schubert-pit-Bartenschlager-1-1-150x150.jpg 150w, https:\/\/sigi-lueer.de\/wp-content\/uploads\/2023\/03\/2021-1-dvd-allgaeuer-liedermacher-benefiz-dvd-zu-gunsten-der-kulturwerkstatt-cahnatalle-schubert-pit-Bartenschlager-1-1-768x768.jpg 768w\" sizes=\"(max-width: 1000px) 100vw, 1000px\" \/><figcaption class=\"wp-element-caption\">Chantalle Schubert &amp; Pit Bartenschlager<\/figcaption><\/figure>\n\n\n\n<figure class=\"wp-block-image aligncenter size-large is-resized\"><img loading=\"lazy\" decoding=\"async\" width=\"1000\" height=\"1000\" src=\"https:\/\/sigi-lueer.de\/wp-content\/uploads\/2023\/03\/2021-2-dvd-allgaeuer-liedermacher-benefiz-dvd-zu-gunsten-der-kulturwerkstatt-hedwig-roth-johannes-baer-1.jpg-1.jpg\" alt=\"\" class=\"wp-image-1165\" style=\"width:538px;height:auto\" srcset=\"https:\/\/sigi-lueer.de\/wp-content\/uploads\/2023\/03\/2021-2-dvd-allgaeuer-liedermacher-benefiz-dvd-zu-gunsten-der-kulturwerkstatt-hedwig-roth-johannes-baer-1.jpg-1.jpg 1000w, https:\/\/sigi-lueer.de\/wp-content\/uploads\/2023\/03\/2021-2-dvd-allgaeuer-liedermacher-benefiz-dvd-zu-gunsten-der-kulturwerkstatt-hedwig-roth-johannes-baer-1.jpg-1-300x300.jpg 300w, https:\/\/sigi-lueer.de\/wp-content\/uploads\/2023\/03\/2021-2-dvd-allgaeuer-liedermacher-benefiz-dvd-zu-gunsten-der-kulturwerkstatt-hedwig-roth-johannes-baer-1.jpg-1-150x150.jpg 150w, https:\/\/sigi-lueer.de\/wp-content\/uploads\/2023\/03\/2021-2-dvd-allgaeuer-liedermacher-benefiz-dvd-zu-gunsten-der-kulturwerkstatt-hedwig-roth-johannes-baer-1.jpg-1-768x768.jpg 768w\" sizes=\"(max-width: 1000px) 100vw, 1000px\" \/><figcaption class=\"wp-element-caption\">Johannes B\u00e4r &amp; Hedwig Roth<\/figcaption><\/figure>\n\n\n\n<figure class=\"wp-block-image aligncenter size-large is-resized\"><img loading=\"lazy\" decoding=\"async\" width=\"1000\" height=\"1000\" src=\"https:\/\/sigi-lueer.de\/wp-content\/uploads\/2023\/03\/2021-3-dvd-allgaeuer-liedermacher-benefiz-dvd-zu-gunsten-der-kulturwerkstatt-steffi-waller-mr.-fabulous-1.jpg\" alt=\"\" class=\"wp-image-1164\" style=\"width:542px;height:auto\" srcset=\"https:\/\/sigi-lueer.de\/wp-content\/uploads\/2023\/03\/2021-3-dvd-allgaeuer-liedermacher-benefiz-dvd-zu-gunsten-der-kulturwerkstatt-steffi-waller-mr.-fabulous-1.jpg 1000w, https:\/\/sigi-lueer.de\/wp-content\/uploads\/2023\/03\/2021-3-dvd-allgaeuer-liedermacher-benefiz-dvd-zu-gunsten-der-kulturwerkstatt-steffi-waller-mr.-fabulous-1-300x300.jpg 300w, https:\/\/sigi-lueer.de\/wp-content\/uploads\/2023\/03\/2021-3-dvd-allgaeuer-liedermacher-benefiz-dvd-zu-gunsten-der-kulturwerkstatt-steffi-waller-mr.-fabulous-1-150x150.jpg 150w, https:\/\/sigi-lueer.de\/wp-content\/uploads\/2023\/03\/2021-3-dvd-allgaeuer-liedermacher-benefiz-dvd-zu-gunsten-der-kulturwerkstatt-steffi-waller-mr.-fabulous-1-768x768.jpg 768w\" sizes=\"(max-width: 1000px) 100vw, 1000px\" \/><figcaption class=\"wp-element-caption\">Steffi Waller &amp; Mr. Fabulous<\/figcaption><\/figure>\n\n\n\n<figure class=\"wp-block-image aligncenter size-large is-resized\"><img loading=\"lazy\" decoding=\"async\" width=\"1000\" height=\"1000\" src=\"https:\/\/sigi-lueer.de\/wp-content\/uploads\/2023\/03\/2021-4-dvd-allgaeuer-liedermacher-benefiz-dvd-zu-gunsten-der-kulturwerkstatt-robert-tanzinger-sigi-lueer-1.jpg\" alt=\"\" class=\"wp-image-1167\" style=\"width:539px;height:auto\" srcset=\"https:\/\/sigi-lueer.de\/wp-content\/uploads\/2023\/03\/2021-4-dvd-allgaeuer-liedermacher-benefiz-dvd-zu-gunsten-der-kulturwerkstatt-robert-tanzinger-sigi-lueer-1.jpg 1000w, https:\/\/sigi-lueer.de\/wp-content\/uploads\/2023\/03\/2021-4-dvd-allgaeuer-liedermacher-benefiz-dvd-zu-gunsten-der-kulturwerkstatt-robert-tanzinger-sigi-lueer-1-300x300.jpg 300w, https:\/\/sigi-lueer.de\/wp-content\/uploads\/2023\/03\/2021-4-dvd-allgaeuer-liedermacher-benefiz-dvd-zu-gunsten-der-kulturwerkstatt-robert-tanzinger-sigi-lueer-1-150x150.jpg 150w, https:\/\/sigi-lueer.de\/wp-content\/uploads\/2023\/03\/2021-4-dvd-allgaeuer-liedermacher-benefiz-dvd-zu-gunsten-der-kulturwerkstatt-robert-tanzinger-sigi-lueer-1-768x768.jpg 768w\" sizes=\"(max-width: 1000px) 100vw, 1000px\" \/><figcaption class=\"wp-element-caption\">Sigi L\u00fcer &amp; Robert Tanzinger<\/figcaption><\/figure>\n\n\n\n<figure class=\"wp-block-image aligncenter size-large is-resized\"><img loading=\"lazy\" decoding=\"async\" width=\"1000\" height=\"1000\" src=\"https:\/\/sigi-lueer.de\/wp-content\/uploads\/2023\/03\/2021-5-dvd-allgaeuer-liedermacher-benefiz-dvd-zu-gunsten-der-kulturwerkstatt-robert-tanzinger-sigi-lueer-2-1.jpg\" alt=\"\" class=\"wp-image-1168\" style=\"width:551px;height:auto\" srcset=\"https:\/\/sigi-lueer.de\/wp-content\/uploads\/2023\/03\/2021-5-dvd-allgaeuer-liedermacher-benefiz-dvd-zu-gunsten-der-kulturwerkstatt-robert-tanzinger-sigi-lueer-2-1.jpg 1000w, https:\/\/sigi-lueer.de\/wp-content\/uploads\/2023\/03\/2021-5-dvd-allgaeuer-liedermacher-benefiz-dvd-zu-gunsten-der-kulturwerkstatt-robert-tanzinger-sigi-lueer-2-1-300x300.jpg 300w, https:\/\/sigi-lueer.de\/wp-content\/uploads\/2023\/03\/2021-5-dvd-allgaeuer-liedermacher-benefiz-dvd-zu-gunsten-der-kulturwerkstatt-robert-tanzinger-sigi-lueer-2-1-150x150.jpg 150w, https:\/\/sigi-lueer.de\/wp-content\/uploads\/2023\/03\/2021-5-dvd-allgaeuer-liedermacher-benefiz-dvd-zu-gunsten-der-kulturwerkstatt-robert-tanzinger-sigi-lueer-2-1-768x768.jpg 768w\" sizes=\"(max-width: 1000px) 100vw, 1000px\" \/><figcaption class=\"wp-element-caption\">Markus Dinnebier<\/figcaption><\/figure>\n\n\n\n<figure class=\"wp-block-image aligncenter size-large is-resized\"><img loading=\"lazy\" decoding=\"async\" width=\"1000\" height=\"1000\" src=\"https:\/\/sigi-lueer.de\/wp-content\/uploads\/2023\/03\/2021-6-dvd-allgaeuer-liedermacher-benefiz-dvd-zu-gunsten-der-kulturwerkstatt-sigi-lueer-1.jpg\" alt=\"\" class=\"wp-image-1169\" style=\"width:550px;height:auto\" srcset=\"https:\/\/sigi-lueer.de\/wp-content\/uploads\/2023\/03\/2021-6-dvd-allgaeuer-liedermacher-benefiz-dvd-zu-gunsten-der-kulturwerkstatt-sigi-lueer-1.jpg 1000w, https:\/\/sigi-lueer.de\/wp-content\/uploads\/2023\/03\/2021-6-dvd-allgaeuer-liedermacher-benefiz-dvd-zu-gunsten-der-kulturwerkstatt-sigi-lueer-1-300x300.jpg 300w, https:\/\/sigi-lueer.de\/wp-content\/uploads\/2023\/03\/2021-6-dvd-allgaeuer-liedermacher-benefiz-dvd-zu-gunsten-der-kulturwerkstatt-sigi-lueer-1-150x150.jpg 150w, https:\/\/sigi-lueer.de\/wp-content\/uploads\/2023\/03\/2021-6-dvd-allgaeuer-liedermacher-benefiz-dvd-zu-gunsten-der-kulturwerkstatt-sigi-lueer-1-768x768.jpg 768w\" sizes=\"(max-width: 1000px) 100vw, 1000px\" \/><figcaption class=\"wp-element-caption\">Sigi L\u00fcer<\/figcaption><\/figure>\n\n\n\n<figure class=\"wp-block-image aligncenter size-large is-resized\"><img loading=\"lazy\" decoding=\"async\" width=\"1000\" height=\"1000\" src=\"https:\/\/sigi-lueer.de\/wp-content\/uploads\/2023\/03\/2021-7-dvd-allgaeuer-liedermacher-benefiz-dvd-zu-gunsten-der-kulturwerkstatt-christian-blanz-timhecking-1.jpg\" alt=\"\" class=\"wp-image-1170\" style=\"width:559px;height:auto\" srcset=\"https:\/\/sigi-lueer.de\/wp-content\/uploads\/2023\/03\/2021-7-dvd-allgaeuer-liedermacher-benefiz-dvd-zu-gunsten-der-kulturwerkstatt-christian-blanz-timhecking-1.jpg 1000w, https:\/\/sigi-lueer.de\/wp-content\/uploads\/2023\/03\/2021-7-dvd-allgaeuer-liedermacher-benefiz-dvd-zu-gunsten-der-kulturwerkstatt-christian-blanz-timhecking-1-300x300.jpg 300w, https:\/\/sigi-lueer.de\/wp-content\/uploads\/2023\/03\/2021-7-dvd-allgaeuer-liedermacher-benefiz-dvd-zu-gunsten-der-kulturwerkstatt-christian-blanz-timhecking-1-150x150.jpg 150w, https:\/\/sigi-lueer.de\/wp-content\/uploads\/2023\/03\/2021-7-dvd-allgaeuer-liedermacher-benefiz-dvd-zu-gunsten-der-kulturwerkstatt-christian-blanz-timhecking-1-768x768.jpg 768w\" sizes=\"(max-width: 1000px) 100vw, 1000px\" \/><figcaption class=\"wp-element-caption\">Christian Blanz &amp; Tim Hecking<\/figcaption><\/figure>\n\n\n\n<figure class=\"wp-block-image aligncenter size-large is-resized\"><img loading=\"lazy\" decoding=\"async\" width=\"1024\" height=\"187\" src=\"https:\/\/sigi-lueer.de\/wp-content\/uploads\/2023\/03\/2021-9-dvd-allgaeuer-liedermacher-benefiz-dvd-zu-gunsten-der-kulturwerkstatt-Filmstreifen-2-1-1024x187.jpg\" alt=\"\" class=\"wp-image-1173\" style=\"aspect-ratio:5.485714285714286;width:538px;height:auto\" srcset=\"https:\/\/sigi-lueer.de\/wp-content\/uploads\/2023\/03\/2021-9-dvd-allgaeuer-liedermacher-benefiz-dvd-zu-gunsten-der-kulturwerkstatt-Filmstreifen-2-1-1024x187.jpg 1024w, https:\/\/sigi-lueer.de\/wp-content\/uploads\/2023\/03\/2021-9-dvd-allgaeuer-liedermacher-benefiz-dvd-zu-gunsten-der-kulturwerkstatt-Filmstreifen-2-1-300x55.jpg 300w, https:\/\/sigi-lueer.de\/wp-content\/uploads\/2023\/03\/2021-9-dvd-allgaeuer-liedermacher-benefiz-dvd-zu-gunsten-der-kulturwerkstatt-Filmstreifen-2-1-768x140.jpg 768w, https:\/\/sigi-lueer.de\/wp-content\/uploads\/2023\/03\/2021-9-dvd-allgaeuer-liedermacher-benefiz-dvd-zu-gunsten-der-kulturwerkstatt-Filmstreifen-2-1-1536x281.jpg 1536w, https:\/\/sigi-lueer.de\/wp-content\/uploads\/2023\/03\/2021-9-dvd-allgaeuer-liedermacher-benefiz-dvd-zu-gunsten-der-kulturwerkstatt-Filmstreifen-2-1-2048x374.jpg 2048w, https:\/\/sigi-lueer.de\/wp-content\/uploads\/2023\/03\/2021-9-dvd-allgaeuer-liedermacher-benefiz-dvd-zu-gunsten-der-kulturwerkstatt-Filmstreifen-2-1-2000x366.jpg 2000w\" sizes=\"(max-width: 1024px) 100vw, 1024px\" \/><\/figure>\n\n\n\n<p><\/p>\n\n\n\n<p><\/p>\n\n\n\n<p class=\"has-text-align-center\"><strong>2021 Lindenberg Hutmuseum: <\/strong><\/p>\n\n\n\n<p class=\"has-text-align-center\"><strong>Verleihung des Sozialistenhutes an den Arbeitsminister Hubertus Heil<\/strong><\/p>\n\n\n\n<figure class=\"wp-block-image aligncenter size-large is-resized\"><img loading=\"lazy\" decoding=\"async\" width=\"1024\" height=\"681\" src=\"https:\/\/sigi-lueer.de\/wp-content\/uploads\/2023\/03\/2021-1.1-verleihung-Sozialistenhut-2021-hubertus-heil-2-1024x681.jpg\" alt=\"\" class=\"wp-image-1180\" style=\"width:495px;height:auto\" srcset=\"https:\/\/sigi-lueer.de\/wp-content\/uploads\/2023\/03\/2021-1.1-verleihung-Sozialistenhut-2021-hubertus-heil-2-1024x681.jpg 1024w, https:\/\/sigi-lueer.de\/wp-content\/uploads\/2023\/03\/2021-1.1-verleihung-Sozialistenhut-2021-hubertus-heil-2-300x200.jpg 300w, https:\/\/sigi-lueer.de\/wp-content\/uploads\/2023\/03\/2021-1.1-verleihung-Sozialistenhut-2021-hubertus-heil-2-768x511.jpg 768w, https:\/\/sigi-lueer.de\/wp-content\/uploads\/2023\/03\/2021-1.1-verleihung-Sozialistenhut-2021-hubertus-heil-2-1536x1022.jpg 1536w, https:\/\/sigi-lueer.de\/wp-content\/uploads\/2023\/03\/2021-1.1-verleihung-Sozialistenhut-2021-hubertus-heil-2-2048x1363.jpg 2048w, https:\/\/sigi-lueer.de\/wp-content\/uploads\/2023\/03\/2021-1.1-verleihung-Sozialistenhut-2021-hubertus-heil-2-2000x1331.jpg 2000w\" sizes=\"(max-width: 1024px) 100vw, 1024px\" \/><figcaption class=\"wp-element-caption\"><strong>Hubertus Heil<\/strong><\/figcaption><\/figure>\n\n\n\n<figure class=\"wp-block-image aligncenter size-large is-resized\"><img loading=\"lazy\" decoding=\"async\" width=\"1024\" height=\"768\" src=\"https:\/\/sigi-lueer.de\/wp-content\/uploads\/2023\/03\/2021-1.1-verleihung-Sozialistenhut-2021l-3-1024x768.jpg\" alt=\"\" class=\"wp-image-1181\" style=\"width:503px;height:auto\" srcset=\"https:\/\/sigi-lueer.de\/wp-content\/uploads\/2023\/03\/2021-1.1-verleihung-Sozialistenhut-2021l-3-1024x768.jpg 1024w, https:\/\/sigi-lueer.de\/wp-content\/uploads\/2023\/03\/2021-1.1-verleihung-Sozialistenhut-2021l-3-300x225.jpg 300w, https:\/\/sigi-lueer.de\/wp-content\/uploads\/2023\/03\/2021-1.1-verleihung-Sozialistenhut-2021l-3-768x576.jpg 768w, https:\/\/sigi-lueer.de\/wp-content\/uploads\/2023\/03\/2021-1.1-verleihung-Sozialistenhut-2021l-3-1536x1152.jpg 1536w, https:\/\/sigi-lueer.de\/wp-content\/uploads\/2023\/03\/2021-1.1-verleihung-Sozialistenhut-2021l-3-2048x1536.jpg 2048w, https:\/\/sigi-lueer.de\/wp-content\/uploads\/2023\/03\/2021-1.1-verleihung-Sozialistenhut-2021l-3-2000x1500.jpg 2000w\" sizes=\"(max-width: 1024px) 100vw, 1024px\" \/><\/figure>\n\n\n\n<figure class=\"wp-block-image aligncenter size-large is-resized\"><img loading=\"lazy\" decoding=\"async\" width=\"1024\" height=\"1024\" src=\"https:\/\/sigi-lueer.de\/wp-content\/uploads\/2023\/03\/2021-1.8-verleihung-Sozialistenhut-2021-sigi-fabaian-3-1024x1024.jpg\" alt=\"\" class=\"wp-image-1179\" style=\"width:506px;height:auto\" srcset=\"https:\/\/sigi-lueer.de\/wp-content\/uploads\/2023\/03\/2021-1.8-verleihung-Sozialistenhut-2021-sigi-fabaian-3-1024x1024.jpg 1024w, https:\/\/sigi-lueer.de\/wp-content\/uploads\/2023\/03\/2021-1.8-verleihung-Sozialistenhut-2021-sigi-fabaian-3-300x300.jpg 300w, https:\/\/sigi-lueer.de\/wp-content\/uploads\/2023\/03\/2021-1.8-verleihung-Sozialistenhut-2021-sigi-fabaian-3-150x150.jpg 150w, https:\/\/sigi-lueer.de\/wp-content\/uploads\/2023\/03\/2021-1.8-verleihung-Sozialistenhut-2021-sigi-fabaian-3-768x768.jpg 768w, https:\/\/sigi-lueer.de\/wp-content\/uploads\/2023\/03\/2021-1.8-verleihung-Sozialistenhut-2021-sigi-fabaian-3-1536x1536.jpg 1536w, https:\/\/sigi-lueer.de\/wp-content\/uploads\/2023\/03\/2021-1.8-verleihung-Sozialistenhut-2021-sigi-fabaian-3-2048x2048.jpg 2048w, https:\/\/sigi-lueer.de\/wp-content\/uploads\/2023\/03\/2021-1.8-verleihung-Sozialistenhut-2021-sigi-fabaian-3-2000x2000.jpg 2000w\" sizes=\"(max-width: 1024px) 100vw, 1024px\" \/><\/figure>\n\n\n\n<figure class=\"wp-block-image aligncenter size-large is-resized\"><img loading=\"lazy\" decoding=\"async\" width=\"1024\" height=\"1024\" src=\"https:\/\/sigi-lueer.de\/wp-content\/uploads\/2023\/03\/2021-1.10-verleihung-Sozialistenhut-2021-sigi-fabaian-2-1024x1024.jpg\" alt=\"\" class=\"wp-image-1184\" style=\"width:509px;height:auto\" srcset=\"https:\/\/sigi-lueer.de\/wp-content\/uploads\/2023\/03\/2021-1.10-verleihung-Sozialistenhut-2021-sigi-fabaian-2-1024x1024.jpg 1024w, https:\/\/sigi-lueer.de\/wp-content\/uploads\/2023\/03\/2021-1.10-verleihung-Sozialistenhut-2021-sigi-fabaian-2-300x300.jpg 300w, https:\/\/sigi-lueer.de\/wp-content\/uploads\/2023\/03\/2021-1.10-verleihung-Sozialistenhut-2021-sigi-fabaian-2-150x150.jpg 150w, https:\/\/sigi-lueer.de\/wp-content\/uploads\/2023\/03\/2021-1.10-verleihung-Sozialistenhut-2021-sigi-fabaian-2-768x768.jpg 768w, https:\/\/sigi-lueer.de\/wp-content\/uploads\/2023\/03\/2021-1.10-verleihung-Sozialistenhut-2021-sigi-fabaian-2-1536x1536.jpg 1536w, https:\/\/sigi-lueer.de\/wp-content\/uploads\/2023\/03\/2021-1.10-verleihung-Sozialistenhut-2021-sigi-fabaian-2-2048x2048.jpg 2048w, https:\/\/sigi-lueer.de\/wp-content\/uploads\/2023\/03\/2021-1.10-verleihung-Sozialistenhut-2021-sigi-fabaian-2-2000x2000.jpg 2000w\" sizes=\"(max-width: 1024px) 100vw, 1024px\" \/><\/figure>\n\n\n\n<figure class=\"wp-block-image aligncenter size-large is-resized\"><img loading=\"lazy\" decoding=\"async\" width=\"1024\" height=\"1024\" src=\"https:\/\/sigi-lueer.de\/wp-content\/uploads\/2023\/03\/2021-1.11-verleihung-Sozialistenhut-2021-sigi-fabaian-1-1024x1024.jpg\" alt=\"\" class=\"wp-image-1183\" style=\"width:514px;height:auto\" srcset=\"https:\/\/sigi-lueer.de\/wp-content\/uploads\/2023\/03\/2021-1.11-verleihung-Sozialistenhut-2021-sigi-fabaian-1-1024x1024.jpg 1024w, https:\/\/sigi-lueer.de\/wp-content\/uploads\/2023\/03\/2021-1.11-verleihung-Sozialistenhut-2021-sigi-fabaian-1-300x300.jpg 300w, https:\/\/sigi-lueer.de\/wp-content\/uploads\/2023\/03\/2021-1.11-verleihung-Sozialistenhut-2021-sigi-fabaian-1-150x150.jpg 150w, https:\/\/sigi-lueer.de\/wp-content\/uploads\/2023\/03\/2021-1.11-verleihung-Sozialistenhut-2021-sigi-fabaian-1-768x768.jpg 768w, https:\/\/sigi-lueer.de\/wp-content\/uploads\/2023\/03\/2021-1.11-verleihung-Sozialistenhut-2021-sigi-fabaian-1-1536x1536.jpg 1536w, https:\/\/sigi-lueer.de\/wp-content\/uploads\/2023\/03\/2021-1.11-verleihung-Sozialistenhut-2021-sigi-fabaian-1-2048x2048.jpg 2048w, https:\/\/sigi-lueer.de\/wp-content\/uploads\/2023\/03\/2021-1.11-verleihung-Sozialistenhut-2021-sigi-fabaian-1-2000x2000.jpg 2000w\" sizes=\"(max-width: 1024px) 100vw, 1024px\" \/><\/figure>\n\n\n\n<figure class=\"wp-block-image aligncenter size-large is-resized\"><img loading=\"lazy\" decoding=\"async\" width=\"1024\" height=\"582\" src=\"https:\/\/sigi-lueer.de\/wp-content\/uploads\/2023\/03\/2021-1.6-verleihung-Sozialistenhut-2021-sigi-fabaian-1-1024x582.jpg\" alt=\"\" class=\"wp-image-1185\" style=\"aspect-ratio:1.757437070938215;width:519px;height:auto\" srcset=\"https:\/\/sigi-lueer.de\/wp-content\/uploads\/2023\/03\/2021-1.6-verleihung-Sozialistenhut-2021-sigi-fabaian-1-1024x582.jpg 1024w, https:\/\/sigi-lueer.de\/wp-content\/uploads\/2023\/03\/2021-1.6-verleihung-Sozialistenhut-2021-sigi-fabaian-1-300x170.jpg 300w, https:\/\/sigi-lueer.de\/wp-content\/uploads\/2023\/03\/2021-1.6-verleihung-Sozialistenhut-2021-sigi-fabaian-1-768x436.jpg 768w, https:\/\/sigi-lueer.de\/wp-content\/uploads\/2023\/03\/2021-1.6-verleihung-Sozialistenhut-2021-sigi-fabaian-1-1536x873.jpg 1536w, https:\/\/sigi-lueer.de\/wp-content\/uploads\/2023\/03\/2021-1.6-verleihung-Sozialistenhut-2021-sigi-fabaian-1-2048x1164.jpg 2048w, https:\/\/sigi-lueer.de\/wp-content\/uploads\/2023\/03\/2021-1.6-verleihung-Sozialistenhut-2021-sigi-fabaian-1-2000x1136.jpg 2000w\" sizes=\"(max-width: 1024px) 100vw, 1024px\" \/><\/figure>\n\n\n\n<figure class=\"wp-block-image aligncenter size-large is-resized\"><img loading=\"lazy\" decoding=\"async\" width=\"1024\" height=\"768\" src=\"https:\/\/sigi-lueer.de\/wp-content\/uploads\/2023\/03\/2021-1.2-verleihung-Sozialistenhut-2021-mr.-fabulous-2-1024x768.jpg\" alt=\"\" class=\"wp-image-1187\" style=\"width:521px;height:auto\" srcset=\"https:\/\/sigi-lueer.de\/wp-content\/uploads\/2023\/03\/2021-1.2-verleihung-Sozialistenhut-2021-mr.-fabulous-2-1024x768.jpg 1024w, https:\/\/sigi-lueer.de\/wp-content\/uploads\/2023\/03\/2021-1.2-verleihung-Sozialistenhut-2021-mr.-fabulous-2-300x225.jpg 300w, https:\/\/sigi-lueer.de\/wp-content\/uploads\/2023\/03\/2021-1.2-verleihung-Sozialistenhut-2021-mr.-fabulous-2-768x576.jpg 768w, https:\/\/sigi-lueer.de\/wp-content\/uploads\/2023\/03\/2021-1.2-verleihung-Sozialistenhut-2021-mr.-fabulous-2-1536x1152.jpg 1536w, https:\/\/sigi-lueer.de\/wp-content\/uploads\/2023\/03\/2021-1.2-verleihung-Sozialistenhut-2021-mr.-fabulous-2-2048x1536.jpg 2048w, https:\/\/sigi-lueer.de\/wp-content\/uploads\/2023\/03\/2021-1.2-verleihung-Sozialistenhut-2021-mr.-fabulous-2-2000x1500.jpg 2000w\" sizes=\"(max-width: 1024px) 100vw, 1024px\" \/><\/figure>\n\n\n\n<figure class=\"wp-block-image aligncenter size-large is-resized\"><img loading=\"lazy\" decoding=\"async\" width=\"1024\" height=\"768\" src=\"https:\/\/sigi-lueer.de\/wp-content\/uploads\/2023\/03\/2021-1.3-verleihung-Sozialistenhut-2021sigi-lueer-2-1024x768.jpg\" alt=\"\" class=\"wp-image-1186\" style=\"width:529px;height:auto\" srcset=\"https:\/\/sigi-lueer.de\/wp-content\/uploads\/2023\/03\/2021-1.3-verleihung-Sozialistenhut-2021sigi-lueer-2-1024x768.jpg 1024w, https:\/\/sigi-lueer.de\/wp-content\/uploads\/2023\/03\/2021-1.3-verleihung-Sozialistenhut-2021sigi-lueer-2-300x225.jpg 300w, https:\/\/sigi-lueer.de\/wp-content\/uploads\/2023\/03\/2021-1.3-verleihung-Sozialistenhut-2021sigi-lueer-2-768x576.jpg 768w, https:\/\/sigi-lueer.de\/wp-content\/uploads\/2023\/03\/2021-1.3-verleihung-Sozialistenhut-2021sigi-lueer-2-1536x1152.jpg 1536w, https:\/\/sigi-lueer.de\/wp-content\/uploads\/2023\/03\/2021-1.3-verleihung-Sozialistenhut-2021sigi-lueer-2-2048x1536.jpg 2048w, https:\/\/sigi-lueer.de\/wp-content\/uploads\/2023\/03\/2021-1.3-verleihung-Sozialistenhut-2021sigi-lueer-2-2000x1500.jpg 2000w\" sizes=\"(max-width: 1024px) 100vw, 1024px\" \/><\/figure>\n\n\n\n<figure class=\"wp-block-image aligncenter size-large is-resized\"><img loading=\"lazy\" decoding=\"async\" width=\"1024\" height=\"768\" src=\"https:\/\/sigi-lueer.de\/wp-content\/uploads\/2023\/03\/2021-1.13-verleihung-Sozialistenhut-2021-sigi-fabaian-1-1024x768.jpg\" alt=\"\" class=\"wp-image-1188\" style=\"width:524px;height:auto\" srcset=\"https:\/\/sigi-lueer.de\/wp-content\/uploads\/2023\/03\/2021-1.13-verleihung-Sozialistenhut-2021-sigi-fabaian-1-1024x768.jpg 1024w, https:\/\/sigi-lueer.de\/wp-content\/uploads\/2023\/03\/2021-1.13-verleihung-Sozialistenhut-2021-sigi-fabaian-1-300x225.jpg 300w, https:\/\/sigi-lueer.de\/wp-content\/uploads\/2023\/03\/2021-1.13-verleihung-Sozialistenhut-2021-sigi-fabaian-1-768x576.jpg 768w, https:\/\/sigi-lueer.de\/wp-content\/uploads\/2023\/03\/2021-1.13-verleihung-Sozialistenhut-2021-sigi-fabaian-1-1536x1152.jpg 1536w, https:\/\/sigi-lueer.de\/wp-content\/uploads\/2023\/03\/2021-1.13-verleihung-Sozialistenhut-2021-sigi-fabaian-1-2048x1536.jpg 2048w, https:\/\/sigi-lueer.de\/wp-content\/uploads\/2023\/03\/2021-1.13-verleihung-Sozialistenhut-2021-sigi-fabaian-1-2000x1500.jpg 2000w\" sizes=\"(max-width: 1024px) 100vw, 1024px\" \/><\/figure>\n\n\n\n<figure class=\"wp-block-image aligncenter size-large is-resized\"><img loading=\"lazy\" decoding=\"async\" width=\"1024\" height=\"768\" src=\"https:\/\/sigi-lueer.de\/wp-content\/uploads\/2023\/03\/2021-1.14-verleihung-Sozialistenhut-2021-sigi-fabaian-1-1024x768.jpg\" alt=\"\" class=\"wp-image-1189\" style=\"width:530px;height:auto\" srcset=\"https:\/\/sigi-lueer.de\/wp-content\/uploads\/2023\/03\/2021-1.14-verleihung-Sozialistenhut-2021-sigi-fabaian-1-1024x768.jpg 1024w, https:\/\/sigi-lueer.de\/wp-content\/uploads\/2023\/03\/2021-1.14-verleihung-Sozialistenhut-2021-sigi-fabaian-1-300x225.jpg 300w, https:\/\/sigi-lueer.de\/wp-content\/uploads\/2023\/03\/2021-1.14-verleihung-Sozialistenhut-2021-sigi-fabaian-1-768x576.jpg 768w, https:\/\/sigi-lueer.de\/wp-content\/uploads\/2023\/03\/2021-1.14-verleihung-Sozialistenhut-2021-sigi-fabaian-1-1536x1152.jpg 1536w, https:\/\/sigi-lueer.de\/wp-content\/uploads\/2023\/03\/2021-1.14-verleihung-Sozialistenhut-2021-sigi-fabaian-1-2048x1536.jpg 2048w, https:\/\/sigi-lueer.de\/wp-content\/uploads\/2023\/03\/2021-1.14-verleihung-Sozialistenhut-2021-sigi-fabaian-1-2000x1500.jpg 2000w\" sizes=\"(max-width: 1024px) 100vw, 1024px\" \/><\/figure>\n\n\n\n<p><\/p>\n\n\n\n<p><\/p>\n\n\n\n<p class=\"has-text-align-center\"><strong>2021 SOUNZZ-Studio Immenstadt, Aufnahmen f\u00fcr die CD: \u201eUnd ich ging meinen Weg&#8220;<\/strong><\/p>\n\n\n\n<figure class=\"wp-block-image aligncenter size-large is-resized\"><img loading=\"lazy\" decoding=\"async\" width=\"768\" height=\"1024\" src=\"https:\/\/sigi-lueer.de\/wp-content\/uploads\/2023\/03\/IMG-20210720-WA0001.jpg\" alt=\"\" class=\"wp-image-1205\" style=\"width:514px;height:auto\" srcset=\"https:\/\/sigi-lueer.de\/wp-content\/uploads\/2023\/03\/IMG-20210720-WA0001.jpg 768w, https:\/\/sigi-lueer.de\/wp-content\/uploads\/2023\/03\/IMG-20210720-WA0001-225x300.jpg 225w\" sizes=\"(max-width: 768px) 100vw, 768px\" \/><figcaption class=\"wp-element-caption\"><strong>im Studio von Tim Hecking<\/strong><\/figcaption><\/figure>\n\n\n\n<figure class=\"wp-block-image aligncenter size-large is-resized\"><img loading=\"lazy\" decoding=\"async\" width=\"1024\" height=\"768\" src=\"https:\/\/sigi-lueer.de\/wp-content\/uploads\/2023\/03\/IMG-20210729-WA0001-2-1024x768.jpg\" alt=\"\" class=\"wp-image-1207\" style=\"width:522px;height:auto\" srcset=\"https:\/\/sigi-lueer.de\/wp-content\/uploads\/2023\/03\/IMG-20210729-WA0001-2-1024x768.jpg 1024w, https:\/\/sigi-lueer.de\/wp-content\/uploads\/2023\/03\/IMG-20210729-WA0001-2-300x225.jpg 300w, https:\/\/sigi-lueer.de\/wp-content\/uploads\/2023\/03\/IMG-20210729-WA0001-2-768x576.jpg 768w, https:\/\/sigi-lueer.de\/wp-content\/uploads\/2023\/03\/IMG-20210729-WA0001-2-1536x1152.jpg 1536w, https:\/\/sigi-lueer.de\/wp-content\/uploads\/2023\/03\/IMG-20210729-WA0001-2.jpg 1600w\" sizes=\"(max-width: 1024px) 100vw, 1024px\" \/><\/figure>\n\n\n\n<figure class=\"wp-block-image aligncenter size-large is-resized\"><img loading=\"lazy\" decoding=\"async\" width=\"1024\" height=\"768\" src=\"https:\/\/sigi-lueer.de\/wp-content\/uploads\/2023\/03\/IMG-20210729-WA0002-1-1024x768.jpg\" alt=\"\" class=\"wp-image-1206\" style=\"width:524px;height:auto\" srcset=\"https:\/\/sigi-lueer.de\/wp-content\/uploads\/2023\/03\/IMG-20210729-WA0002-1-1024x768.jpg 1024w, https:\/\/sigi-lueer.de\/wp-content\/uploads\/2023\/03\/IMG-20210729-WA0002-1-300x225.jpg 300w, https:\/\/sigi-lueer.de\/wp-content\/uploads\/2023\/03\/IMG-20210729-WA0002-1-768x576.jpg 768w, https:\/\/sigi-lueer.de\/wp-content\/uploads\/2023\/03\/IMG-20210729-WA0002-1-1536x1152.jpg 1536w, https:\/\/sigi-lueer.de\/wp-content\/uploads\/2023\/03\/IMG-20210729-WA0002-1.jpg 1600w\" sizes=\"(max-width: 1024px) 100vw, 1024px\" \/><\/figure>\n\n\n\n<figure class=\"wp-block-image aligncenter size-large is-resized\"><img loading=\"lazy\" decoding=\"async\" width=\"1024\" height=\"856\" src=\"https:\/\/sigi-lueer.de\/wp-content\/uploads\/2023\/03\/IMG-20210729-WA0003-1-1024x856.jpg\" alt=\"\" class=\"wp-image-1210\" style=\"width:523px;height:auto\" srcset=\"https:\/\/sigi-lueer.de\/wp-content\/uploads\/2023\/03\/IMG-20210729-WA0003-1-1024x856.jpg 1024w, https:\/\/sigi-lueer.de\/wp-content\/uploads\/2023\/03\/IMG-20210729-WA0003-1-300x251.jpg 300w, https:\/\/sigi-lueer.de\/wp-content\/uploads\/2023\/03\/IMG-20210729-WA0003-1-768x642.jpg 768w, https:\/\/sigi-lueer.de\/wp-content\/uploads\/2023\/03\/IMG-20210729-WA0003-1.jpg 1202w\" sizes=\"(max-width: 1024px) 100vw, 1024px\" \/><\/figure>\n\n\n\n<figure class=\"wp-block-image aligncenter size-large is-resized\"><img loading=\"lazy\" decoding=\"async\" width=\"1024\" height=\"768\" src=\"https:\/\/sigi-lueer.de\/wp-content\/uploads\/2023\/03\/IMG-20210729-WA0006-1-1024x768.jpg\" alt=\"\" class=\"wp-image-1208\" style=\"width:520px;height:auto\" srcset=\"https:\/\/sigi-lueer.de\/wp-content\/uploads\/2023\/03\/IMG-20210729-WA0006-1-1024x768.jpg 1024w, https:\/\/sigi-lueer.de\/wp-content\/uploads\/2023\/03\/IMG-20210729-WA0006-1-300x225.jpg 300w, https:\/\/sigi-lueer.de\/wp-content\/uploads\/2023\/03\/IMG-20210729-WA0006-1-768x576.jpg 768w, https:\/\/sigi-lueer.de\/wp-content\/uploads\/2023\/03\/IMG-20210729-WA0006-1-1536x1152.jpg 1536w, https:\/\/sigi-lueer.de\/wp-content\/uploads\/2023\/03\/IMG-20210729-WA0006-1.jpg 1600w\" sizes=\"(max-width: 1024px) 100vw, 1024px\" \/><\/figure>\n\n\n\n<figure class=\"wp-block-image aligncenter size-large is-resized\"><img loading=\"lazy\" decoding=\"async\" width=\"1024\" height=\"768\" src=\"https:\/\/sigi-lueer.de\/wp-content\/uploads\/2023\/03\/IMG-20210729-WA0007-1-1024x768.jpg\" alt=\"\" class=\"wp-image-1209\" style=\"width:525px;height:auto\" srcset=\"https:\/\/sigi-lueer.de\/wp-content\/uploads\/2023\/03\/IMG-20210729-WA0007-1-1024x768.jpg 1024w, https:\/\/sigi-lueer.de\/wp-content\/uploads\/2023\/03\/IMG-20210729-WA0007-1-300x225.jpg 300w, https:\/\/sigi-lueer.de\/wp-content\/uploads\/2023\/03\/IMG-20210729-WA0007-1-768x576.jpg 768w, https:\/\/sigi-lueer.de\/wp-content\/uploads\/2023\/03\/IMG-20210729-WA0007-1-1536x1152.jpg 1536w, https:\/\/sigi-lueer.de\/wp-content\/uploads\/2023\/03\/IMG-20210729-WA0007-1.jpg 1600w\" sizes=\"(max-width: 1024px) 100vw, 1024px\" \/><\/figure>\n\n\n\n<figure class=\"wp-block-image aligncenter size-large is-resized\"><img loading=\"lazy\" decoding=\"async\" width=\"1024\" height=\"768\" src=\"https:\/\/sigi-lueer.de\/wp-content\/uploads\/2023\/03\/IMG-20210729-WA0009-1-1024x768.jpg\" alt=\"\" class=\"wp-image-1211\" style=\"width:520px;height:auto\" srcset=\"https:\/\/sigi-lueer.de\/wp-content\/uploads\/2023\/03\/IMG-20210729-WA0009-1-1024x768.jpg 1024w, https:\/\/sigi-lueer.de\/wp-content\/uploads\/2023\/03\/IMG-20210729-WA0009-1-300x225.jpg 300w, https:\/\/sigi-lueer.de\/wp-content\/uploads\/2023\/03\/IMG-20210729-WA0009-1-768x576.jpg 768w, https:\/\/sigi-lueer.de\/wp-content\/uploads\/2023\/03\/IMG-20210729-WA0009-1-1536x1152.jpg 1536w, https:\/\/sigi-lueer.de\/wp-content\/uploads\/2023\/03\/IMG-20210729-WA0009-1.jpg 1600w\" sizes=\"(max-width: 1024px) 100vw, 1024px\" \/><figcaption class=\"wp-element-caption\">SOUNZZ Studio Studio von Tim Heckingin in Immenstadt Seifen <\/figcaption><\/figure>\n\n\n\n<p class=\"has-text-align-center\"><strong>der letzte gemeinsame Auftritt mit <\/strong><\/p>\n\n\n\n<p class=\"has-text-align-center\"><strong>Robert Tanzinger<\/strong><\/p>\n\n\n\n<figure class=\"wp-block-image aligncenter size-large is-resized\"><img loading=\"lazy\" decoding=\"async\" width=\"724\" height=\"1024\" src=\"https:\/\/sigi-lueer.de\/wp-content\/uploads\/2023\/03\/2021-1-plakat-kulturwerkstatt-sonthofen-sigi-lueer-friends-1-2-724x1024.jpg\" alt=\"\" class=\"wp-image-1191\" style=\"width:432px;height:auto\" srcset=\"https:\/\/sigi-lueer.de\/wp-content\/uploads\/2023\/03\/2021-1-plakat-kulturwerkstatt-sonthofen-sigi-lueer-friends-1-2-724x1024.jpg 724w, https:\/\/sigi-lueer.de\/wp-content\/uploads\/2023\/03\/2021-1-plakat-kulturwerkstatt-sonthofen-sigi-lueer-friends-1-2-212x300.jpg 212w, https:\/\/sigi-lueer.de\/wp-content\/uploads\/2023\/03\/2021-1-plakat-kulturwerkstatt-sonthofen-sigi-lueer-friends-1-2-768x1086.jpg 768w, https:\/\/sigi-lueer.de\/wp-content\/uploads\/2023\/03\/2021-1-plakat-kulturwerkstatt-sonthofen-sigi-lueer-friends-1-2.jpg 835w\" sizes=\"(max-width: 724px) 100vw, 724px\" \/><\/figure>\n\n\n\n<p class=\"has-text-align-center\"><img decoding=\"async\" style=\"width: 600px;\" src=\"https:\/\/sigi-lueer.de\/wp-content\/uploads\/2023\/03\/2021-kulturwerkstatt-sonthofen-sigi-lueer-friends-1-1-1024x576.jpeg\" alt=\"Dieses Bild hat ein leeres Alt-Attribut. Der Dateiname ist 2021-kulturwerkstatt-sonthofen-sigi-lueer-friends-1-1-1024x576.jpeg\"><\/p>\n\n\n\n<figure class=\"wp-block-image aligncenter size-large is-resized\"><img loading=\"lazy\" decoding=\"async\" width=\"1024\" height=\"751\" src=\"https:\/\/sigi-lueer.de\/wp-content\/uploads\/2023\/03\/2021-4-kulturwerkstatt-sonthofen-sigi-lueer-friends-1-2-1024x751.jpeg\" alt=\"\" class=\"wp-image-1196\" style=\"width:600px;height:auto\" srcset=\"https:\/\/sigi-lueer.de\/wp-content\/uploads\/2023\/03\/2021-4-kulturwerkstatt-sonthofen-sigi-lueer-friends-1-2-1024x751.jpeg 1024w, https:\/\/sigi-lueer.de\/wp-content\/uploads\/2023\/03\/2021-4-kulturwerkstatt-sonthofen-sigi-lueer-friends-1-2-300x220.jpeg 300w, https:\/\/sigi-lueer.de\/wp-content\/uploads\/2023\/03\/2021-4-kulturwerkstatt-sonthofen-sigi-lueer-friends-1-2-768x563.jpeg 768w, https:\/\/sigi-lueer.de\/wp-content\/uploads\/2023\/03\/2021-4-kulturwerkstatt-sonthofen-sigi-lueer-friends-1-2-1536x1127.jpeg 1536w, https:\/\/sigi-lueer.de\/wp-content\/uploads\/2023\/03\/2021-4-kulturwerkstatt-sonthofen-sigi-lueer-friends-1-2-2048x1502.jpeg 2048w, https:\/\/sigi-lueer.de\/wp-content\/uploads\/2023\/03\/2021-4-kulturwerkstatt-sonthofen-sigi-lueer-friends-1-2-2000x1467.jpeg 2000w\" sizes=\"(max-width: 1024px) 100vw, 1024px\" \/><\/figure>\n\n\n\n<figure class=\"wp-block-image aligncenter size-full is-resized\"><img loading=\"lazy\" decoding=\"async\" width=\"899\" height=\"899\" src=\"https:\/\/sigi-lueer.de\/wp-content\/uploads\/2023\/03\/2021-6-kulturwerkstatt-sonthofen-sigi-lueer-friends-1-1.jpeg\" alt=\"\" class=\"wp-image-1194\" style=\"width:597px;height:auto\" srcset=\"https:\/\/sigi-lueer.de\/wp-content\/uploads\/2023\/03\/2021-6-kulturwerkstatt-sonthofen-sigi-lueer-friends-1-1.jpeg 899w, https:\/\/sigi-lueer.de\/wp-content\/uploads\/2023\/03\/2021-6-kulturwerkstatt-sonthofen-sigi-lueer-friends-1-1-300x300.jpeg 300w, https:\/\/sigi-lueer.de\/wp-content\/uploads\/2023\/03\/2021-6-kulturwerkstatt-sonthofen-sigi-lueer-friends-1-1-150x150.jpeg 150w, https:\/\/sigi-lueer.de\/wp-content\/uploads\/2023\/03\/2021-6-kulturwerkstatt-sonthofen-sigi-lueer-friends-1-1-768x768.jpeg 768w\" sizes=\"(max-width: 899px) 100vw, 899px\" \/><figcaption class=\"wp-element-caption\"><strong>Robert Tanzinger<\/strong>+<\/figcaption><\/figure>\n\n\n\n<figure class=\"wp-block-image aligncenter size-large is-resized\"><img loading=\"lazy\" decoding=\"async\" width=\"1024\" height=\"463\" src=\"https:\/\/sigi-lueer.de\/wp-content\/uploads\/2023\/03\/2021-7-kulturwerkstatt-sonthofen-sigi-lueer-friends-1-1-1024x463.jpeg\" alt=\"\" class=\"wp-image-1197\" style=\"aspect-ratio:2.213256484149856;width:608px;height:auto\" srcset=\"https:\/\/sigi-lueer.de\/wp-content\/uploads\/2023\/03\/2021-7-kulturwerkstatt-sonthofen-sigi-lueer-friends-1-1-1024x463.jpeg 1024w, https:\/\/sigi-lueer.de\/wp-content\/uploads\/2023\/03\/2021-7-kulturwerkstatt-sonthofen-sigi-lueer-friends-1-1-300x136.jpeg 300w, https:\/\/sigi-lueer.de\/wp-content\/uploads\/2023\/03\/2021-7-kulturwerkstatt-sonthofen-sigi-lueer-friends-1-1-768x347.jpeg 768w, https:\/\/sigi-lueer.de\/wp-content\/uploads\/2023\/03\/2021-7-kulturwerkstatt-sonthofen-sigi-lueer-friends-1-1.jpeg 1298w\" sizes=\"(max-width: 1024px) 100vw, 1024px\" \/><\/figure>\n\n\n\n<p><\/p>\n\n\n\n<p class=\"has-text-align-center\">2021 Immenstadt<\/p>\n\n\n\n<figure class=\"wp-block-image aligncenter size-large is-resized\"><img loading=\"lazy\" decoding=\"async\" width=\"724\" height=\"1024\" src=\"https:\/\/sigi-lueer.de\/wp-content\/uploads\/2023\/07\/Poster-1-Kopieren-724x1024.jpg\" alt=\"\" class=\"wp-image-1671\" style=\"aspect-ratio:0.7073170731707317;width:443px;height:auto\" srcset=\"https:\/\/sigi-lueer.de\/wp-content\/uploads\/2023\/07\/Poster-1-Kopieren-724x1024.jpg 724w, https:\/\/sigi-lueer.de\/wp-content\/uploads\/2023\/07\/Poster-1-Kopieren-212x300.jpg 212w, https:\/\/sigi-lueer.de\/wp-content\/uploads\/2023\/07\/Poster-1-Kopieren-768x1087.jpg 768w, https:\/\/sigi-lueer.de\/wp-content\/uploads\/2023\/07\/Poster-1-Kopieren-600x849.jpg 600w, https:\/\/sigi-lueer.de\/wp-content\/uploads\/2023\/07\/Poster-1-Kopieren.jpg 793w\" sizes=\"(max-width: 724px) 100vw, 724px\" \/><\/figure>\n\n\n\n<figure class=\"wp-block-image aligncenter size-large is-resized\"><img loading=\"lazy\" decoding=\"async\" width=\"1024\" height=\"576\" src=\"https:\/\/sigi-lueer.de\/wp-content\/uploads\/2023\/07\/IMG-20210806-WA0008-1024x576.jpg\" alt=\"\" class=\"wp-image-1675\" style=\"width:467px;height:auto\" srcset=\"https:\/\/sigi-lueer.de\/wp-content\/uploads\/2023\/07\/IMG-20210806-WA0008-1024x576.jpg 1024w, https:\/\/sigi-lueer.de\/wp-content\/uploads\/2023\/07\/IMG-20210806-WA0008-300x169.jpg 300w, https:\/\/sigi-lueer.de\/wp-content\/uploads\/2023\/07\/IMG-20210806-WA0008-768x432.jpg 768w, https:\/\/sigi-lueer.de\/wp-content\/uploads\/2023\/07\/IMG-20210806-WA0008-1536x864.jpg 1536w, https:\/\/sigi-lueer.de\/wp-content\/uploads\/2023\/07\/IMG-20210806-WA0008-600x338.jpg 600w, https:\/\/sigi-lueer.de\/wp-content\/uploads\/2023\/07\/IMG-20210806-WA0008-1200x675.jpg 1200w, https:\/\/sigi-lueer.de\/wp-content\/uploads\/2023\/07\/IMG-20210806-WA0008.jpg 1600w\" sizes=\"(max-width: 1024px) 100vw, 1024px\" \/><\/figure>\n\n\n\n<figure class=\"wp-block-image aligncenter size-large is-resized\"><img loading=\"lazy\" decoding=\"async\" width=\"576\" height=\"1024\" src=\"https:\/\/sigi-lueer.de\/wp-content\/uploads\/2023\/07\/IMG-20210806-WA0001-576x1024.jpg\" alt=\"\" class=\"wp-image-1674\" style=\"width:280px;height:auto\" srcset=\"https:\/\/sigi-lueer.de\/wp-content\/uploads\/2023\/07\/IMG-20210806-WA0001-576x1024.jpg 576w, https:\/\/sigi-lueer.de\/wp-content\/uploads\/2023\/07\/IMG-20210806-WA0001-169x300.jpg 169w, https:\/\/sigi-lueer.de\/wp-content\/uploads\/2023\/07\/IMG-20210806-WA0001-768x1365.jpg 768w, https:\/\/sigi-lueer.de\/wp-content\/uploads\/2023\/07\/IMG-20210806-WA0001-864x1536.jpg 864w, https:\/\/sigi-lueer.de\/wp-content\/uploads\/2023\/07\/IMG-20210806-WA0001-600x1067.jpg 600w, https:\/\/sigi-lueer.de\/wp-content\/uploads\/2023\/07\/IMG-20210806-WA0001.jpg 900w\" sizes=\"(max-width: 576px) 100vw, 576px\" \/><\/figure>\n\n\n\n<figure class=\"wp-block-image aligncenter size-large is-resized\"><img loading=\"lazy\" decoding=\"async\" width=\"576\" height=\"1024\" src=\"https:\/\/sigi-lueer.de\/wp-content\/uploads\/2023\/07\/IMG-20210806-WA0007-576x1024.jpg\" alt=\"\" class=\"wp-image-1672\" style=\"width:294px;height:auto\" srcset=\"https:\/\/sigi-lueer.de\/wp-content\/uploads\/2023\/07\/IMG-20210806-WA0007-576x1024.jpg 576w, https:\/\/sigi-lueer.de\/wp-content\/uploads\/2023\/07\/IMG-20210806-WA0007-169x300.jpg 169w, https:\/\/sigi-lueer.de\/wp-content\/uploads\/2023\/07\/IMG-20210806-WA0007-768x1365.jpg 768w, https:\/\/sigi-lueer.de\/wp-content\/uploads\/2023\/07\/IMG-20210806-WA0007-864x1536.jpg 864w, https:\/\/sigi-lueer.de\/wp-content\/uploads\/2023\/07\/IMG-20210806-WA0007-600x1067.jpg 600w, https:\/\/sigi-lueer.de\/wp-content\/uploads\/2023\/07\/IMG-20210806-WA0007.jpg 900w\" sizes=\"(max-width: 576px) 100vw, 576px\" \/><\/figure>\n\n\n\n<figure class=\"wp-block-image aligncenter size-large is-resized\"><img loading=\"lazy\" decoding=\"async\" width=\"576\" height=\"1024\" src=\"https:\/\/sigi-lueer.de\/wp-content\/uploads\/2023\/07\/IMG-20210806-WA0003-576x1024.jpg\" alt=\"\" class=\"wp-image-1673\" style=\"width:464px;height:auto\" srcset=\"https:\/\/sigi-lueer.de\/wp-content\/uploads\/2023\/07\/IMG-20210806-WA0003-576x1024.jpg 576w, https:\/\/sigi-lueer.de\/wp-content\/uploads\/2023\/07\/IMG-20210806-WA0003-169x300.jpg 169w, https:\/\/sigi-lueer.de\/wp-content\/uploads\/2023\/07\/IMG-20210806-WA0003-768x1365.jpg 768w, https:\/\/sigi-lueer.de\/wp-content\/uploads\/2023\/07\/IMG-20210806-WA0003-864x1536.jpg 864w, https:\/\/sigi-lueer.de\/wp-content\/uploads\/2023\/07\/IMG-20210806-WA0003-600x1067.jpg 600w, https:\/\/sigi-lueer.de\/wp-content\/uploads\/2023\/07\/IMG-20210806-WA0003.jpg 900w\" sizes=\"(max-width: 576px) 100vw, 576px\" \/><\/figure>\n\n\n\n<p><\/p>\n\n\n\n<p class=\"has-text-align-center\"><strong>2021 Kempten-Halden: L\u00fcer &amp; Hecking<\/strong><\/p>\n\n\n\n<figure class=\"wp-block-image aligncenter size-large is-resized\"><img loading=\"lazy\" decoding=\"async\" width=\"913\" height=\"1024\" src=\"https:\/\/sigi-lueer.de\/wp-content\/uploads\/2023\/03\/2021-1-Kloster-Banz-in-Kempten-2-1-913x1024.jpg\" alt=\"\" class=\"wp-image-1199\" style=\"aspect-ratio:0.892436974789916;width:379px;height:auto\" srcset=\"https:\/\/sigi-lueer.de\/wp-content\/uploads\/2023\/03\/2021-1-Kloster-Banz-in-Kempten-2-1-913x1024.jpg 913w, https:\/\/sigi-lueer.de\/wp-content\/uploads\/2023\/03\/2021-1-Kloster-Banz-in-Kempten-2-1-268x300.jpg 268w, https:\/\/sigi-lueer.de\/wp-content\/uploads\/2023\/03\/2021-1-Kloster-Banz-in-Kempten-2-1-768x861.jpg 768w, https:\/\/sigi-lueer.de\/wp-content\/uploads\/2023\/03\/2021-1-Kloster-Banz-in-Kempten-2-1-1370x1536.jpg 1370w, https:\/\/sigi-lueer.de\/wp-content\/uploads\/2023\/03\/2021-1-Kloster-Banz-in-Kempten-2-1-1827x2048.jpg 1827w, https:\/\/sigi-lueer.de\/wp-content\/uploads\/2023\/03\/2021-1-Kloster-Banz-in-Kempten-2-1-2000x2242.jpg 2000w\" sizes=\"(max-width: 913px) 100vw, 913px\" \/><\/figure>\n\n\n\n<figure class=\"wp-block-image aligncenter size-large is-resized\"><img loading=\"lazy\" decoding=\"async\" width=\"778\" height=\"510\" src=\"https:\/\/sigi-lueer.de\/wp-content\/uploads\/2023\/03\/2021-2-gartenkonzert-sigi-lueer-Tim-Hecking.jpg\" alt=\"\" class=\"wp-image-1201\" style=\"width:389px;height:auto\" srcset=\"https:\/\/sigi-lueer.de\/wp-content\/uploads\/2023\/03\/2021-2-gartenkonzert-sigi-lueer-Tim-Hecking.jpg 778w, https:\/\/sigi-lueer.de\/wp-content\/uploads\/2023\/03\/2021-2-gartenkonzert-sigi-lueer-Tim-Hecking-300x197.jpg 300w, https:\/\/sigi-lueer.de\/wp-content\/uploads\/2023\/03\/2021-2-gartenkonzert-sigi-lueer-Tim-Hecking-768x503.jpg 768w\" sizes=\"(max-width: 778px) 100vw, 778px\" \/><\/figure>\n\n\n\n<figure class=\"wp-block-image aligncenter size-large is-resized\"><img loading=\"lazy\" decoding=\"async\" width=\"1000\" height=\"563\" src=\"https:\/\/sigi-lueer.de\/wp-content\/uploads\/2023\/03\/2021-gartenkonzert-sigi-lueer-Tim-Hecking-0808_180835-1.jpg\" alt=\"\" class=\"wp-image-1202\" style=\"width:528px;height:auto\" srcset=\"https:\/\/sigi-lueer.de\/wp-content\/uploads\/2023\/03\/2021-gartenkonzert-sigi-lueer-Tim-Hecking-0808_180835-1.jpg 1000w, https:\/\/sigi-lueer.de\/wp-content\/uploads\/2023\/03\/2021-gartenkonzert-sigi-lueer-Tim-Hecking-0808_180835-1-300x169.jpg 300w, https:\/\/sigi-lueer.de\/wp-content\/uploads\/2023\/03\/2021-gartenkonzert-sigi-lueer-Tim-Hecking-0808_180835-1-768x432.jpg 768w\" sizes=\"(max-width: 1000px) 100vw, 1000px\" \/><\/figure>\n\n\n\n<figure class=\"wp-block-image aligncenter size-full is-resized\"><img loading=\"lazy\" decoding=\"async\" width=\"757\" height=\"332\" src=\"https:\/\/sigi-lueer.de\/wp-content\/uploads\/2024\/01\/Thomas-757x1024-1.jpg\" alt=\"\" class=\"wp-image-1881\" style=\"width:403px;height:auto\" srcset=\"https:\/\/sigi-lueer.de\/wp-content\/uploads\/2024\/01\/Thomas-757x1024-1.jpg 757w, https:\/\/sigi-lueer.de\/wp-content\/uploads\/2024\/01\/Thomas-757x1024-1-300x132.jpg 300w\" sizes=\"(max-width: 757px) 100vw, 757px\" \/><\/figure>\n\n\n\n<p><\/p>\n\n\n\n<p class=\"has-text-align-center\"><strong>Leo The Lord&#8230;gemeinsam Urlaub auf einer griechischen Insel<\/strong><\/p>\n\n\n\n<figure class=\"wp-block-image aligncenter size-large is-resized\"><img loading=\"lazy\" decoding=\"async\" width=\"1024\" height=\"767\" src=\"https:\/\/sigi-lueer.de\/wp-content\/uploads\/2023\/05\/20210909_091514-2-1024x767.jpg\" alt=\"\" class=\"wp-image-1491\" style=\"aspect-ratio:1.336405529953917;width:454px;height:auto\" srcset=\"https:\/\/sigi-lueer.de\/wp-content\/uploads\/2023\/05\/20210909_091514-2-1024x767.jpg 1024w, https:\/\/sigi-lueer.de\/wp-content\/uploads\/2023\/05\/20210909_091514-2-300x225.jpg 300w, https:\/\/sigi-lueer.de\/wp-content\/uploads\/2023\/05\/20210909_091514-2-768x576.jpg 768w, https:\/\/sigi-lueer.de\/wp-content\/uploads\/2023\/05\/20210909_091514-2-1536x1151.jpg 1536w, https:\/\/sigi-lueer.de\/wp-content\/uploads\/2023\/05\/20210909_091514-2-2000x1499.jpg 2000w, https:\/\/sigi-lueer.de\/wp-content\/uploads\/2023\/05\/20210909_091514-2.jpg 2008w\" sizes=\"(max-width: 1024px) 100vw, 1024px\" \/><figcaption class=\"wp-element-caption\"><strong>The Lords in der neue Formation in der Mitte Leo Litz<\/strong><\/figcaption><\/figure>\n\n\n\n<figure class=\"wp-block-image aligncenter size-large is-resized\"><img loading=\"lazy\" decoding=\"async\" width=\"897\" height=\"1024\" src=\"https:\/\/sigi-lueer.de\/wp-content\/uploads\/2023\/05\/20210915_232125-1-897x1024.jpg\" alt=\"\" class=\"wp-image-1492\" style=\"aspect-ratio:0.8786039453717754;width:423px;height:auto\" srcset=\"https:\/\/sigi-lueer.de\/wp-content\/uploads\/2023\/05\/20210915_232125-1-897x1024.jpg 897w, https:\/\/sigi-lueer.de\/wp-content\/uploads\/2023\/05\/20210915_232125-1-263x300.jpg 263w, https:\/\/sigi-lueer.de\/wp-content\/uploads\/2023\/05\/20210915_232125-1-768x877.jpg 768w, https:\/\/sigi-lueer.de\/wp-content\/uploads\/2023\/05\/20210915_232125-1.jpg 1209w\" sizes=\"(max-width: 897px) 100vw, 897px\" \/><figcaption class=\"wp-element-caption\"><strong>Sigi L\u00fcer &amp; Leo Litz am letzten Urlaubstag<\/strong><\/figcaption><\/figure>\n\n\n\n<figure class=\"wp-block-image aligncenter size-large is-resized\"><img loading=\"lazy\" decoding=\"async\" width=\"1024\" height=\"564\" src=\"https:\/\/sigi-lueer.de\/wp-content\/uploads\/2024\/01\/Leo-1-2-1024x564.jpg\" alt=\"\" class=\"wp-image-1901\" style=\"width:424px;height:auto\" srcset=\"https:\/\/sigi-lueer.de\/wp-content\/uploads\/2024\/01\/Leo-1-2-1024x564.jpg 1024w, https:\/\/sigi-lueer.de\/wp-content\/uploads\/2024\/01\/Leo-1-2-300x165.jpg 300w, https:\/\/sigi-lueer.de\/wp-content\/uploads\/2024\/01\/Leo-1-2.jpg 1778w\" sizes=\"(max-width: 1024px) 100vw, 1024px\" \/><\/figure>\n\n\n\n<figure class=\"wp-block-image aligncenter size-large is-resized\"><img loading=\"lazy\" decoding=\"async\" width=\"824\" height=\"1024\" src=\"https:\/\/sigi-lueer.de\/wp-content\/uploads\/2024\/01\/Leo-1-1-824x1024.jpg\" alt=\"\" class=\"wp-image-1897\" style=\"width:404px;height:auto\" srcset=\"https:\/\/sigi-lueer.de\/wp-content\/uploads\/2024\/01\/Leo-1-1-824x1024.jpg 824w, https:\/\/sigi-lueer.de\/wp-content\/uploads\/2024\/01\/Leo-1-1-242x300.jpg 242w, https:\/\/sigi-lueer.de\/wp-content\/uploads\/2024\/01\/Leo-1-1-2000x2484.jpg 2000w\" sizes=\"(max-width: 824px) 100vw, 824px\" \/><\/figure>\n\n\n\n<p><\/p>\n\n\n\n<p class=\"has-text-align-center\"><strong>Benefiz Konzert zu gunsten der Kulturwerkstatt<\/strong><\/p>\n\n\n\n<figure class=\"wp-block-image aligncenter size-large is-resized\"><img loading=\"lazy\" decoding=\"async\" width=\"724\" height=\"1024\" src=\"https:\/\/sigi-lueer.de\/wp-content\/uploads\/2023\/03\/2021-1-sonthofen-haus-oberallgaeu-finale-kreativsommer-allgaeuer-liedermacher-praesentieren-die-benefiz-dva-1-2-724x1024.jpg\" alt=\"\" class=\"wp-image-1213\" style=\"width:345px;height:auto\" srcset=\"https:\/\/sigi-lueer.de\/wp-content\/uploads\/2023\/03\/2021-1-sonthofen-haus-oberallgaeu-finale-kreativsommer-allgaeuer-liedermacher-praesentieren-die-benefiz-dva-1-2-724x1024.jpg 724w, https:\/\/sigi-lueer.de\/wp-content\/uploads\/2023\/03\/2021-1-sonthofen-haus-oberallgaeu-finale-kreativsommer-allgaeuer-liedermacher-praesentieren-die-benefiz-dva-1-2-212x300.jpg 212w, https:\/\/sigi-lueer.de\/wp-content\/uploads\/2023\/03\/2021-1-sonthofen-haus-oberallgaeu-finale-kreativsommer-allgaeuer-liedermacher-praesentieren-die-benefiz-dva-1-2-768x1087.jpg 768w, https:\/\/sigi-lueer.de\/wp-content\/uploads\/2023\/03\/2021-1-sonthofen-haus-oberallgaeu-finale-kreativsommer-allgaeuer-liedermacher-praesentieren-die-benefiz-dva-1-2.jpg 841w\" sizes=\"(max-width: 724px) 100vw, 724px\" \/><\/figure>\n\n\n\n<figure class=\"wp-block-image aligncenter size-large is-resized\"><img loading=\"lazy\" decoding=\"async\" width=\"1024\" height=\"1024\" src=\"https:\/\/sigi-lueer.de\/wp-content\/uploads\/2023\/03\/2021-2-petra-mueller-sonthofen-haus-oberallgaeu-finale-kreativsommer-allgaeuer-liedermacher-praesentieren-die-benefiz-dva-1-1-1024x1024.jpg\" alt=\"\" class=\"wp-image-1215\" style=\"width:354px;height:auto\" srcset=\"https:\/\/sigi-lueer.de\/wp-content\/uploads\/2023\/03\/2021-2-petra-mueller-sonthofen-haus-oberallgaeu-finale-kreativsommer-allgaeuer-liedermacher-praesentieren-die-benefiz-dva-1-1-1024x1024.jpg 1024w, https:\/\/sigi-lueer.de\/wp-content\/uploads\/2023\/03\/2021-2-petra-mueller-sonthofen-haus-oberallgaeu-finale-kreativsommer-allgaeuer-liedermacher-praesentieren-die-benefiz-dva-1-1-300x300.jpg 300w, https:\/\/sigi-lueer.de\/wp-content\/uploads\/2023\/03\/2021-2-petra-mueller-sonthofen-haus-oberallgaeu-finale-kreativsommer-allgaeuer-liedermacher-praesentieren-die-benefiz-dva-1-1-150x150.jpg 150w, https:\/\/sigi-lueer.de\/wp-content\/uploads\/2023\/03\/2021-2-petra-mueller-sonthofen-haus-oberallgaeu-finale-kreativsommer-allgaeuer-liedermacher-praesentieren-die-benefiz-dva-1-1-768x768.jpg 768w, https:\/\/sigi-lueer.de\/wp-content\/uploads\/2023\/03\/2021-2-petra-mueller-sonthofen-haus-oberallgaeu-finale-kreativsommer-allgaeuer-liedermacher-praesentieren-die-benefiz-dva-1-1-1536x1536.jpg 1536w, https:\/\/sigi-lueer.de\/wp-content\/uploads\/2023\/03\/2021-2-petra-mueller-sonthofen-haus-oberallgaeu-finale-kreativsommer-allgaeuer-liedermacher-praesentieren-die-benefiz-dva-1-1-2048x2048.jpg 2048w, https:\/\/sigi-lueer.de\/wp-content\/uploads\/2023\/03\/2021-2-petra-mueller-sonthofen-haus-oberallgaeu-finale-kreativsommer-allgaeuer-liedermacher-praesentieren-die-benefiz-dva-1-1-2000x1999.jpg 2000w\" sizes=\"(max-width: 1024px) 100vw, 1024px\" \/><figcaption class=\"wp-element-caption\">Kulturbeauftrage der Stadt Sonthofen Petra M\u00fcller<\/figcaption><\/figure>\n\n\n\n<figure class=\"wp-block-image aligncenter size-large is-resized\"><img loading=\"lazy\" decoding=\"async\" width=\"1024\" height=\"1024\" src=\"https:\/\/sigi-lueer.de\/wp-content\/uploads\/2023\/03\/2021-3-monika-bestle-sonthofen-haus-oberallgaeu-finale-kreativsommer-allgaeuer-liedermacher-praesentieren-die-benefiz-dva-1-1-1024x1024.jpg\" alt=\"\" class=\"wp-image-1216\" style=\"width:340px;height:auto\" srcset=\"https:\/\/sigi-lueer.de\/wp-content\/uploads\/2023\/03\/2021-3-monika-bestle-sonthofen-haus-oberallgaeu-finale-kreativsommer-allgaeuer-liedermacher-praesentieren-die-benefiz-dva-1-1-1024x1024.jpg 1024w, https:\/\/sigi-lueer.de\/wp-content\/uploads\/2023\/03\/2021-3-monika-bestle-sonthofen-haus-oberallgaeu-finale-kreativsommer-allgaeuer-liedermacher-praesentieren-die-benefiz-dva-1-1-300x300.jpg 300w, https:\/\/sigi-lueer.de\/wp-content\/uploads\/2023\/03\/2021-3-monika-bestle-sonthofen-haus-oberallgaeu-finale-kreativsommer-allgaeuer-liedermacher-praesentieren-die-benefiz-dva-1-1-150x150.jpg 150w, https:\/\/sigi-lueer.de\/wp-content\/uploads\/2023\/03\/2021-3-monika-bestle-sonthofen-haus-oberallgaeu-finale-kreativsommer-allgaeuer-liedermacher-praesentieren-die-benefiz-dva-1-1-768x768.jpg 768w, https:\/\/sigi-lueer.de\/wp-content\/uploads\/2023\/03\/2021-3-monika-bestle-sonthofen-haus-oberallgaeu-finale-kreativsommer-allgaeuer-liedermacher-praesentieren-die-benefiz-dva-1-1-1536x1536.jpg 1536w, https:\/\/sigi-lueer.de\/wp-content\/uploads\/2023\/03\/2021-3-monika-bestle-sonthofen-haus-oberallgaeu-finale-kreativsommer-allgaeuer-liedermacher-praesentieren-die-benefiz-dva-1-1-2048x2048.jpg 2048w, https:\/\/sigi-lueer.de\/wp-content\/uploads\/2023\/03\/2021-3-monika-bestle-sonthofen-haus-oberallgaeu-finale-kreativsommer-allgaeuer-liedermacher-praesentieren-die-benefiz-dva-1-1-2000x2000.jpg 2000w\" sizes=\"(max-width: 1024px) 100vw, 1024px\" \/><figcaption class=\"wp-element-caption\">Monika Bestle Inhaberin der Kulturwerkstzatt<\/figcaption><\/figure>\n\n\n\n<figure class=\"wp-block-image aligncenter size-large is-resized\"><img loading=\"lazy\" decoding=\"async\" width=\"1024\" height=\"1024\" src=\"https:\/\/sigi-lueer.de\/wp-content\/uploads\/2023\/03\/2021-4-sigi-lueer-sonthofen-haus-oberallgaeu-finale-kreativsommer-allgaeuer-liedermacher-praesentieren-die-benefiz-dva-1-1-1024x1024.jpg\" alt=\"\" class=\"wp-image-1214\" style=\"width:345px;height:auto\" srcset=\"https:\/\/sigi-lueer.de\/wp-content\/uploads\/2023\/03\/2021-4-sigi-lueer-sonthofen-haus-oberallgaeu-finale-kreativsommer-allgaeuer-liedermacher-praesentieren-die-benefiz-dva-1-1-1024x1024.jpg 1024w, https:\/\/sigi-lueer.de\/wp-content\/uploads\/2023\/03\/2021-4-sigi-lueer-sonthofen-haus-oberallgaeu-finale-kreativsommer-allgaeuer-liedermacher-praesentieren-die-benefiz-dva-1-1-300x300.jpg 300w, https:\/\/sigi-lueer.de\/wp-content\/uploads\/2023\/03\/2021-4-sigi-lueer-sonthofen-haus-oberallgaeu-finale-kreativsommer-allgaeuer-liedermacher-praesentieren-die-benefiz-dva-1-1-150x150.jpg 150w, https:\/\/sigi-lueer.de\/wp-content\/uploads\/2023\/03\/2021-4-sigi-lueer-sonthofen-haus-oberallgaeu-finale-kreativsommer-allgaeuer-liedermacher-praesentieren-die-benefiz-dva-1-1-768x768.jpg 768w, https:\/\/sigi-lueer.de\/wp-content\/uploads\/2023\/03\/2021-4-sigi-lueer-sonthofen-haus-oberallgaeu-finale-kreativsommer-allgaeuer-liedermacher-praesentieren-die-benefiz-dva-1-1-1536x1536.jpg 1536w, https:\/\/sigi-lueer.de\/wp-content\/uploads\/2023\/03\/2021-4-sigi-lueer-sonthofen-haus-oberallgaeu-finale-kreativsommer-allgaeuer-liedermacher-praesentieren-die-benefiz-dva-1-1-2048x2048.jpg 2048w, https:\/\/sigi-lueer.de\/wp-content\/uploads\/2023\/03\/2021-4-sigi-lueer-sonthofen-haus-oberallgaeu-finale-kreativsommer-allgaeuer-liedermacher-praesentieren-die-benefiz-dva-1-1-2000x2001.jpg 2000w\" sizes=\"(max-width: 1024px) 100vw, 1024px\" \/><figcaption class=\"wp-element-caption\">Siegfried L\u00fcer 1. Vorsitzender des Sonthofere                        Kleinkverein  e.V.<\/figcaption><\/figure>\n\n\n\n<figure class=\"wp-block-image aligncenter size-large is-resized\"><img loading=\"lazy\" decoding=\"async\" width=\"1024\" height=\"1024\" src=\"https:\/\/sigi-lueer.de\/wp-content\/uploads\/2023\/03\/2021-6-hedwig-roth-sonthofen-haus-oberallgaeu-finale-kreativsommer-allgaeuer-liedermacher-praesentieren-die-benefiz-dva-1-1-1024x1024.jpg\" alt=\"\" class=\"wp-image-1217\" style=\"width:341px;height:auto\" srcset=\"https:\/\/sigi-lueer.de\/wp-content\/uploads\/2023\/03\/2021-6-hedwig-roth-sonthofen-haus-oberallgaeu-finale-kreativsommer-allgaeuer-liedermacher-praesentieren-die-benefiz-dva-1-1-1024x1024.jpg 1024w, https:\/\/sigi-lueer.de\/wp-content\/uploads\/2023\/03\/2021-6-hedwig-roth-sonthofen-haus-oberallgaeu-finale-kreativsommer-allgaeuer-liedermacher-praesentieren-die-benefiz-dva-1-1-300x300.jpg 300w, https:\/\/sigi-lueer.de\/wp-content\/uploads\/2023\/03\/2021-6-hedwig-roth-sonthofen-haus-oberallgaeu-finale-kreativsommer-allgaeuer-liedermacher-praesentieren-die-benefiz-dva-1-1-150x150.jpg 150w, https:\/\/sigi-lueer.de\/wp-content\/uploads\/2023\/03\/2021-6-hedwig-roth-sonthofen-haus-oberallgaeu-finale-kreativsommer-allgaeuer-liedermacher-praesentieren-die-benefiz-dva-1-1-768x768.jpg 768w, https:\/\/sigi-lueer.de\/wp-content\/uploads\/2023\/03\/2021-6-hedwig-roth-sonthofen-haus-oberallgaeu-finale-kreativsommer-allgaeuer-liedermacher-praesentieren-die-benefiz-dva-1-1-1536x1536.jpg 1536w, https:\/\/sigi-lueer.de\/wp-content\/uploads\/2023\/03\/2021-6-hedwig-roth-sonthofen-haus-oberallgaeu-finale-kreativsommer-allgaeuer-liedermacher-praesentieren-die-benefiz-dva-1-1-2048x2048.jpg 2048w, https:\/\/sigi-lueer.de\/wp-content\/uploads\/2023\/03\/2021-6-hedwig-roth-sonthofen-haus-oberallgaeu-finale-kreativsommer-allgaeuer-liedermacher-praesentieren-die-benefiz-dva-1-1-2000x2000.jpg 2000w\" sizes=\"(max-width: 1024px) 100vw, 1024px\" \/><figcaption class=\"wp-element-caption\">Hedwig Roth<\/figcaption><\/figure>\n\n\n\n<figure class=\"wp-block-image aligncenter size-large is-resized\"><img loading=\"lazy\" decoding=\"async\" width=\"1024\" height=\"1024\" src=\"https:\/\/sigi-lueer.de\/wp-content\/uploads\/2023\/03\/2021-7-johannes-baer-sonthofen-haus-oberallgaeu-finale-kreativsommer-allgaeuer-liedermacher-praesentieren-die-benefiz-dva-1-1-1024x1024.jpg\" alt=\"\" class=\"wp-image-1218\" style=\"width:356px;height:auto\" srcset=\"https:\/\/sigi-lueer.de\/wp-content\/uploads\/2023\/03\/2021-7-johannes-baer-sonthofen-haus-oberallgaeu-finale-kreativsommer-allgaeuer-liedermacher-praesentieren-die-benefiz-dva-1-1-1024x1024.jpg 1024w, https:\/\/sigi-lueer.de\/wp-content\/uploads\/2023\/03\/2021-7-johannes-baer-sonthofen-haus-oberallgaeu-finale-kreativsommer-allgaeuer-liedermacher-praesentieren-die-benefiz-dva-1-1-300x300.jpg 300w, https:\/\/sigi-lueer.de\/wp-content\/uploads\/2023\/03\/2021-7-johannes-baer-sonthofen-haus-oberallgaeu-finale-kreativsommer-allgaeuer-liedermacher-praesentieren-die-benefiz-dva-1-1-150x150.jpg 150w, https:\/\/sigi-lueer.de\/wp-content\/uploads\/2023\/03\/2021-7-johannes-baer-sonthofen-haus-oberallgaeu-finale-kreativsommer-allgaeuer-liedermacher-praesentieren-die-benefiz-dva-1-1-768x768.jpg 768w, https:\/\/sigi-lueer.de\/wp-content\/uploads\/2023\/03\/2021-7-johannes-baer-sonthofen-haus-oberallgaeu-finale-kreativsommer-allgaeuer-liedermacher-praesentieren-die-benefiz-dva-1-1-1536x1536.jpg 1536w, https:\/\/sigi-lueer.de\/wp-content\/uploads\/2023\/03\/2021-7-johannes-baer-sonthofen-haus-oberallgaeu-finale-kreativsommer-allgaeuer-liedermacher-praesentieren-die-benefiz-dva-1-1-2048x2048.jpg 2048w, https:\/\/sigi-lueer.de\/wp-content\/uploads\/2023\/03\/2021-7-johannes-baer-sonthofen-haus-oberallgaeu-finale-kreativsommer-allgaeuer-liedermacher-praesentieren-die-benefiz-dva-1-1-2000x2000.jpg 2000w\" sizes=\"(max-width: 1024px) 100vw, 1024px\" \/><figcaption class=\"wp-element-caption\">Johannes B\u00e4r<\/figcaption><\/figure>\n\n\n\n<figure class=\"wp-block-image aligncenter size-large is-resized\"><img loading=\"lazy\" decoding=\"async\" width=\"1024\" height=\"1024\" src=\"https:\/\/sigi-lueer.de\/wp-content\/uploads\/2023\/03\/2021-8-steffi-waller-mr.-fabulous-sonthofen-haus-oberallgaeu-finale-kreativsommer-allgaeuer-liedermacher-praesentieren-die-benefiz-dva-Kopie-2-1-1024x1024.jpg\" alt=\"\" class=\"wp-image-1219\" style=\"width:360px;height:auto\" srcset=\"https:\/\/sigi-lueer.de\/wp-content\/uploads\/2023\/03\/2021-8-steffi-waller-mr.-fabulous-sonthofen-haus-oberallgaeu-finale-kreativsommer-allgaeuer-liedermacher-praesentieren-die-benefiz-dva-Kopie-2-1-1024x1024.jpg 1024w, https:\/\/sigi-lueer.de\/wp-content\/uploads\/2023\/03\/2021-8-steffi-waller-mr.-fabulous-sonthofen-haus-oberallgaeu-finale-kreativsommer-allgaeuer-liedermacher-praesentieren-die-benefiz-dva-Kopie-2-1-300x300.jpg 300w, https:\/\/sigi-lueer.de\/wp-content\/uploads\/2023\/03\/2021-8-steffi-waller-mr.-fabulous-sonthofen-haus-oberallgaeu-finale-kreativsommer-allgaeuer-liedermacher-praesentieren-die-benefiz-dva-Kopie-2-1-150x150.jpg 150w, https:\/\/sigi-lueer.de\/wp-content\/uploads\/2023\/03\/2021-8-steffi-waller-mr.-fabulous-sonthofen-haus-oberallgaeu-finale-kreativsommer-allgaeuer-liedermacher-praesentieren-die-benefiz-dva-Kopie-2-1-768x768.jpg 768w, https:\/\/sigi-lueer.de\/wp-content\/uploads\/2023\/03\/2021-8-steffi-waller-mr.-fabulous-sonthofen-haus-oberallgaeu-finale-kreativsommer-allgaeuer-liedermacher-praesentieren-die-benefiz-dva-Kopie-2-1-1536x1536.jpg 1536w, https:\/\/sigi-lueer.de\/wp-content\/uploads\/2023\/03\/2021-8-steffi-waller-mr.-fabulous-sonthofen-haus-oberallgaeu-finale-kreativsommer-allgaeuer-liedermacher-praesentieren-die-benefiz-dva-Kopie-2-1-2048x2048.jpg 2048w, https:\/\/sigi-lueer.de\/wp-content\/uploads\/2023\/03\/2021-8-steffi-waller-mr.-fabulous-sonthofen-haus-oberallgaeu-finale-kreativsommer-allgaeuer-liedermacher-praesentieren-die-benefiz-dva-Kopie-2-1-2000x2000.jpg 2000w\" sizes=\"(max-width: 1024px) 100vw, 1024px\" \/><figcaption class=\"wp-element-caption\">Mr. Fabulous &amp; Steffi Waller<\/figcaption><\/figure>\n\n\n\n<figure class=\"wp-block-image aligncenter size-large is-resized\"><img loading=\"lazy\" decoding=\"async\" width=\"1024\" height=\"1024\" src=\"https:\/\/sigi-lueer.de\/wp-content\/uploads\/2023\/03\/2021-10-tim-hecking-sonthofen-haus-oberallgaeu-finale-kreativsommer-allgaeuer-liedermacher-praesentieren-die-benefiz-dva-Kopie-2-1024x1024.jpg\" alt=\"\" class=\"wp-image-1220\" style=\"width:371px;height:auto\" srcset=\"https:\/\/sigi-lueer.de\/wp-content\/uploads\/2023\/03\/2021-10-tim-hecking-sonthofen-haus-oberallgaeu-finale-kreativsommer-allgaeuer-liedermacher-praesentieren-die-benefiz-dva-Kopie-2-1024x1024.jpg 1024w, https:\/\/sigi-lueer.de\/wp-content\/uploads\/2023\/03\/2021-10-tim-hecking-sonthofen-haus-oberallgaeu-finale-kreativsommer-allgaeuer-liedermacher-praesentieren-die-benefiz-dva-Kopie-2-300x300.jpg 300w, https:\/\/sigi-lueer.de\/wp-content\/uploads\/2023\/03\/2021-10-tim-hecking-sonthofen-haus-oberallgaeu-finale-kreativsommer-allgaeuer-liedermacher-praesentieren-die-benefiz-dva-Kopie-2-150x150.jpg 150w, https:\/\/sigi-lueer.de\/wp-content\/uploads\/2023\/03\/2021-10-tim-hecking-sonthofen-haus-oberallgaeu-finale-kreativsommer-allgaeuer-liedermacher-praesentieren-die-benefiz-dva-Kopie-2-768x768.jpg 768w, https:\/\/sigi-lueer.de\/wp-content\/uploads\/2023\/03\/2021-10-tim-hecking-sonthofen-haus-oberallgaeu-finale-kreativsommer-allgaeuer-liedermacher-praesentieren-die-benefiz-dva-Kopie-2-1536x1536.jpg 1536w, https:\/\/sigi-lueer.de\/wp-content\/uploads\/2023\/03\/2021-10-tim-hecking-sonthofen-haus-oberallgaeu-finale-kreativsommer-allgaeuer-liedermacher-praesentieren-die-benefiz-dva-Kopie-2-2048x2048.jpg 2048w, https:\/\/sigi-lueer.de\/wp-content\/uploads\/2023\/03\/2021-10-tim-hecking-sonthofen-haus-oberallgaeu-finale-kreativsommer-allgaeuer-liedermacher-praesentieren-die-benefiz-dva-Kopie-2-2000x2001.jpg 2000w\" sizes=\"(max-width: 1024px) 100vw, 1024px\" \/><figcaption class=\"wp-element-caption\"><strong>Robert Tanzinger<\/strong><\/figcaption><\/figure>\n\n\n\n<figure class=\"wp-block-image aligncenter size-large is-resized\"><img loading=\"lazy\" decoding=\"async\" width=\"1024\" height=\"1024\" src=\"https:\/\/sigi-lueer.de\/wp-content\/uploads\/2023\/03\/2021-9-robert-tanzinger-sigi-lueer-sonthofen-haus-oberallgaeu-finale-kreativsommer-allgaeuer-liedermacher-praesentieren-die-benefiz-dva-1-2-1024x1024.jpg\" alt=\"\" class=\"wp-image-1221\" style=\"width:357px;height:auto\" srcset=\"https:\/\/sigi-lueer.de\/wp-content\/uploads\/2023\/03\/2021-9-robert-tanzinger-sigi-lueer-sonthofen-haus-oberallgaeu-finale-kreativsommer-allgaeuer-liedermacher-praesentieren-die-benefiz-dva-1-2-1024x1024.jpg 1024w, https:\/\/sigi-lueer.de\/wp-content\/uploads\/2023\/03\/2021-9-robert-tanzinger-sigi-lueer-sonthofen-haus-oberallgaeu-finale-kreativsommer-allgaeuer-liedermacher-praesentieren-die-benefiz-dva-1-2-300x300.jpg 300w, https:\/\/sigi-lueer.de\/wp-content\/uploads\/2023\/03\/2021-9-robert-tanzinger-sigi-lueer-sonthofen-haus-oberallgaeu-finale-kreativsommer-allgaeuer-liedermacher-praesentieren-die-benefiz-dva-1-2-150x150.jpg 150w, https:\/\/sigi-lueer.de\/wp-content\/uploads\/2023\/03\/2021-9-robert-tanzinger-sigi-lueer-sonthofen-haus-oberallgaeu-finale-kreativsommer-allgaeuer-liedermacher-praesentieren-die-benefiz-dva-1-2-768x768.jpg 768w, https:\/\/sigi-lueer.de\/wp-content\/uploads\/2023\/03\/2021-9-robert-tanzinger-sigi-lueer-sonthofen-haus-oberallgaeu-finale-kreativsommer-allgaeuer-liedermacher-praesentieren-die-benefiz-dva-1-2-1536x1536.jpg 1536w, https:\/\/sigi-lueer.de\/wp-content\/uploads\/2023\/03\/2021-9-robert-tanzinger-sigi-lueer-sonthofen-haus-oberallgaeu-finale-kreativsommer-allgaeuer-liedermacher-praesentieren-die-benefiz-dva-1-2-2048x2048.jpg 2048w, https:\/\/sigi-lueer.de\/wp-content\/uploads\/2023\/03\/2021-9-robert-tanzinger-sigi-lueer-sonthofen-haus-oberallgaeu-finale-kreativsommer-allgaeuer-liedermacher-praesentieren-die-benefiz-dva-1-2-2000x1999.jpg 2000w\" sizes=\"(max-width: 1024px) 100vw, 1024px\" \/><figcaption class=\"wp-element-caption\"><strong>Sigi  &amp; Robert<\/strong><\/figcaption><\/figure>\n\n\n\n<figure class=\"wp-block-image aligncenter size-large is-resized\"><img loading=\"lazy\" decoding=\"async\" width=\"1024\" height=\"683\" src=\"https:\/\/sigi-lueer.de\/wp-content\/uploads\/2023\/03\/2021-16-cahntalle-pit-bartenschlager-sonthofen-haus-oberallgaeu-finale-kreativsommer-allgaeuer-liedermacher-praesentieren-die-benefiz-dva-1-3-1024x683.jpg\" alt=\"\" class=\"wp-image-1228\" style=\"aspect-ratio:1.4987012987012986;width:361px;height:auto\" srcset=\"https:\/\/sigi-lueer.de\/wp-content\/uploads\/2023\/03\/2021-16-cahntalle-pit-bartenschlager-sonthofen-haus-oberallgaeu-finale-kreativsommer-allgaeuer-liedermacher-praesentieren-die-benefiz-dva-1-3-1024x683.jpg 1024w, https:\/\/sigi-lueer.de\/wp-content\/uploads\/2023\/03\/2021-16-cahntalle-pit-bartenschlager-sonthofen-haus-oberallgaeu-finale-kreativsommer-allgaeuer-liedermacher-praesentieren-die-benefiz-dva-1-3-300x200.jpg 300w, https:\/\/sigi-lueer.de\/wp-content\/uploads\/2023\/03\/2021-16-cahntalle-pit-bartenschlager-sonthofen-haus-oberallgaeu-finale-kreativsommer-allgaeuer-liedermacher-praesentieren-die-benefiz-dva-1-3-768x512.jpg 768w, https:\/\/sigi-lueer.de\/wp-content\/uploads\/2023\/03\/2021-16-cahntalle-pit-bartenschlager-sonthofen-haus-oberallgaeu-finale-kreativsommer-allgaeuer-liedermacher-praesentieren-die-benefiz-dva-1-3-1536x1024.jpg 1536w, https:\/\/sigi-lueer.de\/wp-content\/uploads\/2023\/03\/2021-16-cahntalle-pit-bartenschlager-sonthofen-haus-oberallgaeu-finale-kreativsommer-allgaeuer-liedermacher-praesentieren-die-benefiz-dva-1-3-2048x1365.jpg 2048w, https:\/\/sigi-lueer.de\/wp-content\/uploads\/2023\/03\/2021-16-cahntalle-pit-bartenschlager-sonthofen-haus-oberallgaeu-finale-kreativsommer-allgaeuer-liedermacher-praesentieren-die-benefiz-dva-1-3-2000x1333.jpg 2000w\" sizes=\"(max-width: 1024px) 100vw, 1024px\" \/><figcaption class=\"wp-element-caption\"><strong>Chantalle Schubert und Pit Bartenschlager<\/strong><\/figcaption><\/figure>\n\n\n\n<figure class=\"wp-block-image aligncenter size-large is-resized\"><img loading=\"lazy\" decoding=\"async\" width=\"1024\" height=\"1024\" src=\"https:\/\/sigi-lueer.de\/wp-content\/uploads\/2023\/03\/2021-13-markus-dinnebier-sonthofen-haus-oberallgaeu-finale-kreativsommer-allgaeuer-liedermacher-praesentieren-die-benefiz-dva-1-1-1024x1024.jpg\" alt=\"\" class=\"wp-image-1224\" style=\"width:370px;height:auto\" srcset=\"https:\/\/sigi-lueer.de\/wp-content\/uploads\/2023\/03\/2021-13-markus-dinnebier-sonthofen-haus-oberallgaeu-finale-kreativsommer-allgaeuer-liedermacher-praesentieren-die-benefiz-dva-1-1-1024x1024.jpg 1024w, https:\/\/sigi-lueer.de\/wp-content\/uploads\/2023\/03\/2021-13-markus-dinnebier-sonthofen-haus-oberallgaeu-finale-kreativsommer-allgaeuer-liedermacher-praesentieren-die-benefiz-dva-1-1-300x300.jpg 300w, https:\/\/sigi-lueer.de\/wp-content\/uploads\/2023\/03\/2021-13-markus-dinnebier-sonthofen-haus-oberallgaeu-finale-kreativsommer-allgaeuer-liedermacher-praesentieren-die-benefiz-dva-1-1-150x150.jpg 150w, https:\/\/sigi-lueer.de\/wp-content\/uploads\/2023\/03\/2021-13-markus-dinnebier-sonthofen-haus-oberallgaeu-finale-kreativsommer-allgaeuer-liedermacher-praesentieren-die-benefiz-dva-1-1-768x768.jpg 768w, https:\/\/sigi-lueer.de\/wp-content\/uploads\/2023\/03\/2021-13-markus-dinnebier-sonthofen-haus-oberallgaeu-finale-kreativsommer-allgaeuer-liedermacher-praesentieren-die-benefiz-dva-1-1-1536x1536.jpg 1536w, https:\/\/sigi-lueer.de\/wp-content\/uploads\/2023\/03\/2021-13-markus-dinnebier-sonthofen-haus-oberallgaeu-finale-kreativsommer-allgaeuer-liedermacher-praesentieren-die-benefiz-dva-1-1-2048x2048.jpg 2048w, https:\/\/sigi-lueer.de\/wp-content\/uploads\/2023\/03\/2021-13-markus-dinnebier-sonthofen-haus-oberallgaeu-finale-kreativsommer-allgaeuer-liedermacher-praesentieren-die-benefiz-dva-1-1-2000x2000.jpg 2000w\" sizes=\"(max-width: 1024px) 100vw, 1024px\" \/><figcaption class=\"wp-element-caption\"><strong>Markus Dinnebie<\/strong>r<\/figcaption><\/figure>\n\n\n\n<figure class=\"wp-block-image aligncenter size-large is-resized\"><img loading=\"lazy\" decoding=\"async\" width=\"1024\" height=\"1024\" src=\"https:\/\/sigi-lueer.de\/wp-content\/uploads\/2023\/03\/2021-14-markus-dinnebier-sonthofen-haus-oberallgaeu-finale-kreativsommer-allgaeuer-liedermacher-praesentieren-die-benefiz-dva-1-1-1024x1024.jpg\" alt=\"\" class=\"wp-image-1225\" style=\"width:363px;height:auto\" srcset=\"https:\/\/sigi-lueer.de\/wp-content\/uploads\/2023\/03\/2021-14-markus-dinnebier-sonthofen-haus-oberallgaeu-finale-kreativsommer-allgaeuer-liedermacher-praesentieren-die-benefiz-dva-1-1-1024x1024.jpg 1024w, https:\/\/sigi-lueer.de\/wp-content\/uploads\/2023\/03\/2021-14-markus-dinnebier-sonthofen-haus-oberallgaeu-finale-kreativsommer-allgaeuer-liedermacher-praesentieren-die-benefiz-dva-1-1-300x300.jpg 300w, https:\/\/sigi-lueer.de\/wp-content\/uploads\/2023\/03\/2021-14-markus-dinnebier-sonthofen-haus-oberallgaeu-finale-kreativsommer-allgaeuer-liedermacher-praesentieren-die-benefiz-dva-1-1-150x150.jpg 150w, https:\/\/sigi-lueer.de\/wp-content\/uploads\/2023\/03\/2021-14-markus-dinnebier-sonthofen-haus-oberallgaeu-finale-kreativsommer-allgaeuer-liedermacher-praesentieren-die-benefiz-dva-1-1-768x768.jpg 768w, https:\/\/sigi-lueer.de\/wp-content\/uploads\/2023\/03\/2021-14-markus-dinnebier-sonthofen-haus-oberallgaeu-finale-kreativsommer-allgaeuer-liedermacher-praesentieren-die-benefiz-dva-1-1-1536x1536.jpg 1536w, https:\/\/sigi-lueer.de\/wp-content\/uploads\/2023\/03\/2021-14-markus-dinnebier-sonthofen-haus-oberallgaeu-finale-kreativsommer-allgaeuer-liedermacher-praesentieren-die-benefiz-dva-1-1-2048x2048.jpg 2048w, https:\/\/sigi-lueer.de\/wp-content\/uploads\/2023\/03\/2021-14-markus-dinnebier-sonthofen-haus-oberallgaeu-finale-kreativsommer-allgaeuer-liedermacher-praesentieren-die-benefiz-dva-1-1-2000x2000.jpg 2000w\" sizes=\"(max-width: 1024px) 100vw, 1024px\" \/><\/figure>\n\n\n\n<p><\/p>\n\n\n\n<figure class=\"wp-block-image aligncenter size-large is-resized\"><img loading=\"lazy\" decoding=\"async\" width=\"1024\" height=\"683\" src=\"https:\/\/sigi-lueer.de\/wp-content\/uploads\/2023\/03\/2021-11-christian-blanz-tim-hecking-onthofen-haus-oberallgaeu-finale-kreativsommer-allgaeuer-liedermacher-praesentieren-die-benefiz-dva-1-1-1024x683.jpg\" alt=\"\" class=\"wp-image-1223\" style=\"width:468px;height:auto\" srcset=\"https:\/\/sigi-lueer.de\/wp-content\/uploads\/2023\/03\/2021-11-christian-blanz-tim-hecking-onthofen-haus-oberallgaeu-finale-kreativsommer-allgaeuer-liedermacher-praesentieren-die-benefiz-dva-1-1-1024x683.jpg 1024w, https:\/\/sigi-lueer.de\/wp-content\/uploads\/2023\/03\/2021-11-christian-blanz-tim-hecking-onthofen-haus-oberallgaeu-finale-kreativsommer-allgaeuer-liedermacher-praesentieren-die-benefiz-dva-1-1-300x200.jpg 300w, https:\/\/sigi-lueer.de\/wp-content\/uploads\/2023\/03\/2021-11-christian-blanz-tim-hecking-onthofen-haus-oberallgaeu-finale-kreativsommer-allgaeuer-liedermacher-praesentieren-die-benefiz-dva-1-1-768x512.jpg 768w, https:\/\/sigi-lueer.de\/wp-content\/uploads\/2023\/03\/2021-11-christian-blanz-tim-hecking-onthofen-haus-oberallgaeu-finale-kreativsommer-allgaeuer-liedermacher-praesentieren-die-benefiz-dva-1-1-1536x1024.jpg 1536w, https:\/\/sigi-lueer.de\/wp-content\/uploads\/2023\/03\/2021-11-christian-blanz-tim-hecking-onthofen-haus-oberallgaeu-finale-kreativsommer-allgaeuer-liedermacher-praesentieren-die-benefiz-dva-1-1-2048x1365.jpg 2048w, https:\/\/sigi-lueer.de\/wp-content\/uploads\/2023\/03\/2021-11-christian-blanz-tim-hecking-onthofen-haus-oberallgaeu-finale-kreativsommer-allgaeuer-liedermacher-praesentieren-die-benefiz-dva-1-1-2000x1333.jpg 2000w\" sizes=\"(max-width: 1024px) 100vw, 1024px\" \/><figcaption class=\"wp-element-caption\"><strong>Christian &amp; Tim<\/strong><\/figcaption><\/figure>\n\n\n\n<figure class=\"wp-block-image aligncenter size-large is-resized\"><img loading=\"lazy\" decoding=\"async\" width=\"1024\" height=\"1024\" src=\"https:\/\/sigi-lueer.de\/wp-content\/uploads\/2023\/03\/2021-12-christian-blanz-sonthofen-haus-oberallgaeu-finale-kreativsommer-allgaeuer-liedermacher-praesentieren-die-benefiz-dva-1-1-1024x1024.jpg\" alt=\"\" class=\"wp-image-1222\" style=\"width:384px;height:auto\" srcset=\"https:\/\/sigi-lueer.de\/wp-content\/uploads\/2023\/03\/2021-12-christian-blanz-sonthofen-haus-oberallgaeu-finale-kreativsommer-allgaeuer-liedermacher-praesentieren-die-benefiz-dva-1-1-1024x1024.jpg 1024w, https:\/\/sigi-lueer.de\/wp-content\/uploads\/2023\/03\/2021-12-christian-blanz-sonthofen-haus-oberallgaeu-finale-kreativsommer-allgaeuer-liedermacher-praesentieren-die-benefiz-dva-1-1-300x300.jpg 300w, https:\/\/sigi-lueer.de\/wp-content\/uploads\/2023\/03\/2021-12-christian-blanz-sonthofen-haus-oberallgaeu-finale-kreativsommer-allgaeuer-liedermacher-praesentieren-die-benefiz-dva-1-1-150x150.jpg 150w, https:\/\/sigi-lueer.de\/wp-content\/uploads\/2023\/03\/2021-12-christian-blanz-sonthofen-haus-oberallgaeu-finale-kreativsommer-allgaeuer-liedermacher-praesentieren-die-benefiz-dva-1-1-768x768.jpg 768w, https:\/\/sigi-lueer.de\/wp-content\/uploads\/2023\/03\/2021-12-christian-blanz-sonthofen-haus-oberallgaeu-finale-kreativsommer-allgaeuer-liedermacher-praesentieren-die-benefiz-dva-1-1-1536x1536.jpg 1536w, https:\/\/sigi-lueer.de\/wp-content\/uploads\/2023\/03\/2021-12-christian-blanz-sonthofen-haus-oberallgaeu-finale-kreativsommer-allgaeuer-liedermacher-praesentieren-die-benefiz-dva-1-1-2048x2048.jpg 2048w, https:\/\/sigi-lueer.de\/wp-content\/uploads\/2023\/03\/2021-12-christian-blanz-sonthofen-haus-oberallgaeu-finale-kreativsommer-allgaeuer-liedermacher-praesentieren-die-benefiz-dva-1-1-2000x2000.jpg 2000w\" sizes=\"(max-width: 1024px) 100vw, 1024px\" \/><figcaption class=\"wp-element-caption\"><strong>Christian Blanz<\/strong><\/figcaption><\/figure>\n\n\n\n<figure class=\"wp-block-image aligncenter size-large is-resized\"><img loading=\"lazy\" decoding=\"async\" width=\"1024\" height=\"1024\" src=\"https:\/\/sigi-lueer.de\/wp-content\/uploads\/2023\/03\/2021-17-sigi-lueer-sonthofen-haus-oberallgaeu-finale-kreativsommer-allgaeuer-liedermacher-praesentieren-die-benefiz-dva--1024x1024.jpg\" alt=\"\" class=\"wp-image-1229\" style=\"width:465px;height:auto\" srcset=\"https:\/\/sigi-lueer.de\/wp-content\/uploads\/2023\/03\/2021-17-sigi-lueer-sonthofen-haus-oberallgaeu-finale-kreativsommer-allgaeuer-liedermacher-praesentieren-die-benefiz-dva--1024x1024.jpg 1024w, https:\/\/sigi-lueer.de\/wp-content\/uploads\/2023\/03\/2021-17-sigi-lueer-sonthofen-haus-oberallgaeu-finale-kreativsommer-allgaeuer-liedermacher-praesentieren-die-benefiz-dva--300x300.jpg 300w, https:\/\/sigi-lueer.de\/wp-content\/uploads\/2023\/03\/2021-17-sigi-lueer-sonthofen-haus-oberallgaeu-finale-kreativsommer-allgaeuer-liedermacher-praesentieren-die-benefiz-dva--150x150.jpg 150w, https:\/\/sigi-lueer.de\/wp-content\/uploads\/2023\/03\/2021-17-sigi-lueer-sonthofen-haus-oberallgaeu-finale-kreativsommer-allgaeuer-liedermacher-praesentieren-die-benefiz-dva--768x768.jpg 768w, https:\/\/sigi-lueer.de\/wp-content\/uploads\/2023\/03\/2021-17-sigi-lueer-sonthofen-haus-oberallgaeu-finale-kreativsommer-allgaeuer-liedermacher-praesentieren-die-benefiz-dva--1536x1536.jpg 1536w, https:\/\/sigi-lueer.de\/wp-content\/uploads\/2023\/03\/2021-17-sigi-lueer-sonthofen-haus-oberallgaeu-finale-kreativsommer-allgaeuer-liedermacher-praesentieren-die-benefiz-dva--2048x2048.jpg 2048w, https:\/\/sigi-lueer.de\/wp-content\/uploads\/2023\/03\/2021-17-sigi-lueer-sonthofen-haus-oberallgaeu-finale-kreativsommer-allgaeuer-liedermacher-praesentieren-die-benefiz-dva--2000x2000.jpg 2000w\" sizes=\"(max-width: 1024px) 100vw, 1024px\" \/><figcaption class=\"wp-element-caption\"><strong>Sigi L\u00fcer<\/strong><\/figcaption><\/figure>\n\n\n\n<figure class=\"wp-block-gallery has-nested-images columns-default is-cropped wp-block-gallery-5 is-layout-flex wp-block-gallery-is-layout-flex\">\n<figure class=\"wp-block-image size-large\"><img loading=\"lazy\" decoding=\"async\" width=\"1024\" height=\"683\" data-id=\"1231\" src=\"https:\/\/sigi-lueer.de\/wp-content\/uploads\/2023\/03\/2021-19-sigi-lueer-sonthofen-haus-oberallgaeu-finale-kreativsommer-allgaeuer-liedermacher-praesentieren-die-benefiz-dva-1-1-1024x683.jpg\" alt=\"\" class=\"wp-image-1231\" srcset=\"https:\/\/sigi-lueer.de\/wp-content\/uploads\/2023\/03\/2021-19-sigi-lueer-sonthofen-haus-oberallgaeu-finale-kreativsommer-allgaeuer-liedermacher-praesentieren-die-benefiz-dva-1-1-1024x683.jpg 1024w, https:\/\/sigi-lueer.de\/wp-content\/uploads\/2023\/03\/2021-19-sigi-lueer-sonthofen-haus-oberallgaeu-finale-kreativsommer-allgaeuer-liedermacher-praesentieren-die-benefiz-dva-1-1-300x200.jpg 300w, https:\/\/sigi-lueer.de\/wp-content\/uploads\/2023\/03\/2021-19-sigi-lueer-sonthofen-haus-oberallgaeu-finale-kreativsommer-allgaeuer-liedermacher-praesentieren-die-benefiz-dva-1-1-768x512.jpg 768w, https:\/\/sigi-lueer.de\/wp-content\/uploads\/2023\/03\/2021-19-sigi-lueer-sonthofen-haus-oberallgaeu-finale-kreativsommer-allgaeuer-liedermacher-praesentieren-die-benefiz-dva-1-1-1536x1024.jpg 1536w, https:\/\/sigi-lueer.de\/wp-content\/uploads\/2023\/03\/2021-19-sigi-lueer-sonthofen-haus-oberallgaeu-finale-kreativsommer-allgaeuer-liedermacher-praesentieren-die-benefiz-dva-1-1-2048x1365.jpg 2048w, https:\/\/sigi-lueer.de\/wp-content\/uploads\/2023\/03\/2021-19-sigi-lueer-sonthofen-haus-oberallgaeu-finale-kreativsommer-allgaeuer-liedermacher-praesentieren-die-benefiz-dva-1-1-2000x1333.jpg 2000w\" sizes=\"(max-width: 1024px) 100vw, 1024px\" \/><\/figure>\n\n\n\n<figure class=\"wp-block-image size-large\"><img loading=\"lazy\" decoding=\"async\" width=\"683\" height=\"1024\" data-id=\"1230\" src=\"https:\/\/sigi-lueer.de\/wp-content\/uploads\/2023\/03\/2021-20-sigi-lueer-sonthofen-haus-oberallgaeu-finale-kreativsommer-allgaeuer-liedermacher-praesentieren-die-benefiz-dva-1-2-683x1024.jpg\" alt=\"\" class=\"wp-image-1230\" srcset=\"https:\/\/sigi-lueer.de\/wp-content\/uploads\/2023\/03\/2021-20-sigi-lueer-sonthofen-haus-oberallgaeu-finale-kreativsommer-allgaeuer-liedermacher-praesentieren-die-benefiz-dva-1-2-683x1024.jpg 683w, https:\/\/sigi-lueer.de\/wp-content\/uploads\/2023\/03\/2021-20-sigi-lueer-sonthofen-haus-oberallgaeu-finale-kreativsommer-allgaeuer-liedermacher-praesentieren-die-benefiz-dva-1-2-200x300.jpg 200w, https:\/\/sigi-lueer.de\/wp-content\/uploads\/2023\/03\/2021-20-sigi-lueer-sonthofen-haus-oberallgaeu-finale-kreativsommer-allgaeuer-liedermacher-praesentieren-die-benefiz-dva-1-2-768x1152.jpg 768w, https:\/\/sigi-lueer.de\/wp-content\/uploads\/2023\/03\/2021-20-sigi-lueer-sonthofen-haus-oberallgaeu-finale-kreativsommer-allgaeuer-liedermacher-praesentieren-die-benefiz-dva-1-2-1024x1536.jpg 1024w, https:\/\/sigi-lueer.de\/wp-content\/uploads\/2023\/03\/2021-20-sigi-lueer-sonthofen-haus-oberallgaeu-finale-kreativsommer-allgaeuer-liedermacher-praesentieren-die-benefiz-dva-1-2-1365x2048.jpg 1365w, https:\/\/sigi-lueer.de\/wp-content\/uploads\/2023\/03\/2021-20-sigi-lueer-sonthofen-haus-oberallgaeu-finale-kreativsommer-allgaeuer-liedermacher-praesentieren-die-benefiz-dva-1-2-2000x3000.jpg 2000w, https:\/\/sigi-lueer.de\/wp-content\/uploads\/2023\/03\/2021-20-sigi-lueer-sonthofen-haus-oberallgaeu-finale-kreativsommer-allgaeuer-liedermacher-praesentieren-die-benefiz-dva-1-2-scaled.jpg 1707w\" sizes=\"(max-width: 683px) 100vw, 683px\" \/><\/figure>\n<\/figure>\n\n\n\n<figure class=\"wp-block-image aligncenter size-large is-resized\"><img loading=\"lazy\" decoding=\"async\" width=\"1024\" height=\"683\" src=\"https:\/\/sigi-lueer.de\/wp-content\/uploads\/2023\/03\/2021-21-sigi-lueer-sonthofen-haus-oberallgaeu-finale-kreativsommer-allgaeuer-liedermacher-praesentieren-die-benefiz-dva-1-1-1024x683.jpg\" alt=\"\" class=\"wp-image-1232\" style=\"width:578px;height:auto\" srcset=\"https:\/\/sigi-lueer.de\/wp-content\/uploads\/2023\/03\/2021-21-sigi-lueer-sonthofen-haus-oberallgaeu-finale-kreativsommer-allgaeuer-liedermacher-praesentieren-die-benefiz-dva-1-1-1024x683.jpg 1024w, https:\/\/sigi-lueer.de\/wp-content\/uploads\/2023\/03\/2021-21-sigi-lueer-sonthofen-haus-oberallgaeu-finale-kreativsommer-allgaeuer-liedermacher-praesentieren-die-benefiz-dva-1-1-300x200.jpg 300w, https:\/\/sigi-lueer.de\/wp-content\/uploads\/2023\/03\/2021-21-sigi-lueer-sonthofen-haus-oberallgaeu-finale-kreativsommer-allgaeuer-liedermacher-praesentieren-die-benefiz-dva-1-1-768x512.jpg 768w, https:\/\/sigi-lueer.de\/wp-content\/uploads\/2023\/03\/2021-21-sigi-lueer-sonthofen-haus-oberallgaeu-finale-kreativsommer-allgaeuer-liedermacher-praesentieren-die-benefiz-dva-1-1-1536x1024.jpg 1536w, https:\/\/sigi-lueer.de\/wp-content\/uploads\/2023\/03\/2021-21-sigi-lueer-sonthofen-haus-oberallgaeu-finale-kreativsommer-allgaeuer-liedermacher-praesentieren-die-benefiz-dva-1-1-2048x1365.jpg 2048w, https:\/\/sigi-lueer.de\/wp-content\/uploads\/2023\/03\/2021-21-sigi-lueer-sonthofen-haus-oberallgaeu-finale-kreativsommer-allgaeuer-liedermacher-praesentieren-die-benefiz-dva-1-1-2000x1333.jpg 2000w\" sizes=\"(max-width: 1024px) 100vw, 1024px\" \/><\/figure>\n\n\n\n<figure class=\"wp-block-image aligncenter size-large is-resized\"><img loading=\"lazy\" decoding=\"async\" width=\"1024\" height=\"683\" src=\"https:\/\/sigi-lueer.de\/wp-content\/uploads\/2023\/03\/2021-22-sigi-lueer-sonthofen-haus-oberallgaeu-finale-kreativsommer-allgaeuer-liedermacher-praesentieren-die-benefiz-dva-1-1-1024x683.jpg\" alt=\"\" class=\"wp-image-1233\" style=\"aspect-ratio:1.501138952164009;width:581px;height:auto\" srcset=\"https:\/\/sigi-lueer.de\/wp-content\/uploads\/2023\/03\/2021-22-sigi-lueer-sonthofen-haus-oberallgaeu-finale-kreativsommer-allgaeuer-liedermacher-praesentieren-die-benefiz-dva-1-1-1024x683.jpg 1024w, https:\/\/sigi-lueer.de\/wp-content\/uploads\/2023\/03\/2021-22-sigi-lueer-sonthofen-haus-oberallgaeu-finale-kreativsommer-allgaeuer-liedermacher-praesentieren-die-benefiz-dva-1-1-300x200.jpg 300w, https:\/\/sigi-lueer.de\/wp-content\/uploads\/2023\/03\/2021-22-sigi-lueer-sonthofen-haus-oberallgaeu-finale-kreativsommer-allgaeuer-liedermacher-praesentieren-die-benefiz-dva-1-1-768x512.jpg 768w, https:\/\/sigi-lueer.de\/wp-content\/uploads\/2023\/03\/2021-22-sigi-lueer-sonthofen-haus-oberallgaeu-finale-kreativsommer-allgaeuer-liedermacher-praesentieren-die-benefiz-dva-1-1-1536x1024.jpg 1536w, https:\/\/sigi-lueer.de\/wp-content\/uploads\/2023\/03\/2021-22-sigi-lueer-sonthofen-haus-oberallgaeu-finale-kreativsommer-allgaeuer-liedermacher-praesentieren-die-benefiz-dva-1-1-2048x1365.jpg 2048w, https:\/\/sigi-lueer.de\/wp-content\/uploads\/2023\/03\/2021-22-sigi-lueer-sonthofen-haus-oberallgaeu-finale-kreativsommer-allgaeuer-liedermacher-praesentieren-die-benefiz-dva-1-1-2000x1333.jpg 2000w\" sizes=\"(max-width: 1024px) 100vw, 1024px\" \/><\/figure>\n\n\n\n<figure class=\"wp-block-image aligncenter size-large is-resized\"><img loading=\"lazy\" decoding=\"async\" width=\"1024\" height=\"683\" src=\"https:\/\/sigi-lueer.de\/wp-content\/uploads\/2023\/03\/2021-23-allgaeuer-liedermacher-sonthofen-haus-oberallgaeu-finale-kreativsommer-allgaeuer-liedermacher-praesentieren-die-benefiz-dva-1-2-1024x683.jpg\" alt=\"\" class=\"wp-image-1234\" style=\"aspect-ratio:1.501123595505618;width:786px;height:auto\" srcset=\"https:\/\/sigi-lueer.de\/wp-content\/uploads\/2023\/03\/2021-23-allgaeuer-liedermacher-sonthofen-haus-oberallgaeu-finale-kreativsommer-allgaeuer-liedermacher-praesentieren-die-benefiz-dva-1-2-1024x683.jpg 1024w, https:\/\/sigi-lueer.de\/wp-content\/uploads\/2023\/03\/2021-23-allgaeuer-liedermacher-sonthofen-haus-oberallgaeu-finale-kreativsommer-allgaeuer-liedermacher-praesentieren-die-benefiz-dva-1-2-300x200.jpg 300w, https:\/\/sigi-lueer.de\/wp-content\/uploads\/2023\/03\/2021-23-allgaeuer-liedermacher-sonthofen-haus-oberallgaeu-finale-kreativsommer-allgaeuer-liedermacher-praesentieren-die-benefiz-dva-1-2-768x512.jpg 768w, https:\/\/sigi-lueer.de\/wp-content\/uploads\/2023\/03\/2021-23-allgaeuer-liedermacher-sonthofen-haus-oberallgaeu-finale-kreativsommer-allgaeuer-liedermacher-praesentieren-die-benefiz-dva-1-2-1536x1024.jpg 1536w, https:\/\/sigi-lueer.de\/wp-content\/uploads\/2023\/03\/2021-23-allgaeuer-liedermacher-sonthofen-haus-oberallgaeu-finale-kreativsommer-allgaeuer-liedermacher-praesentieren-die-benefiz-dva-1-2-2048x1365.jpg 2048w, https:\/\/sigi-lueer.de\/wp-content\/uploads\/2023\/03\/2021-23-allgaeuer-liedermacher-sonthofen-haus-oberallgaeu-finale-kreativsommer-allgaeuer-liedermacher-praesentieren-die-benefiz-dva-1-2-2000x1333.jpg 2000w\" sizes=\"(max-width: 1024px) 100vw, 1024px\" \/><figcaption class=\"wp-element-caption\"><strong>Allg\u00e4uer Liedermacher und Johannes B\u00e4r aus Austria<\/strong><\/figcaption><\/figure>\n\n\n\n<p><\/p>\n\n\n\n<figure class=\"wp-block-image aligncenter size-large is-resized\"><img loading=\"lazy\" decoding=\"async\" width=\"763\" height=\"1024\" src=\"https:\/\/sigi-lueer.de\/wp-content\/uploads\/2023\/03\/2021-3-poster-cd-vorstellun-kulturwerkstatt-sonthofen-sigi-lueer-tim-hecking-1-763x1024.jpg\" alt=\"\" class=\"wp-image-1245\" style=\"aspect-ratio:0.7448405253283302;width:493px;height:auto\" srcset=\"https:\/\/sigi-lueer.de\/wp-content\/uploads\/2023\/03\/2021-3-poster-cd-vorstellun-kulturwerkstatt-sonthofen-sigi-lueer-tim-hecking-1-763x1024.jpg 763w, https:\/\/sigi-lueer.de\/wp-content\/uploads\/2023\/03\/2021-3-poster-cd-vorstellun-kulturwerkstatt-sonthofen-sigi-lueer-tim-hecking-1-223x300.jpg 223w, https:\/\/sigi-lueer.de\/wp-content\/uploads\/2023\/03\/2021-3-poster-cd-vorstellun-kulturwerkstatt-sonthofen-sigi-lueer-tim-hecking-1-768x1031.jpg 768w, https:\/\/sigi-lueer.de\/wp-content\/uploads\/2023\/03\/2021-3-poster-cd-vorstellun-kulturwerkstatt-sonthofen-sigi-lueer-tim-hecking-1-1144x1536.jpg 1144w, https:\/\/sigi-lueer.de\/wp-content\/uploads\/2023\/03\/2021-3-poster-cd-vorstellun-kulturwerkstatt-sonthofen-sigi-lueer-tim-hecking-1-1525x2048.jpg 1525w, https:\/\/sigi-lueer.de\/wp-content\/uploads\/2023\/03\/2021-3-poster-cd-vorstellun-kulturwerkstatt-sonthofen-sigi-lueer-tim-hecking-1-2000x2686.jpg 2000w, https:\/\/sigi-lueer.de\/wp-content\/uploads\/2023\/03\/2021-3-poster-cd-vorstellun-kulturwerkstatt-sonthofen-sigi-lueer-tim-hecking-1-scaled.jpg 1906w\" sizes=\"(max-width: 763px) 100vw, 763px\" \/><\/figure>\n\n\n\n<figure class=\"wp-block-image aligncenter size-large is-resized\"><img loading=\"lazy\" decoding=\"async\" width=\"934\" height=\"934\" src=\"https:\/\/sigi-lueer.de\/wp-content\/uploads\/2023\/03\/2021-4-cd-vorstellung-und-ich-ging-meinen-weg-foto-c.-pfister-2-4.jpg\" alt=\"\" class=\"wp-image-1250\" style=\"width:494px;height:auto\" srcset=\"https:\/\/sigi-lueer.de\/wp-content\/uploads\/2023\/03\/2021-4-cd-vorstellung-und-ich-ging-meinen-weg-foto-c.-pfister-2-4.jpg 934w, https:\/\/sigi-lueer.de\/wp-content\/uploads\/2023\/03\/2021-4-cd-vorstellung-und-ich-ging-meinen-weg-foto-c.-pfister-2-4-300x300.jpg 300w, https:\/\/sigi-lueer.de\/wp-content\/uploads\/2023\/03\/2021-4-cd-vorstellung-und-ich-ging-meinen-weg-foto-c.-pfister-2-4-150x150.jpg 150w, https:\/\/sigi-lueer.de\/wp-content\/uploads\/2023\/03\/2021-4-cd-vorstellung-und-ich-ging-meinen-weg-foto-c.-pfister-2-4-768x768.jpg 768w\" sizes=\"(max-width: 934px) 100vw, 934px\" \/><\/figure>\n\n\n\n<figure class=\"wp-block-image aligncenter size-large is-resized\"><img loading=\"lazy\" decoding=\"async\" width=\"1024\" height=\"1024\" src=\"https:\/\/sigi-lueer.de\/wp-content\/uploads\/2023\/03\/2021-7-cd-vorstellung-und-ich-ging-meinen-weg-foto-c.-pfister-1-1024x1024.jpg\" alt=\"\" class=\"wp-image-1251\" style=\"width:493px;height:auto\" srcset=\"https:\/\/sigi-lueer.de\/wp-content\/uploads\/2023\/03\/2021-7-cd-vorstellung-und-ich-ging-meinen-weg-foto-c.-pfister-1-1024x1024.jpg 1024w, https:\/\/sigi-lueer.de\/wp-content\/uploads\/2023\/03\/2021-7-cd-vorstellung-und-ich-ging-meinen-weg-foto-c.-pfister-1-300x300.jpg 300w, https:\/\/sigi-lueer.de\/wp-content\/uploads\/2023\/03\/2021-7-cd-vorstellung-und-ich-ging-meinen-weg-foto-c.-pfister-1-150x150.jpg 150w, https:\/\/sigi-lueer.de\/wp-content\/uploads\/2023\/03\/2021-7-cd-vorstellung-und-ich-ging-meinen-weg-foto-c.-pfister-1-768x768.jpg 768w, https:\/\/sigi-lueer.de\/wp-content\/uploads\/2023\/03\/2021-7-cd-vorstellung-und-ich-ging-meinen-weg-foto-c.-pfister-1-1536x1536.jpg 1536w, https:\/\/sigi-lueer.de\/wp-content\/uploads\/2023\/03\/2021-7-cd-vorstellung-und-ich-ging-meinen-weg-foto-c.-pfister-1.jpg 1612w\" sizes=\"(max-width: 1024px) 100vw, 1024px\" \/><\/figure>\n\n\n\n<figure class=\"wp-block-image aligncenter size-large is-resized\"><img loading=\"lazy\" decoding=\"async\" width=\"532\" height=\"1024\" src=\"https:\/\/sigi-lueer.de\/wp-content\/uploads\/2023\/03\/2021-4-cd-vorstellung-und-ich-ging-meinen-weg-foto-c.-pfister-1-532x1024.jpg\" alt=\"\" class=\"wp-image-1252\" style=\"aspect-ratio:0.519298245614035;width:336px;height:auto\" srcset=\"https:\/\/sigi-lueer.de\/wp-content\/uploads\/2023\/03\/2021-4-cd-vorstellung-und-ich-ging-meinen-weg-foto-c.-pfister-1-532x1024.jpg 532w, https:\/\/sigi-lueer.de\/wp-content\/uploads\/2023\/03\/2021-4-cd-vorstellung-und-ich-ging-meinen-weg-foto-c.-pfister-1-156x300.jpg 156w, https:\/\/sigi-lueer.de\/wp-content\/uploads\/2023\/03\/2021-4-cd-vorstellung-und-ich-ging-meinen-weg-foto-c.-pfister-1-768x1479.jpg 768w, https:\/\/sigi-lueer.de\/wp-content\/uploads\/2023\/03\/2021-4-cd-vorstellung-und-ich-ging-meinen-weg-foto-c.-pfister-1-797x1536.jpg 797w, https:\/\/sigi-lueer.de\/wp-content\/uploads\/2023\/03\/2021-4-cd-vorstellung-und-ich-ging-meinen-weg-foto-c.-pfister-1.jpg 935w\" sizes=\"(max-width: 532px) 100vw, 532px\" \/><\/figure>\n\n\n\n<p><\/p>\n\n\n\n<p class=\"has-text-align-center\">April 2022 Besuch Leo Litz Bandleader from The Lords <\/p>\n\n\n\n<figure class=\"wp-block-image aligncenter size-large is-resized\"><img loading=\"lazy\" decoding=\"async\" width=\"1024\" height=\"723\" src=\"https:\/\/sigi-lueer.de\/wp-content\/uploads\/2023\/05\/20230408_143013-frame-at-0m1s-1024x723.jpg\" alt=\"\" class=\"wp-image-1494\" style=\"width:537px;height:auto\" srcset=\"https:\/\/sigi-lueer.de\/wp-content\/uploads\/2023\/05\/20230408_143013-frame-at-0m1s-1024x723.jpg 1024w, https:\/\/sigi-lueer.de\/wp-content\/uploads\/2023\/05\/20230408_143013-frame-at-0m1s-300x212.jpg 300w, https:\/\/sigi-lueer.de\/wp-content\/uploads\/2023\/05\/20230408_143013-frame-at-0m1s-768x542.jpg 768w, https:\/\/sigi-lueer.de\/wp-content\/uploads\/2023\/05\/20230408_143013-frame-at-0m1s.jpg 1444w\" sizes=\"(max-width: 1024px) 100vw, 1024px\" \/><figcaption class=\"wp-element-caption\">Leo Litz &amp;  Sigi<\/figcaption><\/figure>\n\n\n\n<p><\/p>\n\n\n\n<figure class=\"wp-block-image aligncenter size-large is-resized\"><img loading=\"lazy\" decoding=\"async\" width=\"1024\" height=\"609\" src=\"https:\/\/sigi-lueer.de\/wp-content\/uploads\/2023\/03\/Anzeige-1-1024x609.jpg\" alt=\"\" class=\"wp-image-1253\" style=\"aspect-ratio:1.678688524590164;width:586px;height:auto\" srcset=\"https:\/\/sigi-lueer.de\/wp-content\/uploads\/2023\/03\/Anzeige-1-1024x609.jpg 1024w, https:\/\/sigi-lueer.de\/wp-content\/uploads\/2023\/03\/Anzeige-1-300x178.jpg 300w, https:\/\/sigi-lueer.de\/wp-content\/uploads\/2023\/03\/Anzeige-1-768x457.jpg 768w, https:\/\/sigi-lueer.de\/wp-content\/uploads\/2023\/03\/Anzeige-1.jpg 1143w\" sizes=\"(max-width: 1024px) 100vw, 1024px\" \/><\/figure>\n\n\n\n<figure class=\"wp-block-image aligncenter size-large is-resized\"><img loading=\"lazy\" decoding=\"async\" width=\"1024\" height=\"1024\" src=\"https:\/\/sigi-lueer.de\/wp-content\/uploads\/2023\/03\/1-1-1024x1024.jpg\" alt=\"\" class=\"wp-image-1255\" style=\"width:526px;height:auto\" srcset=\"https:\/\/sigi-lueer.de\/wp-content\/uploads\/2023\/03\/1-1-1024x1024.jpg 1024w, https:\/\/sigi-lueer.de\/wp-content\/uploads\/2023\/03\/1-1-300x300.jpg 300w, https:\/\/sigi-lueer.de\/wp-content\/uploads\/2023\/03\/1-1-150x150.jpg 150w, https:\/\/sigi-lueer.de\/wp-content\/uploads\/2023\/03\/1-1-768x767.jpg 768w, https:\/\/sigi-lueer.de\/wp-content\/uploads\/2023\/03\/1-1.jpg 1294w\" sizes=\"(max-width: 1024px) 100vw, 1024px\" \/><figcaption class=\"wp-element-caption\"><strong>1. B\u00fcrgermeister Christian Wilhelm<\/strong><\/figcaption><\/figure>\n\n\n\n<figure class=\"wp-block-image aligncenter size-large is-resized\"><img loading=\"lazy\" decoding=\"async\" width=\"1024\" height=\"1024\" src=\"https:\/\/sigi-lueer.de\/wp-content\/uploads\/2023\/03\/2-2-1024x1024.jpg\" alt=\"\" class=\"wp-image-1254\" style=\"width:530px;height:auto\" srcset=\"https:\/\/sigi-lueer.de\/wp-content\/uploads\/2023\/03\/2-2-1024x1024.jpg 1024w, https:\/\/sigi-lueer.de\/wp-content\/uploads\/2023\/03\/2-2-300x300.jpg 300w, https:\/\/sigi-lueer.de\/wp-content\/uploads\/2023\/03\/2-2-150x150.jpg 150w, https:\/\/sigi-lueer.de\/wp-content\/uploads\/2023\/03\/2-2-768x767.jpg 768w, https:\/\/sigi-lueer.de\/wp-content\/uploads\/2023\/03\/2-2.jpg 1164w\" sizes=\"(max-width: 1024px) 100vw, 1024px\" \/><figcaption class=\"wp-element-caption\"><strong>Landr\u00e4tin Indra Baier &#8211; M\u00fcller<\/strong><\/figcaption><\/figure>\n\n\n\n<figure class=\"wp-block-image aligncenter size-large is-resized\"><img loading=\"lazy\" decoding=\"async\" width=\"394\" height=\"393\" src=\"https:\/\/sigi-lueer.de\/wp-content\/uploads\/2023\/03\/3-1.jpg\" alt=\"\" class=\"wp-image-1256\" style=\"width:526px;height:auto\" srcset=\"https:\/\/sigi-lueer.de\/wp-content\/uploads\/2023\/03\/3-1.jpg 394w, https:\/\/sigi-lueer.de\/wp-content\/uploads\/2023\/03\/3-1-300x300.jpg 300w, https:\/\/sigi-lueer.de\/wp-content\/uploads\/2023\/03\/3-1-150x150.jpg 150w\" sizes=\"(max-width: 394px) 100vw, 394px\" \/><figcaption class=\"wp-element-caption\"><strong>Isabelle Dartmann<\/strong><\/figcaption><\/figure>\n\n\n\n<figure class=\"wp-block-image aligncenter size-large is-resized\"><img loading=\"lazy\" decoding=\"async\" width=\"1024\" height=\"682\" src=\"https:\/\/sigi-lueer.de\/wp-content\/uploads\/2023\/03\/277781128_10223992288370073_7203910059562613230_n-1024x682.jpg\" alt=\"\" class=\"wp-image-1257\" style=\"width:525px;height:auto\" srcset=\"https:\/\/sigi-lueer.de\/wp-content\/uploads\/2023\/03\/277781128_10223992288370073_7203910059562613230_n-1024x682.jpg 1024w, https:\/\/sigi-lueer.de\/wp-content\/uploads\/2023\/03\/277781128_10223992288370073_7203910059562613230_n-300x200.jpg 300w, https:\/\/sigi-lueer.de\/wp-content\/uploads\/2023\/03\/277781128_10223992288370073_7203910059562613230_n-768x512.jpg 768w, https:\/\/sigi-lueer.de\/wp-content\/uploads\/2023\/03\/277781128_10223992288370073_7203910059562613230_n-1536x1023.jpg 1536w, https:\/\/sigi-lueer.de\/wp-content\/uploads\/2023\/03\/277781128_10223992288370073_7203910059562613230_n-2000x1332.jpg 2000w, https:\/\/sigi-lueer.de\/wp-content\/uploads\/2023\/03\/277781128_10223992288370073_7203910059562613230_n.jpg 2048w\" sizes=\"(max-width: 1024px) 100vw, 1024px\" \/><\/figure>\n\n\n\n<figure class=\"wp-block-image aligncenter size-large is-resized\"><img loading=\"lazy\" decoding=\"async\" width=\"1024\" height=\"575\" src=\"https:\/\/sigi-lueer.de\/wp-content\/uploads\/2023\/03\/4-1024x575.jpg\" alt=\"\" class=\"wp-image-1259\" style=\"width:528px;height:auto\" srcset=\"https:\/\/sigi-lueer.de\/wp-content\/uploads\/2023\/03\/4-1024x575.jpg 1024w, https:\/\/sigi-lueer.de\/wp-content\/uploads\/2023\/03\/4-300x169.jpg 300w, https:\/\/sigi-lueer.de\/wp-content\/uploads\/2023\/03\/4-768x432.jpg 768w, https:\/\/sigi-lueer.de\/wp-content\/uploads\/2023\/03\/4-1536x863.jpg 1536w, https:\/\/sigi-lueer.de\/wp-content\/uploads\/2023\/03\/4.jpg 1746w\" sizes=\"(max-width: 1024px) 100vw, 1024px\" \/><\/figure>\n\n\n\n<figure class=\"wp-block-image aligncenter size-large is-resized\"><img loading=\"lazy\" decoding=\"async\" width=\"1024\" height=\"575\" src=\"https:\/\/sigi-lueer.de\/wp-content\/uploads\/2023\/03\/5-1-1024x575.jpg\" alt=\"\" class=\"wp-image-1260\" style=\"width:532px;height:auto\" srcset=\"https:\/\/sigi-lueer.de\/wp-content\/uploads\/2023\/03\/5-1-1024x575.jpg 1024w, https:\/\/sigi-lueer.de\/wp-content\/uploads\/2023\/03\/5-1-300x169.jpg 300w, https:\/\/sigi-lueer.de\/wp-content\/uploads\/2023\/03\/5-1-768x432.jpg 768w, https:\/\/sigi-lueer.de\/wp-content\/uploads\/2023\/03\/5-1-1536x863.jpg 1536w, https:\/\/sigi-lueer.de\/wp-content\/uploads\/2023\/03\/5-1.jpg 1940w\" sizes=\"(max-width: 1024px) 100vw, 1024px\" \/><\/figure>\n\n\n\n<figure class=\"wp-block-image aligncenter size-large is-resized\"><img loading=\"lazy\" decoding=\"async\" width=\"1024\" height=\"575\" src=\"https:\/\/sigi-lueer.de\/wp-content\/uploads\/2023\/03\/7.0-1-1024x575.jpg\" alt=\"\" class=\"wp-image-1258\" style=\"width:533px;height:auto\" srcset=\"https:\/\/sigi-lueer.de\/wp-content\/uploads\/2023\/03\/7.0-1-1024x575.jpg 1024w, https:\/\/sigi-lueer.de\/wp-content\/uploads\/2023\/03\/7.0-1-300x169.jpg 300w, https:\/\/sigi-lueer.de\/wp-content\/uploads\/2023\/03\/7.0-1-768x432.jpg 768w, https:\/\/sigi-lueer.de\/wp-content\/uploads\/2023\/03\/7.0-1-1536x863.jpg 1536w, https:\/\/sigi-lueer.de\/wp-content\/uploads\/2023\/03\/7.0-1.jpg 1940w\" sizes=\"(max-width: 1024px) 100vw, 1024px\" \/><\/figure>\n\n\n\n<figure class=\"wp-block-image aligncenter size-large is-resized\"><img loading=\"lazy\" decoding=\"async\" width=\"1024\" height=\"787\" src=\"https:\/\/sigi-lueer.de\/wp-content\/uploads\/2023\/03\/6.1-1-1024x787.jpg\" alt=\"\" class=\"wp-image-1262\" style=\"width:456px;height:auto\" srcset=\"https:\/\/sigi-lueer.de\/wp-content\/uploads\/2023\/03\/6.1-1-1024x787.jpg 1024w, https:\/\/sigi-lueer.de\/wp-content\/uploads\/2023\/03\/6.1-1-300x231.jpg 300w, https:\/\/sigi-lueer.de\/wp-content\/uploads\/2023\/03\/6.1-1-768x590.jpg 768w, https:\/\/sigi-lueer.de\/wp-content\/uploads\/2023\/03\/6.1-1-1536x1181.jpg 1536w, https:\/\/sigi-lueer.de\/wp-content\/uploads\/2023\/03\/6.1-1.jpg 1682w\" sizes=\"(max-width: 1024px) 100vw, 1024px\" \/><figcaption class=\"wp-element-caption\"><strong>Steffi &amp; Fabian<\/strong><\/figcaption><\/figure>\n\n\n\n<figure class=\"wp-block-image aligncenter size-large is-resized\"><img loading=\"lazy\" decoding=\"async\" width=\"532\" height=\"354\" src=\"https:\/\/sigi-lueer.de\/wp-content\/uploads\/2023\/03\/6.2-1.jpg\" alt=\"\" class=\"wp-image-1261\" style=\"width:456px;height:auto\" srcset=\"https:\/\/sigi-lueer.de\/wp-content\/uploads\/2023\/03\/6.2-1.jpg 532w, https:\/\/sigi-lueer.de\/wp-content\/uploads\/2023\/03\/6.2-1-300x200.jpg 300w\" sizes=\"(max-width: 532px) 100vw, 532px\" \/><\/figure>\n\n\n\n<figure class=\"wp-block-image aligncenter size-large is-resized\"><img loading=\"lazy\" decoding=\"async\" width=\"1024\" height=\"1024\" src=\"https:\/\/sigi-lueer.de\/wp-content\/uploads\/2023\/03\/7.1-1-1024x1024.jpg\" alt=\"\" class=\"wp-image-1263\" style=\"width:357px;height:auto\" srcset=\"https:\/\/sigi-lueer.de\/wp-content\/uploads\/2023\/03\/7.1-1-1024x1024.jpg 1024w, https:\/\/sigi-lueer.de\/wp-content\/uploads\/2023\/03\/7.1-1-300x300.jpg 300w, https:\/\/sigi-lueer.de\/wp-content\/uploads\/2023\/03\/7.1-1-150x150.jpg 150w, https:\/\/sigi-lueer.de\/wp-content\/uploads\/2023\/03\/7.1-1-768x767.jpg 768w, https:\/\/sigi-lueer.de\/wp-content\/uploads\/2023\/03\/7.1-1.jpg 1164w\" sizes=\"(max-width: 1024px) 100vw, 1024px\" \/><\/figure>\n\n\n\n<figure class=\"wp-block-image aligncenter size-large is-resized\"><img loading=\"lazy\" decoding=\"async\" width=\"688\" height=\"1024\" src=\"https:\/\/sigi-lueer.de\/wp-content\/uploads\/2023\/03\/7.3-1-688x1024.jpg\" alt=\"\" class=\"wp-image-1264\" style=\"width:372px;height:auto\" srcset=\"https:\/\/sigi-lueer.de\/wp-content\/uploads\/2023\/03\/7.3-1-688x1024.jpg 688w, https:\/\/sigi-lueer.de\/wp-content\/uploads\/2023\/03\/7.3-1-202x300.jpg 202w, https:\/\/sigi-lueer.de\/wp-content\/uploads\/2023\/03\/7.3-1-768x1143.jpg 768w, https:\/\/sigi-lueer.de\/wp-content\/uploads\/2023\/03\/7.3-1-1032x1536.jpg 1032w, https:\/\/sigi-lueer.de\/wp-content\/uploads\/2023\/03\/7.3-1.jpg 1296w\" sizes=\"(max-width: 688px) 100vw, 688px\" \/><\/figure>\n\n\n\n<figure class=\"wp-block-image aligncenter size-large is-resized\"><img loading=\"lazy\" decoding=\"async\" width=\"999\" height=\"1024\" src=\"https:\/\/sigi-lueer.de\/wp-content\/uploads\/2023\/03\/2022_04_02_Feddback_Auftritt-2-999x1024.jpg\" alt=\"\" class=\"wp-image-1271\" style=\"width:500px;height:512px\" srcset=\"https:\/\/sigi-lueer.de\/wp-content\/uploads\/2023\/03\/2022_04_02_Feddback_Auftritt-2-999x1024.jpg 999w, https:\/\/sigi-lueer.de\/wp-content\/uploads\/2023\/03\/2022_04_02_Feddback_Auftritt-2-293x300.jpg 293w, https:\/\/sigi-lueer.de\/wp-content\/uploads\/2023\/03\/2022_04_02_Feddback_Auftritt-2-768x787.jpg 768w, https:\/\/sigi-lueer.de\/wp-content\/uploads\/2023\/03\/2022_04_02_Feddback_Auftritt-2.jpg 1440w\" sizes=\"(max-width: 999px) 100vw, 999px\" \/><\/figure>\n\n\n\n<figure class=\"wp-block-image aligncenter size-large is-resized\"><img loading=\"lazy\" decoding=\"async\" width=\"1024\" height=\"683\" src=\"https:\/\/sigi-lueer.de\/wp-content\/uploads\/2023\/03\/7.2-2-1024x683.jpg\" alt=\"\" class=\"wp-image-1266\" style=\"aspect-ratio:1.4970760233918128;width:542px;height:auto\" srcset=\"https:\/\/sigi-lueer.de\/wp-content\/uploads\/2023\/03\/7.2-2-1024x683.jpg 1024w, https:\/\/sigi-lueer.de\/wp-content\/uploads\/2023\/03\/7.2-2-300x200.jpg 300w, https:\/\/sigi-lueer.de\/wp-content\/uploads\/2023\/03\/7.2-2-768x512.jpg 768w, https:\/\/sigi-lueer.de\/wp-content\/uploads\/2023\/03\/7.2-2-1536x1024.jpg 1536w, https:\/\/sigi-lueer.de\/wp-content\/uploads\/2023\/03\/7.2-2.jpg 1804w\" sizes=\"(max-width: 1024px) 100vw, 1024px\" \/><\/figure>\n\n\n\n<figure class=\"wp-block-image aligncenter size-large is-resized\"><img loading=\"lazy\" decoding=\"async\" width=\"1024\" height=\"1024\" src=\"https:\/\/sigi-lueer.de\/wp-content\/uploads\/2023\/03\/8.2-1-1024x1024.jpg\" alt=\"\" class=\"wp-image-1268\" style=\"width:526px;height:auto\" srcset=\"https:\/\/sigi-lueer.de\/wp-content\/uploads\/2023\/03\/8.2-1-1024x1024.jpg 1024w, https:\/\/sigi-lueer.de\/wp-content\/uploads\/2023\/03\/8.2-1-300x300.jpg 300w, https:\/\/sigi-lueer.de\/wp-content\/uploads\/2023\/03\/8.2-1-150x150.jpg 150w, https:\/\/sigi-lueer.de\/wp-content\/uploads\/2023\/03\/8.2-1-768x768.jpg 768w, https:\/\/sigi-lueer.de\/wp-content\/uploads\/2023\/03\/8.2-1.jpg 1293w\" sizes=\"(max-width: 1024px) 100vw, 1024px\" \/><figcaption class=\"wp-element-caption\"><strong>Christian Blanz<\/strong><\/figcaption><\/figure>\n\n\n\n<figure class=\"wp-block-image aligncenter size-large is-resized\"><img loading=\"lazy\" decoding=\"async\" width=\"1024\" height=\"682\" src=\"https:\/\/sigi-lueer.de\/wp-content\/uploads\/2023\/03\/8.1-1-1024x682.jpg\" alt=\"\" class=\"wp-image-1269\" style=\"width:514px;height:auto\" srcset=\"https:\/\/sigi-lueer.de\/wp-content\/uploads\/2023\/03\/8.1-1-1024x682.jpg 1024w, https:\/\/sigi-lueer.de\/wp-content\/uploads\/2023\/03\/8.1-1-300x200.jpg 300w, https:\/\/sigi-lueer.de\/wp-content\/uploads\/2023\/03\/8.1-1-768x512.jpg 768w, https:\/\/sigi-lueer.de\/wp-content\/uploads\/2023\/03\/8.1-1-1536x1024.jpg 1536w, https:\/\/sigi-lueer.de\/wp-content\/uploads\/2023\/03\/8.1-1.jpg 1940w\" sizes=\"(max-width: 1024px) 100vw, 1024px\" \/><\/figure>\n\n\n\n<figure class=\"wp-block-image aligncenter size-large is-resized\"><img loading=\"lazy\" decoding=\"async\" width=\"768\" height=\"1024\" src=\"https:\/\/sigi-lueer.de\/wp-content\/uploads\/2023\/03\/8.3-1-768x1024.jpg\" alt=\"\" class=\"wp-image-1267\" style=\"width:521px;height:auto\" srcset=\"https:\/\/sigi-lueer.de\/wp-content\/uploads\/2023\/03\/8.3-1-768x1024.jpg 768w, https:\/\/sigi-lueer.de\/wp-content\/uploads\/2023\/03\/8.3-1-225x300.jpg 225w, https:\/\/sigi-lueer.de\/wp-content\/uploads\/2023\/03\/8.3-1-1152x1536.jpg 1152w, https:\/\/sigi-lueer.de\/wp-content\/uploads\/2023\/03\/8.3-1.jpg 1296w\" sizes=\"(max-width: 768px) 100vw, 768px\" \/><figcaption class=\"wp-element-caption\"><strong>Tim Hecking<\/strong><\/figcaption><\/figure>\n\n\n\n<figure class=\"wp-block-image aligncenter size-large is-resized\"><img loading=\"lazy\" decoding=\"async\" width=\"750\" height=\"1024\" src=\"https:\/\/sigi-lueer.de\/wp-content\/uploads\/2023\/03\/Feedback-BGM-SF-2-750x1024.jpg\" alt=\"\" class=\"wp-image-1272\" style=\"width:484px;height:660px\" srcset=\"https:\/\/sigi-lueer.de\/wp-content\/uploads\/2023\/03\/Feedback-BGM-SF-2-750x1024.jpg 750w, https:\/\/sigi-lueer.de\/wp-content\/uploads\/2023\/03\/Feedback-BGM-SF-2-220x300.jpg 220w, https:\/\/sigi-lueer.de\/wp-content\/uploads\/2023\/03\/Feedback-BGM-SF-2-768x1049.jpg 768w, https:\/\/sigi-lueer.de\/wp-content\/uploads\/2023\/03\/Feedback-BGM-SF-2-1125x1536.jpg 1125w, https:\/\/sigi-lueer.de\/wp-content\/uploads\/2023\/03\/Feedback-BGM-SF-2-1500x2048.jpg 1500w, https:\/\/sigi-lueer.de\/wp-content\/uploads\/2023\/03\/Feedback-BGM-SF-2.jpg 1543w\" sizes=\"(max-width: 750px) 100vw, 750px\" \/><\/figure>\n\n\n\n<p><\/p>\n\n\n\n<p class=\"has-text-align-center\"><strong>2022 Konzept f\u00fcr ein neues Programm<\/strong><\/p>\n\n\n\n<figure class=\"wp-block-image aligncenter size-large is-resized\"><img loading=\"lazy\" decoding=\"async\" width=\"724\" height=\"1024\" src=\"https:\/\/sigi-lueer.de\/wp-content\/uploads\/2023\/03\/Bunk-Lueer-Poesie-Musik-2-724x1024.jpg\" alt=\"\" class=\"wp-image-1274\" style=\"width:441px;height:624px\" srcset=\"https:\/\/sigi-lueer.de\/wp-content\/uploads\/2023\/03\/Bunk-Lueer-Poesie-Musik-2-724x1024.jpg 724w, https:\/\/sigi-lueer.de\/wp-content\/uploads\/2023\/03\/Bunk-Lueer-Poesie-Musik-2-212x300.jpg 212w, https:\/\/sigi-lueer.de\/wp-content\/uploads\/2023\/03\/Bunk-Lueer-Poesie-Musik-2-768x1087.jpg 768w, https:\/\/sigi-lueer.de\/wp-content\/uploads\/2023\/03\/Bunk-Lueer-Poesie-Musik-2.jpg 793w\" sizes=\"(max-width: 724px) 100vw, 724px\" \/><\/figure>\n\n\n\n<p><\/p>\n\n\n\n<figure class=\"wp-block-image aligncenter size-large is-resized\"><img loading=\"lazy\" decoding=\"async\" width=\"725\" height=\"1024\" src=\"https:\/\/sigi-lueer.de\/wp-content\/uploads\/2023\/03\/2022_07_09-1-zurueck-zu-den-Wurzeln-Poster-1-1-725x1024.jpg\" alt=\"\" class=\"wp-image-1275\" style=\"aspect-ratio:0.708984375;width:437px;height:auto\" srcset=\"https:\/\/sigi-lueer.de\/wp-content\/uploads\/2023\/03\/2022_07_09-1-zurueck-zu-den-Wurzeln-Poster-1-1-725x1024.jpg 725w, https:\/\/sigi-lueer.de\/wp-content\/uploads\/2023\/03\/2022_07_09-1-zurueck-zu-den-Wurzeln-Poster-1-1-212x300.jpg 212w, https:\/\/sigi-lueer.de\/wp-content\/uploads\/2023\/03\/2022_07_09-1-zurueck-zu-den-Wurzeln-Poster-1-1-768x1085.jpg 768w, https:\/\/sigi-lueer.de\/wp-content\/uploads\/2023\/03\/2022_07_09-1-zurueck-zu-den-Wurzeln-Poster-1-1.jpg 786w\" sizes=\"(max-width: 725px) 100vw, 725px\" \/><\/figure>\n\n\n\n<figure class=\"wp-block-image aligncenter size-large is-resized\"><img loading=\"lazy\" decoding=\"async\" width=\"657\" height=\"1024\" src=\"https:\/\/sigi-lueer.de\/wp-content\/uploads\/2023\/03\/IMG_4773_2-2-657x1024.jpg\" alt=\"\" class=\"wp-image-1276\" style=\"width:443px;height:auto\" srcset=\"https:\/\/sigi-lueer.de\/wp-content\/uploads\/2023\/03\/IMG_4773_2-2-657x1024.jpg 657w, https:\/\/sigi-lueer.de\/wp-content\/uploads\/2023\/03\/IMG_4773_2-2-193x300.jpg 193w, https:\/\/sigi-lueer.de\/wp-content\/uploads\/2023\/03\/IMG_4773_2-2-768x1196.jpg 768w, https:\/\/sigi-lueer.de\/wp-content\/uploads\/2023\/03\/IMG_4773_2-2-986x1536.jpg 986w, https:\/\/sigi-lueer.de\/wp-content\/uploads\/2023\/03\/IMG_4773_2-2-1315x2048.jpg 1315w, https:\/\/sigi-lueer.de\/wp-content\/uploads\/2023\/03\/IMG_4773_2-2-2000x3116.jpg 2000w, https:\/\/sigi-lueer.de\/wp-content\/uploads\/2023\/03\/IMG_4773_2-2-scaled.jpg 1643w\" sizes=\"(max-width: 657px) 100vw, 657px\" \/><\/figure>\n\n\n\n<figure class=\"wp-block-image aligncenter size-large is-resized\"><img loading=\"lazy\" decoding=\"async\" width=\"1024\" height=\"1024\" src=\"https:\/\/sigi-lueer.de\/wp-content\/uploads\/2023\/03\/IMG_4783-2-1024x1024.jpg\" alt=\"\" class=\"wp-image-1278\" style=\"width:446px;height:auto\" srcset=\"https:\/\/sigi-lueer.de\/wp-content\/uploads\/2023\/03\/IMG_4783-2-1024x1024.jpg 1024w, https:\/\/sigi-lueer.de\/wp-content\/uploads\/2023\/03\/IMG_4783-2-300x300.jpg 300w, https:\/\/sigi-lueer.de\/wp-content\/uploads\/2023\/03\/IMG_4783-2-150x150.jpg 150w, https:\/\/sigi-lueer.de\/wp-content\/uploads\/2023\/03\/IMG_4783-2-768x768.jpg 768w, https:\/\/sigi-lueer.de\/wp-content\/uploads\/2023\/03\/IMG_4783-2-1536x1536.jpg 1536w, https:\/\/sigi-lueer.de\/wp-content\/uploads\/2023\/03\/IMG_4783-2-2048x2048.jpg 2048w, https:\/\/sigi-lueer.de\/wp-content\/uploads\/2023\/03\/IMG_4783-2-2000x2000.jpg 2000w\" sizes=\"(max-width: 1024px) 100vw, 1024px\" \/><figcaption class=\"wp-element-caption\"><strong>nach langer Zeit mal wieder ein Solokozert<\/strong><\/figcaption><\/figure>\n\n\n\n<figure class=\"wp-block-image aligncenter size-large is-resized\"><img loading=\"lazy\" decoding=\"async\" width=\"683\" height=\"1024\" src=\"https:\/\/sigi-lueer.de\/wp-content\/uploads\/2023\/03\/IMG_4784_2-2-683x1024.jpg\" alt=\"\" class=\"wp-image-1277\" style=\"width:445px;height:auto\" srcset=\"https:\/\/sigi-lueer.de\/wp-content\/uploads\/2023\/03\/IMG_4784_2-2-683x1024.jpg 683w, https:\/\/sigi-lueer.de\/wp-content\/uploads\/2023\/03\/IMG_4784_2-2-200x300.jpg 200w, https:\/\/sigi-lueer.de\/wp-content\/uploads\/2023\/03\/IMG_4784_2-2-768x1152.jpg 768w, https:\/\/sigi-lueer.de\/wp-content\/uploads\/2023\/03\/IMG_4784_2-2-1024x1536.jpg 1024w, https:\/\/sigi-lueer.de\/wp-content\/uploads\/2023\/03\/IMG_4784_2-2-1365x2048.jpg 1365w, https:\/\/sigi-lueer.de\/wp-content\/uploads\/2023\/03\/IMG_4784_2-2-2000x3000.jpg 2000w, https:\/\/sigi-lueer.de\/wp-content\/uploads\/2023\/03\/IMG_4784_2-2-scaled.jpg 1707w\" sizes=\"(max-width: 683px) 100vw, 683px\" \/><\/figure>\n\n\n\n<figure class=\"wp-block-image aligncenter size-large is-resized\"><img loading=\"lazy\" decoding=\"async\" width=\"683\" height=\"1024\" src=\"https:\/\/sigi-lueer.de\/wp-content\/uploads\/2023\/03\/IMG_4788-3-683x1024.jpg\" alt=\"\" class=\"wp-image-1279\" style=\"aspect-ratio:0.6683087027914614;width:445px;height:auto\" srcset=\"https:\/\/sigi-lueer.de\/wp-content\/uploads\/2023\/03\/IMG_4788-3-683x1024.jpg 683w, https:\/\/sigi-lueer.de\/wp-content\/uploads\/2023\/03\/IMG_4788-3-200x300.jpg 200w, https:\/\/sigi-lueer.de\/wp-content\/uploads\/2023\/03\/IMG_4788-3-768x1152.jpg 768w, https:\/\/sigi-lueer.de\/wp-content\/uploads\/2023\/03\/IMG_4788-3-1024x1536.jpg 1024w, https:\/\/sigi-lueer.de\/wp-content\/uploads\/2023\/03\/IMG_4788-3-1365x2048.jpg 1365w, https:\/\/sigi-lueer.de\/wp-content\/uploads\/2023\/03\/IMG_4788-3-2000x3000.jpg 2000w, https:\/\/sigi-lueer.de\/wp-content\/uploads\/2023\/03\/IMG_4788-3-scaled.jpg 1707w\" sizes=\"(max-width: 683px) 100vw, 683px\" \/><\/figure>\n\n\n\n<figure class=\"wp-block-image aligncenter size-large is-resized\"><img loading=\"lazy\" decoding=\"async\" width=\"824\" height=\"1024\" src=\"https:\/\/sigi-lueer.de\/wp-content\/uploads\/2023\/03\/Brief-2-824x1024.jpg\" alt=\"\" class=\"wp-image-1280\" style=\"width:570px;height:708px\" srcset=\"https:\/\/sigi-lueer.de\/wp-content\/uploads\/2023\/03\/Brief-2-824x1024.jpg 824w, https:\/\/sigi-lueer.de\/wp-content\/uploads\/2023\/03\/Brief-2-241x300.jpg 241w, https:\/\/sigi-lueer.de\/wp-content\/uploads\/2023\/03\/Brief-2-768x955.jpg 768w, https:\/\/sigi-lueer.de\/wp-content\/uploads\/2023\/03\/Brief-2-1236x1536.jpg 1236w, https:\/\/sigi-lueer.de\/wp-content\/uploads\/2023\/03\/Brief-2-1648x2048.jpg 1648w, https:\/\/sigi-lueer.de\/wp-content\/uploads\/2023\/03\/Brief-2-2000x2486.jpg 2000w\" sizes=\"(max-width: 824px) 100vw, 824px\" \/><\/figure>\n\n\n\n<p><\/p>\n\n\n\n<p class=\"has-text-align-center\"><strong>2022 Blaichach: Sigi L\u00fcer in der Stephanuskirche<\/strong><\/p>\n\n\n\n<figure class=\"wp-block-image aligncenter size-large is-resized\"><img loading=\"lazy\" decoding=\"async\" width=\"949\" height=\"1024\" src=\"https:\/\/sigi-lueer.de\/wp-content\/uploads\/2023\/03\/IMG-20220920-WA0001-949x1024.jpg\" alt=\"\" class=\"wp-image-1313\" style=\"aspect-ratio:0.9279538904899135;width:382px;height:auto\" srcset=\"https:\/\/sigi-lueer.de\/wp-content\/uploads\/2023\/03\/IMG-20220920-WA0001-949x1024.jpg 949w, https:\/\/sigi-lueer.de\/wp-content\/uploads\/2023\/03\/IMG-20220920-WA0001-278x300.jpg 278w, https:\/\/sigi-lueer.de\/wp-content\/uploads\/2023\/03\/IMG-20220920-WA0001-768x829.jpg 768w, https:\/\/sigi-lueer.de\/wp-content\/uploads\/2023\/03\/IMG-20220920-WA0001.jpg 1012w\" sizes=\"(max-width: 949px) 100vw, 949px\" \/><\/figure>\n\n\n\n<p><\/p>\n\n\n\n<figure class=\"wp-block-image aligncenter size-large is-resized\"><img loading=\"lazy\" decoding=\"async\" width=\"400\" height=\"400\" src=\"https:\/\/sigi-lueer.de\/wp-content\/uploads\/2023\/03\/Logo.jpg\" alt=\"\" class=\"wp-image-1283\" style=\"width:280px;height:auto\" srcset=\"https:\/\/sigi-lueer.de\/wp-content\/uploads\/2023\/03\/Logo.jpg 400w, https:\/\/sigi-lueer.de\/wp-content\/uploads\/2023\/03\/Logo-300x300.jpg 300w, https:\/\/sigi-lueer.de\/wp-content\/uploads\/2023\/03\/Logo-150x150.jpg 150w\" sizes=\"(max-width: 400px) 100vw, 400px\" \/><\/figure>\n\n\n\n<p class=\"has-text-align-center\"><strong>2022 Hutmuseum Lindenberg: Tr\u00e4gerin des Sozialistenhutes Manuela Auer<\/strong><\/p>\n\n\n\n<figure class=\"wp-block-image aligncenter size-large is-resized\"><img loading=\"lazy\" decoding=\"async\" width=\"743\" height=\"480\" src=\"https:\/\/sigi-lueer.de\/wp-content\/uploads\/2023\/03\/Manuella-Auer.jpg\" alt=\"\" class=\"wp-image-1282\" style=\"width:455px;height:auto\" srcset=\"https:\/\/sigi-lueer.de\/wp-content\/uploads\/2023\/03\/Manuella-Auer.jpg 743w, https:\/\/sigi-lueer.de\/wp-content\/uploads\/2023\/03\/Manuella-Auer-300x194.jpg 300w\" sizes=\"(max-width: 743px) 100vw, 743px\" \/><figcaption class=\"wp-element-caption\">Manuela Auer \/ Foto M. Maurus<\/figcaption><\/figure>\n\n\n\n<figure class=\"wp-block-image aligncenter size-large is-resized\"><img loading=\"lazy\" decoding=\"async\" width=\"683\" height=\"1024\" src=\"https:\/\/sigi-lueer.de\/wp-content\/uploads\/2023\/03\/IMG_2741-1-683x1024.jpg\" alt=\"\" class=\"wp-image-1284\" style=\"width:342px;height:512px\" srcset=\"https:\/\/sigi-lueer.de\/wp-content\/uploads\/2023\/03\/IMG_2741-1-683x1024.jpg 683w, https:\/\/sigi-lueer.de\/wp-content\/uploads\/2023\/03\/IMG_2741-1-200x300.jpg 200w, https:\/\/sigi-lueer.de\/wp-content\/uploads\/2023\/03\/IMG_2741-1-768x1152.jpg 768w, https:\/\/sigi-lueer.de\/wp-content\/uploads\/2023\/03\/IMG_2741-1-1024x1536.jpg 1024w, https:\/\/sigi-lueer.de\/wp-content\/uploads\/2023\/03\/IMG_2741-1-1365x2048.jpg 1365w, https:\/\/sigi-lueer.de\/wp-content\/uploads\/2023\/03\/IMG_2741-1-2000x3000.jpg 2000w, https:\/\/sigi-lueer.de\/wp-content\/uploads\/2023\/03\/IMG_2741-1-scaled.jpg 1707w\" sizes=\"(max-width: 683px) 100vw, 683px\" \/><\/figure>\n\n\n\n<p><\/p>\n\n\n\n<p><\/p>\n\n\n\n<p class=\"has-text-align-center\"><strong>2022 Stefanuskirche Blaichach: \u201ePoesie trifft Musik&#8220;, Gerhard Bunk &amp; Sigi L\u00fcer<\/strong><\/p>\n\n\n\n<figure class=\"wp-block-image aligncenter size-large is-resized\"><img loading=\"lazy\" decoding=\"async\" width=\"1024\" height=\"768\" src=\"https:\/\/sigi-lueer.de\/wp-content\/uploads\/2023\/03\/IMG-20221106-WA0010-1024x768.jpg\" alt=\"\" class=\"wp-image-1293\" style=\"width:448px;height:auto\" srcset=\"https:\/\/sigi-lueer.de\/wp-content\/uploads\/2023\/03\/IMG-20221106-WA0010-1024x768.jpg 1024w, https:\/\/sigi-lueer.de\/wp-content\/uploads\/2023\/03\/IMG-20221106-WA0010-300x225.jpg 300w, https:\/\/sigi-lueer.de\/wp-content\/uploads\/2023\/03\/IMG-20221106-WA0010-768x576.jpg 768w, https:\/\/sigi-lueer.de\/wp-content\/uploads\/2023\/03\/IMG-20221106-WA0010-1536x1152.jpg 1536w, https:\/\/sigi-lueer.de\/wp-content\/uploads\/2023\/03\/IMG-20221106-WA0010.jpg 2000w\" sizes=\"(max-width: 1024px) 100vw, 1024px\" \/><\/figure>\n\n\n\n<figure class=\"wp-block-image aligncenter size-large is-resized\"><img loading=\"lazy\" decoding=\"async\" width=\"1024\" height=\"833\" src=\"https:\/\/sigi-lueer.de\/wp-content\/uploads\/2023\/03\/IMG-20221106-WA0011-1024x833.jpg\" alt=\"\" class=\"wp-image-1294\" style=\"aspect-ratio:1.2278177458033572;width:448px;height:auto\" srcset=\"https:\/\/sigi-lueer.de\/wp-content\/uploads\/2023\/03\/IMG-20221106-WA0011-1024x833.jpg 1024w, https:\/\/sigi-lueer.de\/wp-content\/uploads\/2023\/03\/IMG-20221106-WA0011-300x244.jpg 300w, https:\/\/sigi-lueer.de\/wp-content\/uploads\/2023\/03\/IMG-20221106-WA0011-768x625.jpg 768w, https:\/\/sigi-lueer.de\/wp-content\/uploads\/2023\/03\/IMG-20221106-WA0011.jpg 1077w\" sizes=\"(max-width: 1024px) 100vw, 1024px\" \/><\/figure>\n\n\n\n<div class=\"wp-block-group has-global-padding is-layout-constrained wp-block-group-is-layout-constrained\">\n<div class=\"wp-block-group has-global-padding is-layout-constrained wp-block-group-is-layout-constrained\">\n<figure class=\"wp-block-image aligncenter size-large is-resized\"><img loading=\"lazy\" decoding=\"async\" width=\"768\" height=\"1024\" src=\"https:\/\/sigi-lueer.de\/wp-content\/uploads\/2023\/03\/IMG-20221106-WA0005-768x1024.jpg\" alt=\"\" class=\"wp-image-1297\" style=\"width:440px;height:auto\" srcset=\"https:\/\/sigi-lueer.de\/wp-content\/uploads\/2023\/03\/IMG-20221106-WA0005-768x1024.jpg 768w, https:\/\/sigi-lueer.de\/wp-content\/uploads\/2023\/03\/IMG-20221106-WA0005-225x300.jpg 225w, https:\/\/sigi-lueer.de\/wp-content\/uploads\/2023\/03\/IMG-20221106-WA0005-1152x1536.jpg 1152w, https:\/\/sigi-lueer.de\/wp-content\/uploads\/2023\/03\/IMG-20221106-WA0005.jpg 1536w\" sizes=\"(max-width: 768px) 100vw, 768px\" \/><\/figure>\n\n\n\n<figure class=\"wp-block-image aligncenter size-large is-resized\"><img loading=\"lazy\" decoding=\"async\" width=\"768\" height=\"1024\" src=\"https:\/\/sigi-lueer.de\/wp-content\/uploads\/2023\/03\/IMG-20221106-WA0002-768x1024.jpg\" alt=\"\" class=\"wp-image-1296\" style=\"width:440px;height:auto\" srcset=\"https:\/\/sigi-lueer.de\/wp-content\/uploads\/2023\/03\/IMG-20221106-WA0002-768x1024.jpg 768w, https:\/\/sigi-lueer.de\/wp-content\/uploads\/2023\/03\/IMG-20221106-WA0002-225x300.jpg 225w, https:\/\/sigi-lueer.de\/wp-content\/uploads\/2023\/03\/IMG-20221106-WA0002-1152x1536.jpg 1152w, https:\/\/sigi-lueer.de\/wp-content\/uploads\/2023\/03\/IMG-20221106-WA0002.jpg 1536w\" sizes=\"(max-width: 768px) 100vw, 768px\" \/><\/figure>\n<\/div>\n<\/div>\n\n\n\n<p class=\"has-text-align-center\"><strong>Aufritt in der evangelischen Kirche in Blaichach<\/strong><\/p>\n\n\n\n<p class=\"has-text-align-center\"><strong>Dezember 2022 Weihnachtsgru\u00df von Kati und Leo<\/strong><\/p>\n\n\n\n<figure class=\"wp-block-image aligncenter size-full is-resized\"><img loading=\"lazy\" decoding=\"async\" width=\"548\" height=\"776\" src=\"https:\/\/sigi-lueer.de\/wp-content\/uploads\/2023\/05\/Unbenannt-1_1.jpg\" alt=\"\" class=\"wp-image-1495\" style=\"width:430px;height:608px\" srcset=\"https:\/\/sigi-lueer.de\/wp-content\/uploads\/2023\/05\/Unbenannt-1_1.jpg 548w, https:\/\/sigi-lueer.de\/wp-content\/uploads\/2023\/05\/Unbenannt-1_1-212x300.jpg 212w\" sizes=\"(max-width: 548px) 100vw, 548px\" \/><\/figure>\n\n\n\n<p><\/p>\n\n\n\n<p><\/p>\n\n\n\n<p class=\"has-text-align-center\"><strong>2023 Kulturwerkstatt Sonthofen: \u201ePoesie trifft Musik&#8220;, Gerhard Bunk &amp; Sigi L\u00fcer<\/strong><\/p>\n\n\n\n<figure class=\"wp-block-image aligncenter size-full is-resized\"><img loading=\"lazy\" decoding=\"async\" width=\"640\" height=\"358\" src=\"https:\/\/sigi-lueer.de\/wp-content\/uploads\/2023\/03\/2023-02-26Schnitt-1-2.jpg\" alt=\"\" class=\"wp-image-1310\" style=\"width:388px;height:217px\" srcset=\"https:\/\/sigi-lueer.de\/wp-content\/uploads\/2023\/03\/2023-02-26Schnitt-1-2.jpg 640w, https:\/\/sigi-lueer.de\/wp-content\/uploads\/2023\/03\/2023-02-26Schnitt-1-2-300x168.jpg 300w\" sizes=\"(max-width: 640px) 100vw, 640px\" \/><\/figure>\n\n\n\n<figure class=\"wp-block-image aligncenter size-full is-resized\"><img loading=\"lazy\" decoding=\"async\" width=\"767\" height=\"767\" src=\"https:\/\/sigi-lueer.de\/wp-content\/uploads\/2023\/03\/IMG-20230128-WA0010-5.jpg\" alt=\"\" class=\"wp-image-1311\" style=\"width:355px;height:355px\" srcset=\"https:\/\/sigi-lueer.de\/wp-content\/uploads\/2023\/03\/IMG-20230128-WA0010-5.jpg 767w, https:\/\/sigi-lueer.de\/wp-content\/uploads\/2023\/03\/IMG-20230128-WA0010-5-300x300.jpg 300w, https:\/\/sigi-lueer.de\/wp-content\/uploads\/2023\/03\/IMG-20230128-WA0010-5-150x150.jpg 150w\" sizes=\"(max-width: 767px) 100vw, 767px\" \/><\/figure>\n\n\n\n<p class=\"has-text-align-center\">                         8. April 2023 Besuch von Leo &amp; Kati                               <\/p>\n\n\n\n<p><\/p>\n\n\n\n<p class=\"has-text-align-center\">                               April 2023 Ver\u00f6ffentlichung der CD:  A Tribute to Zupfgeigenhansel                                       <\/p>\n\n\n\n<figure class=\"wp-block-image aligncenter size-large is-resized\"><img loading=\"lazy\" decoding=\"async\" width=\"514\" height=\"1024\" src=\"https:\/\/sigi-lueer.de\/wp-content\/uploads\/2023\/05\/tEXT-UND-fOTO-514x1024.jpg\" alt=\"\" class=\"wp-image-1519\" style=\"aspect-ratio:0.5014836795252225;width:514px;height:auto\" srcset=\"https:\/\/sigi-lueer.de\/wp-content\/uploads\/2023\/05\/tEXT-UND-fOTO-514x1024.jpg 514w, https:\/\/sigi-lueer.de\/wp-content\/uploads\/2023\/05\/tEXT-UND-fOTO-151x300.jpg 151w, https:\/\/sigi-lueer.de\/wp-content\/uploads\/2023\/05\/tEXT-UND-fOTO-768x1530.jpg 768w, https:\/\/sigi-lueer.de\/wp-content\/uploads\/2023\/05\/tEXT-UND-fOTO-771x1536.jpg 771w, https:\/\/sigi-lueer.de\/wp-content\/uploads\/2023\/05\/tEXT-UND-fOTO-1028x2048.jpg 1028w, https:\/\/sigi-lueer.de\/wp-content\/uploads\/2023\/05\/tEXT-UND-fOTO-scaled.jpg 1285w\" sizes=\"(max-width: 514px) 100vw, 514px\" \/><\/figure>\n\n\n\n<p><\/p>\n\n\n\n<p class=\"has-text-align-center\"><\/p>\n\n\n\n<p class=\"has-text-align-center\"><strong>Diese E-Mail erz\u00e4hlt eigentlich alles!<\/strong> <\/p>\n\n\n\n<p class=\"has-text-align-left\">                                                                                 Nach dem Auftritt haben wir uns aus den Augen verloren, <\/p>\n\n\n\n<p>                                                                                  ich h\u00f6rte nur, dass Rupert nicht mehr in Immenstadt wohnt. <\/p>\n\n\n\n<p>                                                                                  Am 18. Mai 2023, erhalte ich 38 Jahre sp\u00e4ter, diese E-Mail.<\/p>\n\n\n\n<p>                                                                                   Meine Freude war gro\u00df, jetzt warten wir nur noch das wir uns <\/p>\n\n\n\n<p>                                                                                  pers\u00f6nlich wiedersehen. Darauf freue ich mich!!<\/p>\n\n\n\n<figure class=\"wp-block-image aligncenter size-full is-resized\"><img loading=\"lazy\" decoding=\"async\" width=\"728\" height=\"640\" src=\"https:\/\/sigi-lueer.de\/wp-content\/uploads\/2023\/05\/oxZsFM0jfxJ0IG5m-1.png\" alt=\"\" class=\"wp-image-1620\" style=\"aspect-ratio:1.138702460850112;width:345px;height:auto\" srcset=\"https:\/\/sigi-lueer.de\/wp-content\/uploads\/2023\/05\/oxZsFM0jfxJ0IG5m-1.png 728w, https:\/\/sigi-lueer.de\/wp-content\/uploads\/2023\/05\/oxZsFM0jfxJ0IG5m-1-300x264.png 300w, https:\/\/sigi-lueer.de\/wp-content\/uploads\/2023\/05\/oxZsFM0jfxJ0IG5m-1-600x527.png 600w\" sizes=\"(max-width: 728px) 100vw, 728px\" \/><\/figure>\n\n\n\n<figure class=\"wp-block-table\"><table><tbody><tr><td><strong>Betreff:<\/strong><\/td><td><strong>Etwas unverhoffte Gr\u00fc\u00dfe von Rupert \u2026.. nach fast 40 Jahren<\/strong><\/td><\/tr><tr><td><strong>Datum:<\/strong><\/td><td>Thu, 18 May 2023 17:55:18 +0200<\/td><\/tr><tr><td><strong>Von:<\/strong><\/td><td>Rupert\u2026\u2026\u2026.<\/td><\/tr><tr><td><strong>An:<\/strong><\/td><td><a href=\"mailto:sigi@allg\u00e4uer-liedermacher.de\">sigi@allg\u00e4uer-liedermacher.de<\/a><\/td><\/tr><\/tbody><\/table><\/figure>\n\n\n\n<p>Lieber Sigi,<\/p>\n\n\n\n<p>lang, lang ist\u00b4s her! Erinnerst du dich:<\/p>\n\n\n\n<p>Am 22.06.1985 hatten wir unseren (einzigen) &#8222;gemeinsamen Auftritt&#8220; anl\u00e4sslich der 75-Jahrfeier des Immenst\u00e4dter SPD-Ortsvereins.Sigi<\/p>\n\n\n\n<p>Obwohl wir beide damals im St\u00e4dtle auch Hannes Waders &#8222;Hafenmelodie&#8220; zum Besten gaben, siehst <strong>du<\/strong> heute fast aus wie dessen Freund und lebenslanger Konkurrent Reinhard Mey &#8211; super!!!&nbsp;<\/p>\n\n\n\n<p>Ich mach\u00b4 nur nach &#8222;rein privat&#8220; ein wenig Musik, aber schon lange keine \u00f6ffentlichen Auftritte mehr. Doch interessiere ich mich nat\u00fcrlich nach wie vor f\u00fcr die Oberallg\u00e4uer Musik- und Folkszene mit seinen teilweise recht neuen Gesichtern (!).<\/p>\n\n\n\n<p>Und da m\u00f6chte ich dir ganz pers\u00f6nlich mal zu deinem ganzen Engagement, deinen tollen Ideen und allen m\u00f6glichen Auftritten, Produktionen und Publikationen herzlichst gratulieren (obwohl du doch auch nicht mehr grad der Allerj\u00fcngste bist) &#8211; weiter so!<\/p>\n\n\n\n<p>Dass auch mein fr\u00fcherer &#8222;Allg\u00e4u-Folk-Partner&#8220; Pit Bartenschlager mal mit euch bei einem Klostergarten-Auftritt dabei war, hab\u00b4 ich ebenfalls so am Rande mitgekriegt&#8230;<\/p>\n\n\n\n<p>Sch\u00f6nen Vatertag noch &#8211; und weiterhin nat\u00fcrlich alles pers\u00f6nlich und musikalisch Gute!<\/p>\n\n\n\n<p>Gru\u00df Rupert<\/p>\n\n\n\n<p><\/p>\n\n\n\n<p><\/p>\n\n\n\n<p><strong>2023.07.01. 20 Jahre Kleinkunstverein Sonthofen e.V. Jubil\u00e4ums Konzert<\/strong><\/p>\n\n\n\n<figure class=\"wp-block-image aligncenter size-large is-resized\"><img loading=\"lazy\" decoding=\"async\" width=\"760\" height=\"554\" src=\"https:\/\/sigi-lueer.de\/wp-content\/uploads\/2023\/07\/Ingrid-Fischer_1.jpg\" alt=\"\" class=\"wp-image-1689\" style=\"width:859px;height:auto\" srcset=\"https:\/\/sigi-lueer.de\/wp-content\/uploads\/2023\/07\/Ingrid-Fischer_1.jpg 760w, https:\/\/sigi-lueer.de\/wp-content\/uploads\/2023\/07\/Ingrid-Fischer_1-300x219.jpg 300w, https:\/\/sigi-lueer.de\/wp-content\/uploads\/2023\/07\/Ingrid-Fischer_1-600x437.jpg 600w\" sizes=\"(max-width: 760px) 100vw, 760px\" \/><\/figure>\n\n\n\n<p><strong>Eine Idee von Hedwig Roth&#8230;.<\/strong>.<\/p>\n\n\n\n<p><\/p>\n\n\n\n<figure class=\"wp-block-image aligncenter size-large is-resized\"><img loading=\"lazy\" decoding=\"async\" width=\"1024\" height=\"1024\" src=\"https:\/\/sigi-lueer.de\/wp-content\/uploads\/2024\/03\/IMG_20240315_231944_588-1-1024x1024.jpg\" alt=\"\" class=\"wp-image-1969\" style=\"width:630px;height:auto\" srcset=\"https:\/\/sigi-lueer.de\/wp-content\/uploads\/2024\/03\/IMG_20240315_231944_588-1-1024x1024.jpg 1024w, https:\/\/sigi-lueer.de\/wp-content\/uploads\/2024\/03\/IMG_20240315_231944_588-1-300x300.jpg 300w, https:\/\/sigi-lueer.de\/wp-content\/uploads\/2024\/03\/IMG_20240315_231944_588-1-150x150.jpg 150w, https:\/\/sigi-lueer.de\/wp-content\/uploads\/2024\/03\/IMG_20240315_231944_588-1.jpg 1080w\" sizes=\"(max-width: 1024px) 100vw, 1024px\" \/><\/figure>\n\n\n\n<p><\/p>\n\n\n\n<p class=\"has-text-align-center\"><strong>Konzertank\u00fcndigung Kulturwerkstatt: L\u00fcer &amp; Hecking Lieder von Reinhard Mey<\/strong><\/p>\n\n\n\n<figure class=\"wp-block-image aligncenter size-large is-resized\"><img loading=\"lazy\" decoding=\"async\" width=\"698\" height=\"1024\" src=\"https:\/\/sigi-lueer.de\/wp-content\/uploads\/2023\/10\/30_09_2023-Kulturwerkstatt-Blanz-Hecking_ich-wollte-wie-Orpheus-singen-698x1024.jpg\" alt=\"\" class=\"wp-image-1776\" style=\"aspect-ratio:0.6828571428571428;width:514px;height:auto\" srcset=\"https:\/\/sigi-lueer.de\/wp-content\/uploads\/2023\/10\/30_09_2023-Kulturwerkstatt-Blanz-Hecking_ich-wollte-wie-Orpheus-singen-698x1024.jpg 698w, https:\/\/sigi-lueer.de\/wp-content\/uploads\/2023\/10\/30_09_2023-Kulturwerkstatt-Blanz-Hecking_ich-wollte-wie-Orpheus-singen-205x300.jpg 205w, https:\/\/sigi-lueer.de\/wp-content\/uploads\/2023\/10\/30_09_2023-Kulturwerkstatt-Blanz-Hecking_ich-wollte-wie-Orpheus-singen-768x1126.jpg 768w, https:\/\/sigi-lueer.de\/wp-content\/uploads\/2023\/10\/30_09_2023-Kulturwerkstatt-Blanz-Hecking_ich-wollte-wie-Orpheus-singen-1048x1536.jpg 1048w, https:\/\/sigi-lueer.de\/wp-content\/uploads\/2023\/10\/30_09_2023-Kulturwerkstatt-Blanz-Hecking_ich-wollte-wie-Orpheus-singen-1397x2048.jpg 1397w, https:\/\/sigi-lueer.de\/wp-content\/uploads\/2023\/10\/30_09_2023-Kulturwerkstatt-Blanz-Hecking_ich-wollte-wie-Orpheus-singen-2000x2932.jpg 2000w, https:\/\/sigi-lueer.de\/wp-content\/uploads\/2023\/10\/30_09_2023-Kulturwerkstatt-Blanz-Hecking_ich-wollte-wie-Orpheus-singen-600x880.jpg 600w, https:\/\/sigi-lueer.de\/wp-content\/uploads\/2023\/10\/30_09_2023-Kulturwerkstatt-Blanz-Hecking_ich-wollte-wie-Orpheus-singen-1200x1759.jpg 1200w, https:\/\/sigi-lueer.de\/wp-content\/uploads\/2023\/10\/30_09_2023-Kulturwerkstatt-Blanz-Hecking_ich-wollte-wie-Orpheus-singen-scaled.jpg 1746w\" sizes=\"(max-width: 698px) 100vw, 698px\" \/><\/figure>\n\n\n\n<figure class=\"wp-block-image aligncenter size-large is-resized\"><img loading=\"lazy\" decoding=\"async\" width=\"841\" height=\"1024\" src=\"https:\/\/sigi-lueer.de\/wp-content\/uploads\/2024\/12\/Mitteilung-AZ-841x1024.jpg\" alt=\"\" class=\"wp-image-2083\" style=\"width:515px;height:auto\" srcset=\"https:\/\/sigi-lueer.de\/wp-content\/uploads\/2024\/12\/Mitteilung-AZ-841x1024.jpg 841w, https:\/\/sigi-lueer.de\/wp-content\/uploads\/2024\/12\/Mitteilung-AZ-246x300.jpg 246w, https:\/\/sigi-lueer.de\/wp-content\/uploads\/2024\/12\/Mitteilung-AZ.jpg 1836w\" sizes=\"(max-width: 841px) 100vw, 841px\" \/><\/figure>\n\n\n\n<p><\/p>\n\n\n\n<p><\/p>\n\n\n\n<p class=\"has-text-align-center\"><strong>Feedback per Mail<\/strong><\/p>\n\n\n\n<figure class=\"wp-block-image aligncenter size-large is-resized\"><img loading=\"lazy\" decoding=\"async\" width=\"733\" height=\"1024\" src=\"https:\/\/sigi-lueer.de\/wp-content\/uploads\/2023\/10\/Email-1-733x1024.jpg\" alt=\"\" class=\"wp-image-1777\" style=\"aspect-ratio:0.7158590308370044;width:497px;height:auto\" srcset=\"https:\/\/sigi-lueer.de\/wp-content\/uploads\/2023\/10\/Email-1-733x1024.jpg 733w, https:\/\/sigi-lueer.de\/wp-content\/uploads\/2023\/10\/Email-1-215x300.jpg 215w, https:\/\/sigi-lueer.de\/wp-content\/uploads\/2023\/10\/Email-1-768x1073.jpg 768w, https:\/\/sigi-lueer.de\/wp-content\/uploads\/2023\/10\/Email-1-1099x1536.jpg 1099w, https:\/\/sigi-lueer.de\/wp-content\/uploads\/2023\/10\/Email-1-1466x2048.jpg 1466w, https:\/\/sigi-lueer.de\/wp-content\/uploads\/2023\/10\/Email-1-2000x2795.jpg 2000w, https:\/\/sigi-lueer.de\/wp-content\/uploads\/2023\/10\/Email-1-600x838.jpg 600w, https:\/\/sigi-lueer.de\/wp-content\/uploads\/2023\/10\/Email-1-1200x1677.jpg 1200w, https:\/\/sigi-lueer.de\/wp-content\/uploads\/2023\/10\/Email-1-scaled.jpg 1832w\" sizes=\"(max-width: 733px) 100vw, 733px\" \/><\/figure>\n\n\n\n<p><\/p>\n\n\n\n<p class=\"has-text-align-center\"><strong>Zusatzkonzert:<\/strong><\/p>\n\n\n\n<figure class=\"wp-block-image aligncenter size-large is-resized\"><img loading=\"lazy\" decoding=\"async\" width=\"696\" height=\"1024\" src=\"https:\/\/sigi-lueer.de\/wp-content\/uploads\/2023\/10\/06_10_2023_Zusatzkonzert-Lueer-Hecking_ich-wollte-wie-Orpheus-singen-696x1024.jpg\" alt=\"\" class=\"wp-image-1767\" style=\"width:482px;height:auto\" srcset=\"https:\/\/sigi-lueer.de\/wp-content\/uploads\/2023\/10\/06_10_2023_Zusatzkonzert-Lueer-Hecking_ich-wollte-wie-Orpheus-singen-696x1024.jpg 696w, https:\/\/sigi-lueer.de\/wp-content\/uploads\/2023\/10\/06_10_2023_Zusatzkonzert-Lueer-Hecking_ich-wollte-wie-Orpheus-singen-204x300.jpg 204w, https:\/\/sigi-lueer.de\/wp-content\/uploads\/2023\/10\/06_10_2023_Zusatzkonzert-Lueer-Hecking_ich-wollte-wie-Orpheus-singen-768x1129.jpg 768w, https:\/\/sigi-lueer.de\/wp-content\/uploads\/2023\/10\/06_10_2023_Zusatzkonzert-Lueer-Hecking_ich-wollte-wie-Orpheus-singen-1045x1536.jpg 1045w, https:\/\/sigi-lueer.de\/wp-content\/uploads\/2023\/10\/06_10_2023_Zusatzkonzert-Lueer-Hecking_ich-wollte-wie-Orpheus-singen-1393x2048.jpg 1393w, https:\/\/sigi-lueer.de\/wp-content\/uploads\/2023\/10\/06_10_2023_Zusatzkonzert-Lueer-Hecking_ich-wollte-wie-Orpheus-singen-2000x2941.jpg 2000w, https:\/\/sigi-lueer.de\/wp-content\/uploads\/2023\/10\/06_10_2023_Zusatzkonzert-Lueer-Hecking_ich-wollte-wie-Orpheus-singen-600x882.jpg 600w, https:\/\/sigi-lueer.de\/wp-content\/uploads\/2023\/10\/06_10_2023_Zusatzkonzert-Lueer-Hecking_ich-wollte-wie-Orpheus-singen-1200x1764.jpg 1200w, https:\/\/sigi-lueer.de\/wp-content\/uploads\/2023\/10\/06_10_2023_Zusatzkonzert-Lueer-Hecking_ich-wollte-wie-Orpheus-singen-scaled.jpg 1741w\" sizes=\"(max-width: 696px) 100vw, 696px\" \/><\/figure>\n\n\n\n<p class=\"has-text-align-center\"><strong>Feedback:<\/strong><\/p>\n\n\n\n<figure class=\"wp-block-image aligncenter size-large is-resized\"><img loading=\"lazy\" decoding=\"async\" width=\"1024\" height=\"805\" src=\"https:\/\/sigi-lueer.de\/wp-content\/uploads\/2023\/10\/Feedback-1024x805.jpg\" alt=\"\" class=\"wp-image-1781\" style=\"width:438px;height:344px\" srcset=\"https:\/\/sigi-lueer.de\/wp-content\/uploads\/2023\/10\/Feedback-1024x805.jpg 1024w, https:\/\/sigi-lueer.de\/wp-content\/uploads\/2023\/10\/Feedback-300x236.jpg 300w, https:\/\/sigi-lueer.de\/wp-content\/uploads\/2023\/10\/Feedback-768x604.jpg 768w, https:\/\/sigi-lueer.de\/wp-content\/uploads\/2023\/10\/Feedback-600x472.jpg 600w, https:\/\/sigi-lueer.de\/wp-content\/uploads\/2023\/10\/Feedback.jpg 1080w\" sizes=\"(max-width: 1024px) 100vw, 1024px\" \/><\/figure>\n\n\n\n<p class=\"has-text-align-center\"><strong>Vielen lieben Dank f\u00fcr Euern Besuch! Sigi &amp; Tim<\/strong><\/p>\n\n\n\n<p><strong>2024<\/strong><\/p>\n\n\n\n<p><\/p>\n\n\n\n<p class=\"has-text-align-center\"><strong>22. April 2024 Altstadthaus Kempten<\/strong>:    <strong>Sigi L\u00fcer Liedermacher<\/strong>           <\/p>\n\n\n\n<figure class=\"wp-block-image aligncenter size-large is-resized\"><img loading=\"lazy\" decoding=\"async\" width=\"724\" height=\"1024\" src=\"https:\/\/sigi-lueer.de\/wp-content\/uploads\/2024\/01\/Programm-Seite-1-724x1024.jpg\" alt=\"\" class=\"wp-image-1932\" style=\"width:412px;height:auto\" srcset=\"https:\/\/sigi-lueer.de\/wp-content\/uploads\/2024\/01\/Programm-Seite-1-724x1024.jpg 724w, https:\/\/sigi-lueer.de\/wp-content\/uploads\/2024\/01\/Programm-Seite-1-212x300.jpg 212w, https:\/\/sigi-lueer.de\/wp-content\/uploads\/2024\/01\/Programm-Seite-1.jpg 1752w\" sizes=\"(max-width: 724px) 100vw, 724px\" \/><\/figure>\n\n\n\n<p><\/p>\n\n\n\n<h2 class=\"wp-block-heading has-text-align-center\">07.12.2024 &#8222;und ich ging meinem Weg&#8220;<\/h2>\n\n\n\n<h2 class=\"wp-block-heading has-text-align-center\">Auftritt mit Tim Hecking in der Kulturwerkstatt Sonthofen<\/h2>\n\n\n\n<figure class=\"wp-block-image aligncenter size-full\"><img loading=\"lazy\" decoding=\"async\" width=\"1024\" height=\"576\" src=\"https:\/\/sigi-lueer.de\/wp-content\/uploads\/2024\/12\/image.png\" alt=\"\" class=\"wp-image-2082\" srcset=\"https:\/\/sigi-lueer.de\/wp-content\/uploads\/2024\/12\/image.png 1024w, https:\/\/sigi-lueer.de\/wp-content\/uploads\/2024\/12\/image-300x169.png 300w\" sizes=\"(max-width: 1024px) 100vw, 1024px\" \/><\/figure>\n\n\n\n<figure class=\"wp-block-gallery has-nested-images columns-default is-cropped wp-block-gallery-6 is-layout-flex wp-block-gallery-is-layout-flex\">\n<figure class=\"wp-block-image size-large\"><img loading=\"lazy\" decoding=\"async\" width=\"1024\" height=\"585\" data-id=\"2071\" src=\"https:\/\/sigi-lueer.de\/wp-content\/uploads\/2024\/12\/Foto-.sl_-1024x585.jpg\" alt=\"\" class=\"wp-image-2071\" srcset=\"https:\/\/sigi-lueer.de\/wp-content\/uploads\/2024\/12\/Foto-.sl_-1024x585.jpg 1024w, https:\/\/sigi-lueer.de\/wp-content\/uploads\/2024\/12\/Foto-.sl_-300x171.jpg 300w, https:\/\/sigi-lueer.de\/wp-content\/uploads\/2024\/12\/Foto-.sl_-2000x1142.jpg 2000w\" sizes=\"(max-width: 1024px) 100vw, 1024px\" \/><\/figure>\n\n\n\n<figure class=\"wp-block-image size-large\"><img loading=\"lazy\" decoding=\"async\" width=\"1024\" height=\"768\" data-id=\"2073\" src=\"https:\/\/sigi-lueer.de\/wp-content\/uploads\/2024\/12\/WhatsApp-Bild-2024-12-07-um-22.33.06_19eaf9be-1024x768.jpg\" alt=\"\" class=\"wp-image-2073\" srcset=\"https:\/\/sigi-lueer.de\/wp-content\/uploads\/2024\/12\/WhatsApp-Bild-2024-12-07-um-22.33.06_19eaf9be-1024x768.jpg 1024w, https:\/\/sigi-lueer.de\/wp-content\/uploads\/2024\/12\/WhatsApp-Bild-2024-12-07-um-22.33.06_19eaf9be-300x225.jpg 300w, https:\/\/sigi-lueer.de\/wp-content\/uploads\/2024\/12\/WhatsApp-Bild-2024-12-07-um-22.33.06_19eaf9be-2000x1500.jpg 2000w\" sizes=\"(max-width: 1024px) 100vw, 1024px\" \/><\/figure>\n\n\n\n<figure class=\"wp-block-image size-large\"><img loading=\"lazy\" decoding=\"async\" width=\"1024\" height=\"768\" data-id=\"2074\" src=\"https:\/\/sigi-lueer.de\/wp-content\/uploads\/2024\/12\/WhatsApp-Bild-2024-12-07-um-22.33.06_84095887-1024x768.jpg\" alt=\"\" class=\"wp-image-2074\" srcset=\"https:\/\/sigi-lueer.de\/wp-content\/uploads\/2024\/12\/WhatsApp-Bild-2024-12-07-um-22.33.06_84095887-1024x768.jpg 1024w, https:\/\/sigi-lueer.de\/wp-content\/uploads\/2024\/12\/WhatsApp-Bild-2024-12-07-um-22.33.06_84095887-300x225.jpg 300w, https:\/\/sigi-lueer.de\/wp-content\/uploads\/2024\/12\/WhatsApp-Bild-2024-12-07-um-22.33.06_84095887-2000x1500.jpg 2000w\" sizes=\"(max-width: 1024px) 100vw, 1024px\" \/><\/figure>\n<\/figure>\n","protected":false},"excerpt":{"rendered":"<p>Prolog: \u201eWie alles begann\u201c! Liederhalle Blaichach: 100 Jahrfeier SPD Blaichach 11.10.2014 Kempten Haus Interantional 22.03.2015 Sonthofen 10. April 2015 Ein Benefizkonzert zu Gunsten des Helferkreis f\u00fcr die Fl\u00fcchtlinge 2016 Immenstadt &hellip; <\/p>\n<p class=\"link-more\"><a href=\"https:\/\/sigi-lueer.de\/?page_id=46\" class=\"more-link\">Mehr <span class=\"screen-reader-text\">\u00fcber &#8222;FOTOGALERIE&#8220; <\/span>Lesen<\/a><\/p>\n","protected":false},"author":1,"featured_media":0,"parent":0,"menu_order":0,"comment_status":"closed","ping_status":"closed","template":"","meta":{"_price":"","_stock":"","_tribe_ticket_header":"","_tribe_default_ticket_provider":"","_tribe_ticket_capacity":"0","_ticket_start_date":"","_ticket_end_date":"","_tribe_ticket_show_description":"","_tribe_ticket_show_not_going":false,"_tribe_ticket_use_global_stock":"","_tribe_ticket_global_stock_level":"","_global_stock_mode":"","_global_stock_cap":"","_tribe_rsvp_for_event":"","_tribe_ticket_going_count":"","_tribe_ticket_not_going_count":"","_tribe_tickets_list":"[]","_tribe_ticket_has_attendee_info_fields":false,"inspiro_hide_title":false,"footnotes":"","_tec_slr_enabled":"","_tec_slr_layout":""},"class_list":["post-46","page","type-page","status-publish","hentry"],"featured_media_urls":[],"ticketed":false,"_links":{"self":[{"href":"https:\/\/sigi-lueer.de\/index.php?rest_route=\/wp\/v2\/pages\/46","targetHints":{"allow":["GET"]}}],"collection":[{"href":"https:\/\/sigi-lueer.de\/index.php?rest_route=\/wp\/v2\/pages"}],"about":[{"href":"https:\/\/sigi-lueer.de\/index.php?rest_route=\/wp\/v2\/types\/page"}],"author":[{"embeddable":true,"href":"https:\/\/sigi-lueer.de\/index.php?rest_route=\/wp\/v2\/users\/1"}],"replies":[{"embeddable":true,"href":"https:\/\/sigi-lueer.de\/index.php?rest_route=%2Fwp%2Fv2%2Fcomments&post=46"}],"version-history":[{"count":296,"href":"https:\/\/sigi-lueer.de\/index.php?rest_route=\/wp\/v2\/pages\/46\/revisions"}],"predecessor-version":[{"id":2084,"href":"https:\/\/sigi-lueer.de\/index.php?rest_route=\/wp\/v2\/pages\/46\/revisions\/2084"}],"wp:attachment":[{"href":"https:\/\/sigi-lueer.de\/index.php?rest_route=%2Fwp%2Fv2%2Fmedia&parent=46"}],"curies":[{"name":"wp","href":"https:\/\/api.w.org\/{rel}","templated":true}]}}